{"id":45624,"date":"2025-02-15T07:49:15","date_gmt":"2025-02-15T12:49:15","guid":{"rendered":"https:\/\/rett.ca\/conseil-dadministration\/"},"modified":"2025-11-18T13:23:28","modified_gmt":"2025-11-18T18:23:28","slug":"conseil-dadministration","status":"publish","type":"page","link":"https:\/\/rett.ca\/fr\/conseil-dadministration\/","title":{"rendered":"CONSEIL D&#8217;ADMINISTRATION"},"content":{"rendered":"\t\t<div data-elementor-type=\"wp-page\" data-elementor-id=\"45624\" class=\"elementor elementor-45624 elementor-16221\" data-elementor-settings=\"{&quot;ha_cmc_init_switcher&quot;:&quot;no&quot;}\" data-elementor-post-type=\"page\">\n\t\t\t\t<div class=\"elementor-element elementor-element-86e6dc1 e-flex e-con-boxed e-con e-parent\" data-id=\"86e6dc1\" data-element_type=\"container\" data-e-type=\"container\" data-settings=\"{&quot;_ha_eqh_enable&quot;:false}\">\n\t\t\t\t\t<div class=\"e-con-inner\">\n\t\t\t\t<div class=\"elementor-element elementor-element-86f9530 elementor-hidden-mobile elementor-invisible elementor-widget elementor-widget-heading\" data-id=\"86f9530\" data-element_type=\"widget\" data-e-type=\"widget\" data-settings=\"{&quot;_animation&quot;:&quot;fadeInLeft&quot;}\" data-widget_type=\"heading.default\">\n\t\t\t\t<div class=\"elementor-widget-container\">\n\t\t\t\t\t<span class=\"elementor-heading-title elementor-size-default\">Conseil d'administration<\/span>\t\t\t\t<\/div>\n\t\t\t\t<\/div>\n\t\t\t\t<div class=\"elementor-element elementor-element-8bd0567 elementor-invisible elementor-widget elementor-widget-heading\" data-id=\"8bd0567\" data-element_type=\"widget\" data-e-type=\"widget\" data-settings=\"{&quot;_animation&quot;:&quot;fadeInLeft&quot;}\" data-widget_type=\"heading.default\">\n\t\t\t\t<div class=\"elementor-widget-container\">\n\t\t\t\t\t<span class=\"elementor-heading-title elementor-size-default\">Conseil d'administration<\/span>\t\t\t\t<\/div>\n\t\t\t\t<\/div>\n\t\t\t\t\t<\/div>\n\t\t\t\t<\/div>\n\t\t<div class=\"elementor-element elementor-element-99ee2a9 e-flex e-con-boxed elementor-invisible e-con e-parent\" data-id=\"99ee2a9\" data-element_type=\"container\" data-e-type=\"container\" data-settings=\"{&quot;animation&quot;:&quot;fadeInUp&quot;,&quot;_ha_eqh_enable&quot;:false}\">\n\t\t\t\t\t<div class=\"e-con-inner\">\n\t\t\t\t<div class=\"elementor-element elementor-element-558a3bf elementor-widget-divider--view-line_text elementor-widget-divider--element-align-center elementor-widget elementor-widget-divider\" data-id=\"558a3bf\" data-element_type=\"widget\" data-e-type=\"widget\" data-widget_type=\"divider.default\">\n\t\t\t\t<div class=\"elementor-widget-container\">\n\t\t\t\t\t\t\t<div class=\"elementor-divider\">\n\t\t\t<span class=\"elementor-divider-separator\">\n\t\t\t\t\t\t\t<span class=\"elementor-divider__text elementor-divider__element\">\n\t\t\t\tDIRECTION\t\t\t\t<\/span>\n\t\t\t\t\t\t<\/span>\n\t\t<\/div>\n\t\t\t\t\t\t<\/div>\n\t\t\t\t<\/div>\n\t\t\t\t\t<\/div>\n\t\t\t\t<\/div>\n\t\t<div class=\"elementor-element elementor-element-98a17ff e-flex e-con-boxed e-con e-parent\" data-id=\"98a17ff\" data-element_type=\"container\" data-e-type=\"container\" data-settings=\"{&quot;_ha_eqh_enable&quot;:false}\">\n\t\t\t\t\t<div class=\"e-con-inner\">\n\t\t<div class=\"elementor-element elementor-element-0382c16 e-con-full e-flex elementor-invisible e-con e-child\" data-id=\"0382c16\" data-element_type=\"container\" data-e-type=\"container\" data-settings=\"{&quot;animation&quot;:&quot;fadeInLeft&quot;,&quot;_ha_eqh_enable&quot;:false}\">\n\t\t\t\t<div class=\"elementor-element elementor-element-f2ef85e elementor-widget elementor-widget-image\" data-id=\"f2ef85e\" data-element_type=\"widget\" data-e-type=\"widget\" data-widget_type=\"image.default\">\n\t\t\t\t<div class=\"elementor-widget-container\">\n\t\t\t\t\t\t\t\t\t\t\t\t\t\t\t<img fetchpriority=\"high\" decoding=\"async\" width=\"533\" height=\"800\" src=\"https:\/\/rett.ca\/wp-content\/uploads\/EM-MCH5.png\" class=\"attachment-full size-full wp-image-45327\" alt=\"\" srcset=\"https:\/\/rett.ca\/wp-content\/uploads\/EM-MCH5.png 533w, https:\/\/rett.ca\/wp-content\/uploads\/EM-MCH5-200x300.png 200w\" sizes=\"(max-width: 533px) 100vw, 533px\" \/>\t\t\t\t\t\t\t\t\t\t\t\t\t\t\t<\/div>\n\t\t\t\t<\/div>\n\t\t\t\t<\/div>\n\t\t<div class=\"elementor-element elementor-element-9bf244c e-con-full e-flex elementor-invisible e-con e-child\" data-id=\"9bf244c\" data-element_type=\"container\" data-e-type=\"container\" data-settings=\"{&quot;animation&quot;:&quot;fadeInRight&quot;,&quot;_ha_eqh_enable&quot;:false}\">\n\t\t\t\t<div class=\"elementor-element elementor-element-448dca8 elementor-widget elementor-widget-heading\" data-id=\"448dca8\" data-element_type=\"widget\" data-e-type=\"widget\" data-widget_type=\"heading.default\">\n\t\t\t\t<div class=\"elementor-widget-container\">\n\t\t\t\t\t<h2 class=\"elementor-heading-title elementor-size-default\">Pr\u00e9sidente - Sabrina MilLson<\/h2>\t\t\t\t<\/div>\n\t\t\t\t<\/div>\n\t\t\t\t<div class=\"elementor-element elementor-element-a60848c elementor-widget elementor-widget-text-editor\" data-id=\"a60848c\" data-element_type=\"widget\" data-e-type=\"widget\" data-widget_type=\"text-editor.default\">\n\t\t\t\t<div class=\"elementor-widget-container\">\n\t\t\t\t\t\t\t\t\t<p>Sabrina a \u00e9t\u00e9 \u00e9lue pr\u00e9sidente apr\u00e8s l&#8217;AGA de 2021. Elle a rejoint le conseil d&#8217;administration d&#8217;ORSA Canada en 2019 apr\u00e8s que sa fille, Ella, a re\u00e7u un diagnostic de syndrome de Rett le 8 novembre 2018. Sabrina poss\u00e8de un dipl\u00f4me en \u00e9ducation sp\u00e9cialis\u00e9 en sant\u00e9 publique et est coordinatrice de recherche certifi\u00e9e.  <\/p><p>Elle travaille comme chercheuse clinique depuis plus de 25 ans \u00e0 l&#8217;H\u00f4pital pour enfants McMaster dans la Division de p\u00e9diatrie, d\u00e9partement d&#8217;h\u00e9matologie\/oncologie. Elle a d\u00e9velopp\u00e9 une passion pour notre organisation et pour faire avancer notre mission. Sabrina est la pr\u00e9sidente de notre Comit\u00e9 scientifique, ce qui implique de superviser notre registre canadien, de maintenir le contact avec nos partenaires (NHCC, OBI, POND, SPOR et CORD, Anavex, Acadia, Taysha), et de faciliter les essais cliniques avec l&#8217;industrie. Sabrina vit \u00e0 Hamilton avec son mari d\u00e9vou\u00e9, Ross, et ses deux filles, Tessa et Ella.   <\/p>\t\t\t\t\t\t\t\t<\/div>\n\t\t\t\t<\/div>\n\t\t\t\t<\/div>\n\t\t<div class=\"elementor-element elementor-element-5d77c4b e-con-full e-flex elementor-invisible e-con e-child\" data-id=\"5d77c4b\" data-element_type=\"container\" data-e-type=\"container\" data-settings=\"{&quot;animation&quot;:&quot;fadeInLeft&quot;,&quot;_ha_eqh_enable&quot;:false}\">\n\t\t\t\t<div class=\"elementor-element elementor-element-8c6ae66 elementor-widget elementor-widget-heading\" data-id=\"8c6ae66\" data-element_type=\"widget\" data-e-type=\"widget\" data-widget_type=\"heading.default\">\n\t\t\t\t<div class=\"elementor-widget-container\">\n\t\t\t\t\t<h2 class=\"elementor-heading-title elementor-size-default\">Vice-pr\u00e9sidente \u2013 Jodi (Dwyer) Weber<\/h2>\t\t\t\t<\/div>\n\t\t\t\t<\/div>\n\t\t\t\t<div class=\"elementor-element elementor-element-03b4e6a elementor-invisible elementor-widget elementor-widget-text-editor\" data-id=\"03b4e6a\" data-element_type=\"widget\" data-e-type=\"widget\" data-settings=\"{&quot;_animation&quot;:&quot;fadeInLeft&quot;}\" data-widget_type=\"text-editor.default\">\n\t\t\t\t<div class=\"elementor-widget-container\">\n\t\t\t\t\t\t\t\t\t<p>Jodi est n\u00e9e et a grandi \u00e0 Georgetown, en Ontario, en tant qu&#8217;enfant unique. Elle est b\u00e9n\u00e9vole dans sa communaut\u00e9 depuis dix ans au Centre de d\u00e9tresse de Halton. Elle travaille actuellement comme infirmi\u00e8re autoris\u00e9e \u00e0 l&#8217;H\u00f4pital Memorial Oakville Trafalgar, dans une unit\u00e9 de m\u00e9decine aigu\u00eb pour patients hospitalis\u00e9s. Elle est \u00e9galement b\u00e9n\u00e9vole dans sa communaut\u00e9 depuis 15 ans au conseil d&#8217;administration du Centre de d\u00e9tresse de Halton.   <\/p><p>Elle s&#8217;est engag\u00e9e \u00e0 faire du b\u00e9n\u00e9volat pour ORSA Canada lorsque ses ni\u00e8ces jumelles (qui sont deux des trois enfants de sa meilleure amie) ont toutes deux re\u00e7u un diagnostic de syndrome de Rett en septembre 2016. Elle a rejoint le conseil d&#8217;administration en janvier 2018 et est pr\u00e9sidente du comit\u00e9 de collecte de fonds depuis ao\u00fbt 2019. Elle croit en la vision et la mission de l&#8217;Association du syndrome de Rett de l&#8217;Ontario du Canada et souhaite participer \u00e0 fournir \u00e0 notre communaut\u00e9 Rett les informations, la recherche et le soutien n\u00e9cessaires.  <\/p>\t\t\t\t\t\t\t\t<\/div>\n\t\t\t\t<\/div>\n\t\t\t\t<\/div>\n\t\t<div class=\"elementor-element elementor-element-da9bfae e-con-full e-flex elementor-invisible e-con e-child\" data-id=\"da9bfae\" data-element_type=\"container\" data-e-type=\"container\" data-settings=\"{&quot;animation&quot;:&quot;fadeInRight&quot;,&quot;_ha_eqh_enable&quot;:false}\">\n\t\t\t\t<div class=\"elementor-element elementor-element-dac05c7 elementor-widget elementor-widget-image\" data-id=\"dac05c7\" data-element_type=\"widget\" data-e-type=\"widget\" data-widget_type=\"image.default\">\n\t\t\t\t<div class=\"elementor-widget-container\">\n\t\t\t\t\t\t\t\t\t\t\t\t\t\t\t<img decoding=\"async\" width=\"1180\" height=\"1162\" src=\"https:\/\/rett.ca\/wp-content\/uploads\/Screen-Shot-2020-11-22-at-6.34.37-AM.png\" class=\"attachment-full size-full wp-image-45328\" alt=\"\" srcset=\"https:\/\/rett.ca\/wp-content\/uploads\/Screen-Shot-2020-11-22-at-6.34.37-AM.png 1180w, https:\/\/rett.ca\/wp-content\/uploads\/Screen-Shot-2020-11-22-at-6.34.37-AM-300x295.png 300w, https:\/\/rett.ca\/wp-content\/uploads\/Screen-Shot-2020-11-22-at-6.34.37-AM-1024x1008.png 1024w, https:\/\/rett.ca\/wp-content\/uploads\/Screen-Shot-2020-11-22-at-6.34.37-AM-768x756.png 768w\" sizes=\"(max-width: 1180px) 100vw, 1180px\" \/>\t\t\t\t\t\t\t\t\t\t\t\t\t\t\t<\/div>\n\t\t\t\t<\/div>\n\t\t\t\t<\/div>\n\t\t<div class=\"elementor-element elementor-element-20e4d76 e-con-full e-flex e-con e-child\" data-id=\"20e4d76\" data-element_type=\"container\" data-e-type=\"container\" data-settings=\"{&quot;_ha_eqh_enable&quot;:false}\">\n\t\t\t\t<div class=\"elementor-element elementor-element-64618ec elementor-widget elementor-widget-image\" data-id=\"64618ec\" data-element_type=\"widget\" data-e-type=\"widget\" data-widget_type=\"image.default\">\n\t\t\t\t<div class=\"elementor-widget-container\">\n\t\t\t\t\t\t\t\t\t\t\t\t\t\t\t<img decoding=\"async\" width=\"241\" height=\"300\" src=\"https:\/\/rett.ca\/wp-content\/uploads\/D5CA8987-2142-4D5B-895D-65951BF0CF06-241x300-1.png\" class=\"attachment-full size-full wp-image-45329\" alt=\"\" \/>\t\t\t\t\t\t\t\t\t\t\t\t\t\t\t<\/div>\n\t\t\t\t<\/div>\n\t\t\t\t<\/div>\n\t\t<div class=\"elementor-element elementor-element-08a92e8 e-con-full e-flex elementor-invisible e-con e-child\" data-id=\"08a92e8\" data-element_type=\"container\" data-e-type=\"container\" id=\"sherry_more\" data-settings=\"{&quot;animation&quot;:&quot;fadeInRight&quot;,&quot;_ha_eqh_enable&quot;:false}\">\n\t\t\t\t<div class=\"elementor-element elementor-element-d7b1c9e elementor-widget elementor-widget-heading\" data-id=\"d7b1c9e\" data-element_type=\"widget\" data-e-type=\"widget\" data-widget_type=\"heading.default\">\n\t\t\t\t<div class=\"elementor-widget-container\">\n\t\t\t\t\t<h2 class=\"elementor-heading-title elementor-size-default\">Secr\u00e9taire \u2013 Sherry Lawrence<\/h2>\t\t\t\t<\/div>\n\t\t\t\t<\/div>\n\t\t\t\t<div class=\"elementor-element elementor-element-62d1d66 elementor-widget elementor-widget-text-editor\" data-id=\"62d1d66\" data-element_type=\"widget\" data-e-type=\"widget\" data-widget_type=\"text-editor.default\">\n\t\t\t\t<div class=\"elementor-widget-container\">\n\t\t\t\t\t\t\t\t\t<p>Depuis plusieurs ann\u00e9es, Sherry est un membre actif de sa communaut\u00e9 \u00e0 Paris, en Ontario, a fait du b\u00e9n\u00e9volat au sein du Comit\u00e9 d&#8217;accessibilit\u00e9 du comt\u00e9 de Brant et travaille comme instructrice de fitness. Sherry fait du b\u00e9n\u00e9volat pour l&#8217;Association du syndrome de Rett de l&#8217;Ontario du Canada depuis plus de 20 ans. Elle et sa famille coordonnent le Run4Rett depuis 2012.  <\/p><p>Sherry et David ont trois enfants adultes et trois petits-enfants. Olivia est une adulte vivant avec le syndrome de Rett. Olivia r\u00e9side \u00e0 la maison et est soutenue par ses parents et son r\u00e9seau d&#8217;excellent personnel, financ\u00e9 par le Programme de soins \u00e0 domicile Paramed et le Programme Passeport du MSSC. Olivia m\u00e8ne une vie tr\u00e8s engag\u00e9e et \u00e9panouissante.   <\/p>\t\t\t\t\t\t\t\t<\/div>\n\t\t\t\t<\/div>\n\t\t\t\t<\/div>\n\t\t<div class=\"elementor-element elementor-element-ed140dd e-con-full e-flex elementor-invisible e-con e-child\" data-id=\"ed140dd\" data-element_type=\"container\" data-e-type=\"container\" data-settings=\"{&quot;animation&quot;:&quot;fadeInLeft&quot;,&quot;_ha_eqh_enable&quot;:false}\">\n\t\t\t\t<div class=\"elementor-element elementor-element-1e07e2f elementor-widget elementor-widget-heading\" data-id=\"1e07e2f\" data-element_type=\"widget\" data-e-type=\"widget\" data-widget_type=\"heading.default\">\n\t\t\t\t<div class=\"elementor-widget-container\">\n\t\t\t\t\t<h2 class=\"elementor-heading-title elementor-size-default\">Tr\u00e9sori\u00e8re - Joan Li<\/h2>\t\t\t\t<\/div>\n\t\t\t\t<\/div>\n\t\t\t\t<div class=\"elementor-element elementor-element-17b7151 elementor-widget elementor-widget-text-editor\" data-id=\"17b7151\" data-element_type=\"widget\" data-e-type=\"widget\" data-widget_type=\"text-editor.default\">\n\t\t\t\t<div class=\"elementor-widget-container\">\n\t\t\t\t\t\t\t\t\t<div>Joan a rejoint le conseil d&#8217;administration en 2018 en tant que tr\u00e9sori\u00e8re. Elle a \u00e9tudi\u00e9 la comptabilit\u00e9 financi\u00e8re en Chine et depuis l&#8217;obtention de son dipl\u00f4me en administration comptable au Sheridan College, elle travaille chez JPG Exhaust. <\/div><div> <\/div><div>Joan a deux fils : Nathaniel et Hanson et une fille Leanne. Leanne a re\u00e7u un diagnostic de syndrome de Rett en 2015. Joan a rejoint ORSA Canada dans le but d&#8217;aider d&#8217;autres familles de toutes les mani\u00e8res possibles.  <\/div>\t\t\t\t\t\t\t\t<\/div>\n\t\t\t\t<\/div>\n\t\t\t\t<\/div>\n\t\t<div class=\"elementor-element elementor-element-bf00214 e-con-full e-flex e-con e-child\" data-id=\"bf00214\" data-element_type=\"container\" data-e-type=\"container\" data-settings=\"{&quot;_ha_eqh_enable&quot;:false}\">\n\t\t\t\t<div class=\"elementor-element elementor-element-da378f7 elementor-invisible elementor-widget elementor-widget-image\" data-id=\"da378f7\" data-element_type=\"widget\" data-e-type=\"widget\" data-settings=\"{&quot;_animation&quot;:&quot;fadeInRight&quot;}\" data-widget_type=\"image.default\">\n\t\t\t\t<div class=\"elementor-widget-container\">\n\t\t\t\t\t\t\t\t\t\t\t\t\t\t\t<img loading=\"lazy\" decoding=\"async\" width=\"300\" height=\"268\" src=\"https:\/\/rett.ca\/wp-content\/uploads\/IMG_0408-2-scaled-1-300x268-1.jpg\" class=\"attachment-full size-full wp-image-45330\" alt=\"\" \/>\t\t\t\t\t\t\t\t\t\t\t\t\t\t\t<\/div>\n\t\t\t\t<\/div>\n\t\t\t\t<\/div>\n\t\t\t\t\t<\/div>\n\t\t\t\t<\/div>\n\t\t<div class=\"elementor-element elementor-element-9b538af e-flex e-con-boxed e-con e-parent\" data-id=\"9b538af\" data-element_type=\"container\" data-e-type=\"container\" data-settings=\"{&quot;_ha_eqh_enable&quot;:false}\">\n\t\t\t\t\t<div class=\"e-con-inner\">\n\t\t\t\t<div class=\"elementor-element elementor-element-d9646b1 elementor-widget elementor-widget-spacer\" data-id=\"d9646b1\" data-element_type=\"widget\" data-e-type=\"widget\" data-widget_type=\"spacer.default\">\n\t\t\t\t<div class=\"elementor-widget-container\">\n\t\t\t\t\t\t\t<div class=\"elementor-spacer\">\n\t\t\t<div class=\"elementor-spacer-inner\"><\/div>\n\t\t<\/div>\n\t\t\t\t\t\t<\/div>\n\t\t\t\t<\/div>\n\t\t\t\t\t<\/div>\n\t\t\t\t<\/div>\n\t\t<div class=\"elementor-element elementor-element-b27c1db e-flex e-con-boxed e-con e-parent\" data-id=\"b27c1db\" data-element_type=\"container\" data-e-type=\"container\" data-settings=\"{&quot;_ha_eqh_enable&quot;:false}\">\n\t\t\t\t\t<div class=\"e-con-inner\">\n\t\t\t\t<div class=\"elementor-element elementor-element-ae4dfd0 elementor-widget-divider--view-line_text elementor-widget-divider--element-align-center elementor-invisible elementor-widget elementor-widget-divider\" data-id=\"ae4dfd0\" data-element_type=\"widget\" data-e-type=\"widget\" data-settings=\"{&quot;_animation&quot;:&quot;fadeInUp&quot;}\" data-widget_type=\"divider.default\">\n\t\t\t\t<div class=\"elementor-widget-container\">\n\t\t\t\t\t\t\t<div class=\"elementor-divider\">\n\t\t\t<span class=\"elementor-divider-separator\">\n\t\t\t\t\t\t\t<span class=\"elementor-divider__text elementor-divider__element\">\n\t\t\t\tADMINISTRATEURS\t\t\t\t<\/span>\n\t\t\t\t\t\t<\/span>\n\t\t<\/div>\n\t\t\t\t\t\t<\/div>\n\t\t\t\t<\/div>\n\t\t\t\t\t<\/div>\n\t\t\t\t<\/div>\n\t\t<div class=\"elementor-element elementor-element-0e793ca e-flex e-con-boxed e-con e-parent\" data-id=\"0e793ca\" data-element_type=\"container\" data-e-type=\"container\" data-settings=\"{&quot;_ha_eqh_enable&quot;:false}\">\n\t\t\t\t\t<div class=\"e-con-inner\">\n\t\t<div class=\"elementor-element elementor-element-77ebb24 e-con-full e-flex elementor-invisible e-con e-child\" data-id=\"77ebb24\" data-element_type=\"container\" data-e-type=\"container\" data-settings=\"{&quot;animation&quot;:&quot;fadeInLeft&quot;,&quot;_ha_eqh_enable&quot;:false}\">\n\t\t\t\t<div class=\"elementor-element elementor-element-d252783 elementor-widget elementor-widget-image\" data-id=\"d252783\" data-element_type=\"widget\" data-e-type=\"widget\" data-widget_type=\"image.default\">\n\t\t\t\t<div class=\"elementor-widget-container\">\n\t\t\t\t\t\t\t\t\t\t\t\t\t\t\t<img decoding=\"async\" src=\"https:\/\/rett.ca\/wp-content\/uploads\/elementor\/thumbs\/IMG_2462-e1738666598845-r27r78vjojnmehh1w16msnjshgf0lr1e41si5vje3w.jpg\" title=\"IMG_2462-e1738666598845.jpg\" alt=\"IMG_2462-e1738666598845.jpg\" loading=\"lazy\" \/>\t\t\t\t\t\t\t\t\t\t\t\t\t\t\t<\/div>\n\t\t\t\t<\/div>\n\t\t\t\t<\/div>\n\t\t<div class=\"elementor-element elementor-element-19b4b50 e-con-full e-flex elementor-invisible e-con e-child\" data-id=\"19b4b50\" data-element_type=\"container\" data-e-type=\"container\" data-settings=\"{&quot;animation&quot;:&quot;fadeInRight&quot;,&quot;_ha_eqh_enable&quot;:false}\">\n\t\t\t\t<div class=\"elementor-element elementor-element-7c77665 elementor-widget elementor-widget-heading\" data-id=\"7c77665\" data-element_type=\"widget\" data-e-type=\"widget\" data-widget_type=\"heading.default\">\n\t\t\t\t<div class=\"elementor-widget-container\">\n\t\t\t\t\t<h2 class=\"elementor-heading-title elementor-size-default\">Sensibilisation - Amy Whittard <span style=\"letter-spacing: 0px\"><\/span><br><\/h2>\t\t\t\t<\/div>\n\t\t\t\t<\/div>\n\t\t\t\t<div class=\"elementor-element elementor-element-eedb966 elementor-widget elementor-widget-text-editor\" data-id=\"eedb966\" data-element_type=\"widget\" data-e-type=\"widget\" data-widget_type=\"text-editor.default\">\n\t\t\t\t<div class=\"elementor-widget-container\">\n\t\t\t\t\t\t\t\t\t<p>Amy est la m\u00e8re de Josie, qui a re\u00e7u un diagnostic de syndrome de Rett \u00e0 18 mois, et de Wyatt. Elle est mari\u00e9e depuis 17 ans et vit actuellement \u00e0 St. Catharines, apr\u00e8s avoir grandi \u00e0 Crystal Beach. Amy a obtenu un dipl\u00f4me en administration de micro-ordinateurs du Conestoga College. Apr\u00e8s pr\u00e8s de 15 ans dans la vie active, elle a choisi de devenir m\u00e8re au foyer, consacrant les neuf derni\u00e8res ann\u00e9es \u00e0 s&#8217;occuper de sa fille et de sa famille. Amy a rejoint ORSA Canada en 2023.    <\/p>\t\t\t\t\t\t\t\t<\/div>\n\t\t\t\t<\/div>\n\t\t\t\t<\/div>\n\t\t<div class=\"elementor-element elementor-element-01e73d9 e-con-full e-flex elementor-invisible e-con e-child\" data-id=\"01e73d9\" data-element_type=\"container\" data-e-type=\"container\" data-settings=\"{&quot;animation&quot;:&quot;fadeInLeft&quot;,&quot;_ha_eqh_enable&quot;:false}\">\n\t\t\t\t<div class=\"elementor-element elementor-element-aced91a elementor-widget elementor-widget-heading\" data-id=\"aced91a\" data-element_type=\"widget\" data-e-type=\"widget\" data-widget_type=\"heading.default\">\n\t\t\t\t<div class=\"elementor-widget-container\">\n\t\t\t\t\t<h2 class=\"elementor-heading-title elementor-size-default\">Directrice m\u00e9dicale - Dr Evdokia Anagnostou<\/h2>\t\t\t\t<\/div>\n\t\t\t\t<\/div>\n\t\t\t\t<div class=\"elementor-element elementor-element-b4d2408 elementor-widget elementor-widget-text-editor\" data-id=\"b4d2408\" data-element_type=\"widget\" data-e-type=\"widget\" data-widget_type=\"text-editor.default\">\n\t\t\t\t<div class=\"elementor-widget-container\">\n\t\t\t\t\t\t\t\t\t<p>Evdokia Anagnostou est neurologue p\u00e9diatrique et professeure de p\u00e9diatrie \u00e0 l&#8217;Universit\u00e9 de Toronto et directrice adjointe de l&#8217;Institut de recherche Holland Bloorview. En tant que scientifique clinicienne principale, elle codirige le Centre de recherche sur l&#8217;autisme (ARC) \u00e0 Holland Bloorview et \u00e0 l&#8217;Universit\u00e9 de Toronto. Elle est titulaire d&#8217;une Chaire de recherche du Canada en th\u00e9rapeutique translationnelle dans le trouble du spectre autistique (TSA) et de la Chaire Dr Stuart D. Sims en autisme \u00e0 Holland Bloorview.  <\/p><p>Le Dr Anagnostou a re\u00e7u un financement international important pour comprendre les diff\u00e9rences biologiques sous-jacentes associ\u00e9es au TSA et \u00e0 d&#8217;autres diff\u00e9rences neurod\u00e9veloppementales, et traduire ces compr\u00e9hensions en de potentielles nouvelles interventions. Elle dispose \u00e9galement de financements pour l&#8217;innovation du syst\u00e8me de sant\u00e9, l&#8217;engagement des parties prenantes et la compr\u00e9hension de la signification et de l&#8217;impact du TSA dans les populations marginalis\u00e9es. Elle si\u00e8ge \u00e0 plusieurs comit\u00e9s gouvernementaux sur l&#8217;am\u00e9lioration des voies de diagnostic et d&#8217;intervention, ainsi qu&#8217;\u00e0 plusieurs comit\u00e9s de r\u00e9daction et panels d&#8217;examen des subventions.  <\/p><p>Elle a \u00e9galement \u00e9t\u00e9 reconnue pour ses contributions \u00e0 la formation de jeunes cliniciens et scientifiques et pour son engagement envers les femmes dans les STEM. Elle repr\u00e9sente actuellement la r\u00e9gion Am\u00e9rique du Nord au comit\u00e9 des leaders seniors mondiaux de l&#8217;INSAR. <\/p>\t\t\t\t\t\t\t\t<\/div>\n\t\t\t\t<\/div>\n\t\t\t\t<\/div>\n\t\t<div class=\"elementor-element elementor-element-a0de122 e-con-full e-flex elementor-invisible e-con e-child\" data-id=\"a0de122\" data-element_type=\"container\" data-e-type=\"container\" data-settings=\"{&quot;animation&quot;:&quot;fadeInRight&quot;,&quot;_ha_eqh_enable&quot;:false}\">\n\t\t\t\t<div class=\"elementor-element elementor-element-ca6b24e elementor-widget elementor-widget-image\" data-id=\"ca6b24e\" data-element_type=\"widget\" data-e-type=\"widget\" data-widget_type=\"image.default\">\n\t\t\t\t<div class=\"elementor-widget-container\">\n\t\t\t\t\t\t\t\t\t\t\t\t\t\t\t<img loading=\"lazy\" decoding=\"async\" width=\"190\" height=\"300\" src=\"https:\/\/rett.ca\/wp-content\/uploads\/image003-1-190x300-1.png\" class=\"attachment-full size-full wp-image-45331\" alt=\"\" \/>\t\t\t\t\t\t\t\t\t\t\t\t\t\t\t<\/div>\n\t\t\t\t<\/div>\n\t\t\t\t<\/div>\n\t\t\t\t\t<\/div>\n\t\t\t\t<\/div>\n\t\t<div class=\"elementor-element elementor-element-a0a9c4e e-flex e-con-boxed elementor-invisible e-con e-parent\" data-id=\"a0a9c4e\" data-element_type=\"container\" data-e-type=\"container\" data-settings=\"{&quot;animation&quot;:&quot;fadeInUp&quot;,&quot;_ha_eqh_enable&quot;:false}\">\n\t\t\t\t\t<div class=\"e-con-inner\">\n\t\t\t\t<div class=\"elementor-element elementor-element-72e56ef elementor-widget-divider--view-line_text elementor-widget-divider--element-align-center elementor-invisible elementor-widget elementor-widget-divider\" data-id=\"72e56ef\" data-element_type=\"widget\" data-e-type=\"widget\" data-settings=\"{&quot;_animation&quot;:&quot;fadeInUp&quot;}\" data-widget_type=\"divider.default\">\n\t\t\t\t<div class=\"elementor-widget-container\">\n\t\t\t\t\t\t\t<div class=\"elementor-divider\">\n\t\t\t<span class=\"elementor-divider-separator\">\n\t\t\t\t\t\t\t<span class=\"elementor-divider__text elementor-divider__element\">\n\t\t\t\tADMINISTRATION\t\t\t\t<\/span>\n\t\t\t\t\t\t<\/span>\n\t\t<\/div>\n\t\t\t\t\t\t<\/div>\n\t\t\t\t<\/div>\n\t\t\t\t\t<\/div>\n\t\t\t\t<\/div>\n\t\t<div class=\"elementor-element elementor-element-afbf8b3 e-flex e-con-boxed e-con e-parent\" data-id=\"afbf8b3\" data-element_type=\"container\" data-e-type=\"container\" data-settings=\"{&quot;_ha_eqh_enable&quot;:false}\">\n\t\t\t\t\t<div class=\"e-con-inner\">\n\t\t<div class=\"elementor-element elementor-element-8d3eb34 e-con-full e-flex elementor-invisible e-con e-child\" data-id=\"8d3eb34\" data-element_type=\"container\" data-e-type=\"container\" data-settings=\"{&quot;background_background&quot;:&quot;classic&quot;,&quot;animation&quot;:&quot;fadeInLeft&quot;,&quot;_ha_eqh_enable&quot;:false}\">\n\t\t\t\t<div class=\"elementor-element elementor-element-63cc262 elementor-widget elementor-widget-image\" data-id=\"63cc262\" data-element_type=\"widget\" data-e-type=\"widget\" data-widget_type=\"image.default\">\n\t\t\t\t<div class=\"elementor-widget-container\">\n\t\t\t\t\t\t\t\t\t\t\t\t\t\t\t<img decoding=\"async\" src=\"https:\/\/rett.ca\/wp-content\/uploads\/elementor\/thumbs\/Valerie_Admin_Pic-150x150-1-r27r78vjojnmehh1w16msnjshgf0lr1e41si5vje3w.jpg\" title=\"Valerie_Admin_Pic-150&#215;150.jpg\" alt=\"Valerie_Admin_Pic-150x150.jpg\" loading=\"lazy\" \/>\t\t\t\t\t\t\t\t\t\t\t\t\t\t\t<\/div>\n\t\t\t\t<\/div>\n\t\t\t\t<\/div>\n\t\t<div class=\"elementor-element elementor-element-dbab4b4 e-con-full e-flex elementor-invisible e-con e-child\" data-id=\"dbab4b4\" data-element_type=\"container\" data-e-type=\"container\" data-settings=\"{&quot;animation&quot;:&quot;fadeInRight&quot;,&quot;_ha_eqh_enable&quot;:false}\">\n\t\t\t\t<div class=\"elementor-element elementor-element-27dece5 elementor-widget elementor-widget-heading\" data-id=\"27dece5\" data-element_type=\"widget\" data-e-type=\"widget\" data-widget_type=\"heading.default\">\n\t\t\t\t<div class=\"elementor-widget-container\">\n\t\t\t\t\t<h2 class=\"elementor-heading-title elementor-size-default\">Valerie Wakonig<\/h2>\t\t\t\t<\/div>\n\t\t\t\t<\/div>\n\t\t\t\t<div class=\"elementor-element elementor-element-1a08f94 elementor-widget elementor-widget-text-editor\" data-id=\"1a08f94\" data-element_type=\"widget\" data-e-type=\"widget\" data-widget_type=\"text-editor.default\">\n\t\t\t\t<div class=\"elementor-widget-container\">\n\t\t\t\t\t\t\t\t\t<div data-olk-copy-source=\"MessageBody\">Valerie fournit un soutien administratif aux membres du conseil d&#8217;administration d&#8217;ORSA Canada depuis 2012. Son parcours comprend des r\u00f4les administratifs dans l&#8217;\u00e9ducation et la fabrication, ainsi qu&#8217;une exp\u00e9rience en tant que pr\u00e9pos\u00e9e aux services de soutien \u00e0 la personne. Un engagement de toute une vie envers le b\u00e9n\u00e9volat et le travail caritatif alimente sa passion pour aider le conseil d&#8217;administration b\u00e9n\u00e9vole dans ses efforts pour soutenir les familles, la recherche, la collecte de fonds et les initiatives de sensibilisation.  <\/div><div>Valerie r\u00e9side \u00e0 Komoka, en Ontario, avec son mari Barry depuis 40 ans. Elle est la fi\u00e8re m\u00e8re de Matt (Laura) et Mike, et sa plus grande joie est d&#8217;\u00eatre &#8220;Gramma&#8221; pour Ashton ! <\/div>\t\t\t\t\t\t\t\t<\/div>\n\t\t\t\t<\/div>\n\t\t\t\t<\/div>\n\t\t\t\t\t<\/div>\n\t\t\t\t<\/div>\n\t\t<div class=\"elementor-element elementor-element-cf7a1dc e-flex e-con-boxed e-con e-parent\" data-id=\"cf7a1dc\" data-element_type=\"container\" data-e-type=\"container\" data-settings=\"{&quot;_ha_eqh_enable&quot;:false}\">\n\t\t\t\t\t<div class=\"e-con-inner\">\n\t\t\t\t<div class=\"elementor-element elementor-element-b38db81 elementor-widget elementor-widget-spacer\" data-id=\"b38db81\" data-element_type=\"widget\" data-e-type=\"widget\" data-widget_type=\"spacer.default\">\n\t\t\t\t<div class=\"elementor-widget-container\">\n\t\t\t\t\t\t\t<div class=\"elementor-spacer\">\n\t\t\t<div class=\"elementor-spacer-inner\"><\/div>\n\t\t<\/div>\n\t\t\t\t\t\t<\/div>\n\t\t\t\t<\/div>\n\t\t\t\t\t<\/div>\n\t\t\t\t<\/div>\n\t\t<div class=\"elementor-element elementor-element-fdde610 e-flex e-con-boxed elementor-invisible e-con e-parent\" data-id=\"fdde610\" data-element_type=\"container\" data-e-type=\"container\" data-settings=\"{&quot;background_background&quot;:&quot;classic&quot;,&quot;animation&quot;:&quot;fadeIn&quot;,&quot;_ha_eqh_enable&quot;:false}\">\n\t\t\t\t\t<div class=\"e-con-inner\">\n\t\t\t\t<div class=\"elementor-element elementor-element-cdd3249 elementor-widget elementor-widget-heading\" data-id=\"cdd3249\" data-element_type=\"widget\" data-e-type=\"widget\" data-widget_type=\"heading.default\">\n\t\t\t\t<div class=\"elementor-widget-container\">\n\t\t\t\t\t<span class=\"elementor-heading-title elementor-size-default\">Int\u00e9ress\u00e9 \u00e0 devenir membre du conseil d'administration ?<\/span>\t\t\t\t<\/div>\n\t\t\t\t<\/div>\n\t\t\t\t<div class=\"elementor-element elementor-element-c2ac30f elementor-align-center elementor-widget elementor-widget-button\" data-id=\"c2ac30f\" data-element_type=\"widget\" data-e-type=\"widget\" data-widget_type=\"button.default\">\n\t\t\t\t<div class=\"elementor-widget-container\">\n\t\t\t\t\t\t\t\t\t<div class=\"elementor-button-wrapper\">\n\t\t\t\t\t<a class=\"elementor-button elementor-button-link elementor-size-sm\" href=\"https:\/\/rett.ca\/fr\/conseil-dadministration-interet\/\">\n\t\t\t\t\t\t<span class=\"elementor-button-content-wrapper\">\n\t\t\t\t\t\t\t\t\t<span class=\"elementor-button-text\">EN SAVOIR PLUS<\/span>\n\t\t\t\t\t<\/span>\n\t\t\t\t\t<\/a>\n\t\t\t\t<\/div>\n\t\t\t\t\t\t\t\t<\/div>\n\t\t\t\t<\/div>\n\t\t\t\t\t<\/div>\n\t\t\t\t<\/div>\n\t\t\t\t<\/div>\n\t\t","protected":false},"excerpt":{"rendered":"<p>Conseil d&#8217;administration Conseil d&#8217;administration DIRECTION Pr\u00e9sidente &#8211; Sabrina MilLson Sabrina a \u00e9t\u00e9 \u00e9lue pr\u00e9sidente apr\u00e8s l&#8217;AGA de 2021. Elle a rejoint le conseil d&#8217;administration d&#8217;ORSA Canada en 2019 apr\u00e8s que sa fille, Ella, a re\u00e7u un diagnostic de syndrome de Rett le 8 novembre 2018. Sabrina poss\u00e8de un dipl\u00f4me en \u00e9ducation sp\u00e9cialis\u00e9 en sant\u00e9 publique [&hellip;]<\/p>\n","protected":false},"author":1,"featured_media":0,"parent":0,"menu_order":0,"comment_status":"closed","ping_status":"closed","template":"","meta":{"footnotes":""},"class_list":["post-45624","page","type-page","status-publish","hentry"],"yoast_head":"<!-- This site is optimized with the Yoast SEO plugin v27.2 - https:\/\/yoast.com\/product\/yoast-seo-wordpress\/ -->\n<title>CONSEIL D&#039;ADMINISTRATION - Ontario Rett Syndrome Association<\/title>\n<meta name=\"robots\" content=\"index, follow, max-snippet:-1, max-image-preview:large, max-video-preview:-1\" \/>\n<link rel=\"canonical\" href=\"https:\/\/rett.ca\/fr\/conseil-dadministration\/\" \/>\n<meta property=\"og:locale\" content=\"fr_FR\" \/>\n<meta property=\"og:type\" content=\"article\" \/>\n<meta property=\"og:title\" content=\"CONSEIL D&#039;ADMINISTRATION - Ontario Rett Syndrome Association\" \/>\n<meta property=\"og:description\" content=\"Conseil d&#8217;administration Conseil d&#8217;administration DIRECTION Pr\u00e9sidente &#8211; Sabrina MilLson Sabrina a \u00e9t\u00e9 \u00e9lue pr\u00e9sidente apr\u00e8s l&#8217;AGA de 2021. Elle a rejoint le conseil d&#8217;administration d&#8217;ORSA Canada en 2019 apr\u00e8s que sa fille, Ella, a re\u00e7u un diagnostic de syndrome de Rett le 8 novembre 2018. Sabrina poss\u00e8de un dipl\u00f4me en \u00e9ducation sp\u00e9cialis\u00e9 en sant\u00e9 publique [&hellip;]\" \/>\n<meta property=\"og:url\" content=\"https:\/\/rett.ca\/fr\/conseil-dadministration\/\" \/>\n<meta property=\"og:site_name\" content=\"Ontario Rett Syndrome Association\" \/>\n<meta property=\"article:publisher\" content=\"https:\/\/www.facebook.com\/OntarioRettSyndromeAssociation\" \/>\n<meta property=\"article:modified_time\" content=\"2025-11-18T18:23:28+00:00\" \/>\n<meta property=\"og:image\" content=\"https:\/\/rett.ca\/wp-content\/uploads\/EM-MCH5.png\" \/>\n\t<meta property=\"og:image:width\" content=\"533\" \/>\n\t<meta property=\"og:image:height\" content=\"800\" \/>\n\t<meta property=\"og:image:type\" content=\"image\/png\" \/>\n<meta name=\"twitter:card\" content=\"summary_large_image\" \/>\n<meta name=\"twitter:site\" content=\"@OntarioRettSA\" \/>\n<meta name=\"twitter:label1\" content=\"Dur\u00e9e de lecture estim\u00e9e\" \/>\n\t<meta name=\"twitter:data1\" content=\"5 minutes\" \/>\n<script type=\"application\/ld+json\" class=\"yoast-schema-graph\">{\"@context\":\"https:\/\/schema.org\",\"@graph\":[{\"@type\":\"WebPage\",\"@id\":\"https:\/\/rett.ca\/fr\/conseil-dadministration\/\",\"url\":\"https:\/\/rett.ca\/fr\/conseil-dadministration\/\",\"name\":\"CONSEIL D'ADMINISTRATION - Ontario Rett Syndrome Association\",\"isPartOf\":{\"@id\":\"https:\/\/rett.ca\/fr\/#website\"},\"primaryImageOfPage\":{\"@id\":\"https:\/\/rett.ca\/fr\/conseil-dadministration\/#primaryimage\"},\"image\":{\"@id\":\"https:\/\/rett.ca\/fr\/conseil-dadministration\/#primaryimage\"},\"thumbnailUrl\":\"https:\/\/rett.ca\/wp-content\/uploads\/EM-MCH5.png\",\"datePublished\":\"2025-02-15T12:49:15+00:00\",\"dateModified\":\"2025-11-18T18:23:28+00:00\",\"breadcrumb\":{\"@id\":\"https:\/\/rett.ca\/fr\/conseil-dadministration\/#breadcrumb\"},\"inLanguage\":\"fr-FR\",\"potentialAction\":[{\"@type\":\"ReadAction\",\"target\":[\"https:\/\/rett.ca\/fr\/conseil-dadministration\/\"]}]},{\"@type\":\"ImageObject\",\"inLanguage\":\"fr-FR\",\"@id\":\"https:\/\/rett.ca\/fr\/conseil-dadministration\/#primaryimage\",\"url\":\"https:\/\/rett.ca\/wp-content\/uploads\/EM-MCH5.png\",\"contentUrl\":\"https:\/\/rett.ca\/wp-content\/uploads\/EM-MCH5.png\"},{\"@type\":\"BreadcrumbList\",\"@id\":\"https:\/\/rett.ca\/fr\/conseil-dadministration\/#breadcrumb\",\"itemListElement\":[{\"@type\":\"ListItem\",\"position\":1,\"name\":\"Home\",\"item\":\"https:\/\/rett.ca\/fr\/accueil\/\"},{\"@type\":\"ListItem\",\"position\":2,\"name\":\"CONSEIL D&#8217;ADMINISTRATION\"}]},{\"@type\":\"WebSite\",\"@id\":\"https:\/\/rett.ca\/fr\/#website\",\"url\":\"https:\/\/rett.ca\/fr\/\",\"name\":\"Ontario Rett Syndrome Association of Canada\",\"description\":\"\",\"publisher\":{\"@id\":\"https:\/\/rett.ca\/fr\/#organization\"},\"potentialAction\":[{\"@type\":\"SearchAction\",\"target\":{\"@type\":\"EntryPoint\",\"urlTemplate\":\"https:\/\/rett.ca\/fr\/?s={search_term_string}\"},\"query-input\":{\"@type\":\"PropertyValueSpecification\",\"valueRequired\":true,\"valueName\":\"search_term_string\"}}],\"inLanguage\":\"fr-FR\"},{\"@type\":\"Organization\",\"@id\":\"https:\/\/rett.ca\/fr\/#organization\",\"name\":\"Ontario Rett Syndrome Association of Canada\",\"url\":\"https:\/\/rett.ca\/fr\/\",\"logo\":{\"@type\":\"ImageObject\",\"inLanguage\":\"fr-FR\",\"@id\":\"https:\/\/rett.ca\/fr\/#\/schema\/logo\/image\/\",\"url\":\"https:\/\/rett.ca\/wp-content\/uploads\/ORSA_35Years_Colour-scaled.png\",\"contentUrl\":\"https:\/\/rett.ca\/wp-content\/uploads\/ORSA_35Years_Colour-scaled.png\",\"width\":2560,\"height\":1340,\"caption\":\"Ontario Rett Syndrome Association of Canada\"},\"image\":{\"@id\":\"https:\/\/rett.ca\/fr\/#\/schema\/logo\/image\/\"},\"sameAs\":[\"https:\/\/www.facebook.com\/OntarioRettSyndromeAssociation\",\"https:\/\/x.com\/OntarioRettSA\",\"https:\/\/www.instagram.com\/ontrettsyndromeassociation\/\",\"https:\/\/www.linkedin.com\/company\/ontario-rett-syndrome-association\",\"http:\/\/www.youtube.com\/@ORSAofficial\"]}]}<\/script>\n<!-- \/ Yoast SEO plugin. -->","yoast_head_json":{"title":"CONSEIL D'ADMINISTRATION - Ontario Rett Syndrome Association","robots":{"index":"index","follow":"follow","max-snippet":"max-snippet:-1","max-image-preview":"max-image-preview:large","max-video-preview":"max-video-preview:-1"},"canonical":"https:\/\/rett.ca\/fr\/conseil-dadministration\/","og_locale":"fr_FR","og_type":"article","og_title":"CONSEIL D'ADMINISTRATION - Ontario Rett Syndrome Association","og_description":"Conseil d&#8217;administration Conseil d&#8217;administration DIRECTION Pr\u00e9sidente &#8211; Sabrina MilLson Sabrina a \u00e9t\u00e9 \u00e9lue pr\u00e9sidente apr\u00e8s l&#8217;AGA de 2021. Elle a rejoint le conseil d&#8217;administration d&#8217;ORSA Canada en 2019 apr\u00e8s que sa fille, Ella, a re\u00e7u un diagnostic de syndrome de Rett le 8 novembre 2018. Sabrina poss\u00e8de un dipl\u00f4me en \u00e9ducation sp\u00e9cialis\u00e9 en sant\u00e9 publique [&hellip;]","og_url":"https:\/\/rett.ca\/fr\/conseil-dadministration\/","og_site_name":"Ontario Rett Syndrome Association","article_publisher":"https:\/\/www.facebook.com\/OntarioRettSyndromeAssociation","article_modified_time":"2025-11-18T18:23:28+00:00","og_image":[{"width":533,"height":800,"url":"https:\/\/rett.ca\/wp-content\/uploads\/EM-MCH5.png","type":"image\/png"}],"twitter_card":"summary_large_image","twitter_site":"@OntarioRettSA","twitter_misc":{"Dur\u00e9e de lecture estim\u00e9e":"5 minutes"},"schema":{"@context":"https:\/\/schema.org","@graph":[{"@type":"WebPage","@id":"https:\/\/rett.ca\/fr\/conseil-dadministration\/","url":"https:\/\/rett.ca\/fr\/conseil-dadministration\/","name":"CONSEIL D'ADMINISTRATION - Ontario Rett Syndrome Association","isPartOf":{"@id":"https:\/\/rett.ca\/fr\/#website"},"primaryImageOfPage":{"@id":"https:\/\/rett.ca\/fr\/conseil-dadministration\/#primaryimage"},"image":{"@id":"https:\/\/rett.ca\/fr\/conseil-dadministration\/#primaryimage"},"thumbnailUrl":"https:\/\/rett.ca\/wp-content\/uploads\/EM-MCH5.png","datePublished":"2025-02-15T12:49:15+00:00","dateModified":"2025-11-18T18:23:28+00:00","breadcrumb":{"@id":"https:\/\/rett.ca\/fr\/conseil-dadministration\/#breadcrumb"},"inLanguage":"fr-FR","potentialAction":[{"@type":"ReadAction","target":["https:\/\/rett.ca\/fr\/conseil-dadministration\/"]}]},{"@type":"ImageObject","inLanguage":"fr-FR","@id":"https:\/\/rett.ca\/fr\/conseil-dadministration\/#primaryimage","url":"https:\/\/rett.ca\/wp-content\/uploads\/EM-MCH5.png","contentUrl":"https:\/\/rett.ca\/wp-content\/uploads\/EM-MCH5.png"},{"@type":"BreadcrumbList","@id":"https:\/\/rett.ca\/fr\/conseil-dadministration\/#breadcrumb","itemListElement":[{"@type":"ListItem","position":1,"name":"Home","item":"https:\/\/rett.ca\/fr\/accueil\/"},{"@type":"ListItem","position":2,"name":"CONSEIL D&#8217;ADMINISTRATION"}]},{"@type":"WebSite","@id":"https:\/\/rett.ca\/fr\/#website","url":"https:\/\/rett.ca\/fr\/","name":"Ontario Rett Syndrome Association of Canada","description":"","publisher":{"@id":"https:\/\/rett.ca\/fr\/#organization"},"potentialAction":[{"@type":"SearchAction","target":{"@type":"EntryPoint","urlTemplate":"https:\/\/rett.ca\/fr\/?s={search_term_string}"},"query-input":{"@type":"PropertyValueSpecification","valueRequired":true,"valueName":"search_term_string"}}],"inLanguage":"fr-FR"},{"@type":"Organization","@id":"https:\/\/rett.ca\/fr\/#organization","name":"Ontario Rett Syndrome Association of Canada","url":"https:\/\/rett.ca\/fr\/","logo":{"@type":"ImageObject","inLanguage":"fr-FR","@id":"https:\/\/rett.ca\/fr\/#\/schema\/logo\/image\/","url":"https:\/\/rett.ca\/wp-content\/uploads\/ORSA_35Years_Colour-scaled.png","contentUrl":"https:\/\/rett.ca\/wp-content\/uploads\/ORSA_35Years_Colour-scaled.png","width":2560,"height":1340,"caption":"Ontario Rett Syndrome Association of Canada"},"image":{"@id":"https:\/\/rett.ca\/fr\/#\/schema\/logo\/image\/"},"sameAs":["https:\/\/www.facebook.com\/OntarioRettSyndromeAssociation","https:\/\/x.com\/OntarioRettSA","https:\/\/www.instagram.com\/ontrettsyndromeassociation\/","https:\/\/www.linkedin.com\/company\/ontario-rett-syndrome-association","http:\/\/www.youtube.com\/@ORSAofficial"]}]}},"jetpack_sharing_enabled":true,"publishpress_future_action":{"enabled":false,"date":"2026-05-09 05:09:33","action":"change-status","newStatus":"draft","terms":[],"taxonomy":"translation_priority","extraData":[]},"publishpress_future_workflow_manual_trigger":{"enabledWorkflows":[]},"_links":{"self":[{"href":"https:\/\/rett.ca\/fr\/wp-json\/wp\/v2\/pages\/45624","targetHints":{"allow":["GET"]}}],"collection":[{"href":"https:\/\/rett.ca\/fr\/wp-json\/wp\/v2\/pages"}],"about":[{"href":"https:\/\/rett.ca\/fr\/wp-json\/wp\/v2\/types\/page"}],"author":[{"embeddable":true,"href":"https:\/\/rett.ca\/fr\/wp-json\/wp\/v2\/users\/1"}],"replies":[{"embeddable":true,"href":"https:\/\/rett.ca\/fr\/wp-json\/wp\/v2\/comments?post=45624"}],"version-history":[{"count":2,"href":"https:\/\/rett.ca\/fr\/wp-json\/wp\/v2\/pages\/45624\/revisions"}],"predecessor-version":[{"id":45918,"href":"https:\/\/rett.ca\/fr\/wp-json\/wp\/v2\/pages\/45624\/revisions\/45918"}],"wp:attachment":[{"href":"https:\/\/rett.ca\/fr\/wp-json\/wp\/v2\/media?parent=45624"}],"curies":[{"name":"wp","href":"https:\/\/api.w.org\/{rel}","templated":true}]}}