{"id":45581,"date":"2025-02-19T09:09:59","date_gmt":"2025-02-19T14:09:59","guid":{"rendered":"https:\/\/rett.ca\/sensibilisation-en-octobre\/"},"modified":"2025-09-30T13:56:16","modified_gmt":"2025-09-30T17:56:16","slug":"sensibilisation-en-octobre","status":"publish","type":"page","link":"https:\/\/rett.ca\/fr\/sensibilisation-en-octobre\/","title":{"rendered":"SENSIBILISATION EN OCTOBRE"},"content":{"rendered":"\t\t<div data-elementor-type=\"wp-page\" data-elementor-id=\"45581\" class=\"elementor elementor-45581 elementor-41009\" data-elementor-settings=\"{&quot;ha_cmc_init_switcher&quot;:&quot;no&quot;}\" data-elementor-post-type=\"page\">\n\t\t\t\t<div class=\"elementor-element elementor-element-79746ae e-flex e-con-boxed e-con e-parent\" data-id=\"79746ae\" data-element_type=\"container\" data-e-type=\"container\" data-settings=\"{&quot;_ha_eqh_enable&quot;:false}\">\n\t\t\t\t\t<div class=\"e-con-inner\">\n\t\t\t\t<div class=\"elementor-element elementor-element-56e4330 elementor-hidden-mobile elementor-invisible elementor-widget elementor-widget-heading\" data-id=\"56e4330\" data-element_type=\"widget\" data-e-type=\"widget\" data-settings=\"{&quot;_animation&quot;:&quot;fadeInLeft&quot;}\" data-widget_type=\"heading.default\">\n\t\t\t\t<div class=\"elementor-widget-container\">\n\t\t\t\t\t<h2 class=\"elementor-heading-title elementor-size-default\">Sensibilisation au syndrome de Rett<\/h2>\t\t\t\t<\/div>\n\t\t\t\t<\/div>\n\t\t\t\t<div class=\"elementor-element elementor-element-9b62445 elementor-hidden-desktop elementor-hidden-tablet elementor-invisible elementor-widget elementor-widget-heading\" data-id=\"9b62445\" data-element_type=\"widget\" data-e-type=\"widget\" data-settings=\"{&quot;_animation&quot;:&quot;fadeInLeft&quot;}\" data-widget_type=\"heading.default\">\n\t\t\t\t<div class=\"elementor-widget-container\">\n\t\t\t\t\t<h2 class=\"elementor-heading-title elementor-size-default\">Sensibilisation au syndrome de Rett<\/h2>\t\t\t\t<\/div>\n\t\t\t\t<\/div>\n\t\t\t\t\t<\/div>\n\t\t\t\t<\/div>\n\t\t<div class=\"elementor-element elementor-element-d4a0c4f e-flex e-con-boxed e-con e-parent\" data-id=\"d4a0c4f\" data-element_type=\"container\" data-e-type=\"container\" data-settings=\"{&quot;_ha_eqh_enable&quot;:false}\">\n\t\t\t\t\t<div class=\"e-con-inner\">\n\t\t\t\t<div class=\"elementor-element elementor-element-947fa4b elementor-widget elementor-widget-text-editor\" data-id=\"947fa4b\" data-element_type=\"widget\" data-e-type=\"widget\" data-widget_type=\"text-editor.default\">\n\t\t\t\t<div class=\"elementor-widget-container\">\n\t\t\t\t\t\t\t\t\t<p>Le mois d&#8217;octobre est reconnu mondialement comme le mois de sensibilisation au syndrome de Rett. ORSA Canada a d\u00e9velopp\u00e9 des outils pour vous aider \u00e0 sensibiliser et \u00e0 impliquer votre communaut\u00e9.  <span style=\"color: var( --e-global-color-text ); text-align: var(--text-align);\">Nous esp\u00e9rons que tous les membres, les familles, les soignants et les amis aideront \u00e0 faire passer le message pour faire une diff\u00e9rence dans la vie des personnes vivant avec le syndrome de Rett.<\/span><\/p>\t\t\t\t\t\t\t\t<\/div>\n\t\t\t\t<\/div>\n\t\t\t\t\t<\/div>\n\t\t\t\t<\/div>\n\t\t<div class=\"elementor-element elementor-element-15c1d57 e-flex e-con-boxed e-con e-parent\" data-id=\"15c1d57\" data-element_type=\"container\" data-e-type=\"container\" data-settings=\"{&quot;_ha_eqh_enable&quot;:false}\">\n\t\t\t\t\t<div class=\"e-con-inner\">\n\t\t\t\t<div class=\"elementor-element elementor-element-2f25806 elementor-invisible elementor-widget elementor-widget-heading\" data-id=\"2f25806\" data-element_type=\"widget\" data-e-type=\"widget\" data-settings=\"{&quot;_animation&quot;:&quot;fadeInLeft&quot;}\" data-widget_type=\"heading.default\">\n\t\t\t\t<div class=\"elementor-widget-container\">\n\t\t\t\t\t<h2 class=\"elementor-heading-title elementor-size-default\">RESSOURCES DISPONIBLES<\/h2>\t\t\t\t<\/div>\n\t\t\t\t<\/div>\n\t\t\t\t<div class=\"elementor-element elementor-element-2967db2 elementor-widget elementor-widget-text-editor\" data-id=\"2967db2\" data-element_type=\"widget\" data-e-type=\"widget\" data-widget_type=\"text-editor.default\">\n\t\t\t\t<div class=\"elementor-widget-container\">\n\t\t\t\t\t\t\t\t\t<p>Certaines ressources sont disponibles en anglais et en fran\u00e7ais.<\/p>\t\t\t\t\t\t\t\t<\/div>\n\t\t\t\t<\/div>\n\t\t\t\t\t<\/div>\n\t\t\t\t<\/div>\n\t\t<div class=\"elementor-element elementor-element-d4fb6f7 e-flex e-con-boxed e-con e-parent\" data-id=\"d4fb6f7\" data-element_type=\"container\" data-e-type=\"container\" data-settings=\"{&quot;_ha_eqh_enable&quot;:false}\">\n\t\t\t\t\t<div class=\"e-con-inner\">\n\t\t<div class=\"elementor-element elementor-element-ba2e31e e-con-full e-flex e-con e-child\" data-id=\"ba2e31e\" data-element_type=\"container\" data-e-type=\"container\" data-settings=\"{&quot;_ha_eqh_enable&quot;:false}\">\n\t\t<div data-ha-element-link=\"{&quot;url&quot;:&quot;http:\\\/\\\/58v.6bd.myftpupload.com\\\/awareness-history\\\/&quot;,&quot;is_external&quot;:&quot;&quot;,&quot;nofollow&quot;:&quot;&quot;}\" style=\"cursor: pointer\" class=\"elementor-element elementor-element-7675922 e-con-full e-flex e-con e-child\" data-id=\"7675922\" data-element_type=\"container\" data-e-type=\"container\" data-settings=\"{&quot;background_background&quot;:&quot;classic&quot;,&quot;_ha_eqh_enable&quot;:false}\">\n\t\t\t\t<div class=\"elementor-element elementor-element-348197c elementor-widget elementor-widget-image\" data-id=\"348197c\" data-element_type=\"widget\" data-e-type=\"widget\" data-widget_type=\"image.default\">\n\t\t\t\t<div class=\"elementor-widget-container\">\n\t\t\t\t\t\t\t\t\t\t\t\t\t\t\t\t<a href=\"https:\/\/rett.ca\/fr\/historique-de-sensibilisation\/\">\n\t\t\t\t\t\t\t<img fetchpriority=\"high\" decoding=\"async\" width=\"300\" height=\"300\" src=\"https:\/\/rett.ca\/wp-content\/uploads\/Awareness-History-Thumbnail.webp\" class=\"elementor-animation-grow attachment-medium size-medium wp-image-45452\" alt=\"\" srcset=\"https:\/\/rett.ca\/wp-content\/uploads\/Awareness-History-Thumbnail.webp 300w, https:\/\/rett.ca\/wp-content\/uploads\/Awareness-History-Thumbnail-150x150.png 150w\" sizes=\"(max-width: 300px) 100vw, 300px\" \/>\t\t\t\t\t\t\t\t<\/a>\n\t\t\t\t\t\t\t\t\t\t\t\t\t\t\t<\/div>\n\t\t\t\t<\/div>\n\t\t\t\t<div class=\"elementor-element elementor-element-249e8ba elementor-invisible elementor-widget elementor-widget-heading\" data-id=\"249e8ba\" data-element_type=\"widget\" data-e-type=\"widget\" data-settings=\"{&quot;_animation&quot;:&quot;fadeInUp&quot;}\" data-widget_type=\"heading.default\">\n\t\t\t\t<div class=\"elementor-widget-container\">\n\t\t\t\t\t<span class=\"elementor-heading-title elementor-size-default\">Historique de sensibilisation<\/span>\t\t\t\t<\/div>\n\t\t\t\t<\/div>\n\t\t\t\t<div class=\"elementor-element elementor-element-90fdc19 elementor-invisible elementor-widget elementor-widget-text-editor\" data-id=\"90fdc19\" data-element_type=\"widget\" data-e-type=\"widget\" data-settings=\"{&quot;_animation&quot;:&quot;fadeInUp&quot;,&quot;_animation_delay&quot;:100}\" data-widget_type=\"text-editor.default\">\n\t\t\t\t<div class=\"elementor-widget-container\">\n\t\t\t\t\t\t\t\t\t<p>D\u00e9couvrez la premi\u00e8re campagne canadienne de sensibilisation au syndrome de Rett en octobre 1991.<\/p>\t\t\t\t\t\t\t\t<\/div>\n\t\t\t\t<\/div>\n\t\t\t\t<\/div>\n\t\t<div class=\"elementor-element elementor-element-29d9d62 e-con-full e-flex e-con e-child\" data-id=\"29d9d62\" data-element_type=\"container\" data-e-type=\"container\" data-settings=\"{&quot;background_background&quot;:&quot;classic&quot;,&quot;_ha_eqh_enable&quot;:false}\">\n\t\t\t\t<div class=\"elementor-element elementor-element-f03e152 elementor-widget elementor-widget-image\" data-id=\"f03e152\" data-element_type=\"widget\" data-e-type=\"widget\" data-widget_type=\"image.default\">\n\t\t\t\t<div class=\"elementor-widget-container\">\n\t\t\t\t\t\t\t\t\t\t\t\t\t\t\t\t<a href=\"https:\/\/rett.ca\/fr\/activites-de-sensibilisation\/\">\n\t\t\t\t\t\t\t<img decoding=\"async\" width=\"300\" height=\"300\" src=\"https:\/\/rett.ca\/wp-content\/uploads\/Awareness-Kit-Thumbnail.webp\" class=\"elementor-animation-grow attachment-medium size-medium wp-image-45453\" alt=\"\" srcset=\"https:\/\/rett.ca\/wp-content\/uploads\/Awareness-Kit-Thumbnail.webp 300w, https:\/\/rett.ca\/wp-content\/uploads\/Awareness-Kit-Thumbnail-150x150.png 150w\" sizes=\"(max-width: 300px) 100vw, 300px\" \/>\t\t\t\t\t\t\t\t<\/a>\n\t\t\t\t\t\t\t\t\t\t\t\t\t\t\t<\/div>\n\t\t\t\t<\/div>\n\t\t\t\t<div class=\"elementor-element elementor-element-9a3e0ad elementor-invisible elementor-widget elementor-widget-heading\" data-id=\"9a3e0ad\" data-element_type=\"widget\" data-e-type=\"widget\" data-settings=\"{&quot;_animation&quot;:&quot;fadeInUp&quot;}\" data-widget_type=\"heading.default\">\n\t\t\t\t<div class=\"elementor-widget-container\">\n\t\t\t\t\t<span class=\"elementor-heading-title elementor-size-default\">Kit de sensibilisation<\/span>\t\t\t\t<\/div>\n\t\t\t\t<\/div>\n\t\t\t\t<div class=\"elementor-element elementor-element-df82967 elementor-invisible elementor-widget elementor-widget-text-editor\" data-id=\"df82967\" data-element_type=\"widget\" data-e-type=\"widget\" data-settings=\"{&quot;_animation&quot;:&quot;fadeInUp&quot;,&quot;_animation_delay&quot;:100}\" data-widget_type=\"text-editor.default\">\n\t\t\t\t<div class=\"elementor-widget-container\">\n\t\t\t\t\t\t\t\t\t<p>T\u00e9l\u00e9chargez nos nouvelles fiches d&#8217;activit\u00e9s, livres d&#8217;activit\u00e9s, brochures, d\u00e9pliants et plus encore pour sensibiliser au syndrome de Rett et partager votre histoire<\/p>\t\t\t\t\t\t\t\t<\/div>\n\t\t\t\t<\/div>\n\t\t\t\t<\/div>\n\t\t<div class=\"elementor-element elementor-element-48c5246 e-con-full e-flex e-con e-child\" data-id=\"48c5246\" data-element_type=\"container\" data-e-type=\"container\" data-settings=\"{&quot;background_background&quot;:&quot;classic&quot;,&quot;_ha_eqh_enable&quot;:false}\">\n\t\t\t\t<div class=\"elementor-element elementor-element-a645a6e elementor-widget elementor-widget-image\" data-id=\"a645a6e\" data-element_type=\"widget\" data-e-type=\"widget\" data-widget_type=\"image.default\">\n\t\t\t\t<div class=\"elementor-widget-container\">\n\t\t\t\t\t\t\t\t\t\t\t\t\t\t\t\t<a href=\"https:\/\/rett.ca\/fr\/sensibilisation-illumination\/\">\n\t\t\t\t\t\t\t<img decoding=\"async\" width=\"300\" height=\"300\" src=\"https:\/\/rett.ca\/wp-content\/uploads\/Lighting-Thumbnail.webp\" class=\"elementor-animation-grow attachment-medium size-medium wp-image-45454\" alt=\"\" srcset=\"https:\/\/rett.ca\/wp-content\/uploads\/Lighting-Thumbnail.webp 300w, https:\/\/rett.ca\/wp-content\/uploads\/Lighting-Thumbnail-150x150.png 150w\" sizes=\"(max-width: 300px) 100vw, 300px\" \/>\t\t\t\t\t\t\t\t<\/a>\n\t\t\t\t\t\t\t\t\t\t\t\t\t\t\t<\/div>\n\t\t\t\t<\/div>\n\t\t\t\t<div class=\"elementor-element elementor-element-6ecf119 elementor-invisible elementor-widget elementor-widget-heading\" data-id=\"6ecf119\" data-element_type=\"widget\" data-e-type=\"widget\" data-settings=\"{&quot;_animation&quot;:&quot;fadeInUp&quot;}\" data-widget_type=\"heading.default\">\n\t\t\t\t<div class=\"elementor-widget-container\">\n\t\t\t\t\t<p class=\"elementor-heading-title elementor-size-default\">\u00c9clairage<\/p>\t\t\t\t<\/div>\n\t\t\t\t<\/div>\n\t\t\t\t<div class=\"elementor-element elementor-element-195bdb6 elementor-invisible elementor-widget elementor-widget-text-editor\" data-id=\"195bdb6\" data-element_type=\"widget\" data-e-type=\"widget\" data-settings=\"{&quot;_animation&quot;:&quot;fadeInUp&quot;,&quot;_animation_delay&quot;:100}\" data-widget_type=\"text-editor.default\">\n\t\t\t\t<div class=\"elementor-widget-container\">\n\t\t\t\t\t\t\t\t\t<p>Illuminer le Canada en violet est une campagne visant \u00e0 sensibiliser le public \u00e0 l&#8217;\u00e9chelle nationale pendant le mois d&#8217;octobre. #LightCanadaPurple<\/p>\t\t\t\t\t\t\t\t<\/div>\n\t\t\t\t<\/div>\n\t\t\t\t<\/div>\n\t\t\t\t<\/div>\n\t\t<div class=\"elementor-element elementor-element-b2b1a00 e-con-full e-flex e-con e-child\" data-id=\"b2b1a00\" data-element_type=\"container\" data-e-type=\"container\" data-settings=\"{&quot;_ha_eqh_enable&quot;:false}\">\n\t\t<div class=\"elementor-element elementor-element-b746e72 e-con-full e-flex e-con e-child\" data-id=\"b746e72\" data-element_type=\"container\" data-e-type=\"container\" data-settings=\"{&quot;background_background&quot;:&quot;classic&quot;,&quot;_ha_eqh_enable&quot;:false}\">\n\t\t\t\t<div class=\"elementor-element elementor-element-a26310b elementor-widget elementor-widget-image\" data-id=\"a26310b\" data-element_type=\"widget\" data-e-type=\"widget\" data-widget_type=\"image.default\">\n\t\t\t\t<div class=\"elementor-widget-container\">\n\t\t\t\t\t\t\t\t\t\t\t\t\t\t\t\t<a href=\"https:\/\/rett.ca\/fr\/graphiques-de-sensibilisation\/\">\n\t\t\t\t\t\t\t<img loading=\"lazy\" decoding=\"async\" width=\"300\" height=\"300\" src=\"https:\/\/rett.ca\/wp-content\/uploads\/Awareness-Graphics-Thumbnail.png\" class=\"elementor-animation-grow attachment-medium size-medium wp-image-45455\" alt=\"\" srcset=\"https:\/\/rett.ca\/wp-content\/uploads\/Awareness-Graphics-Thumbnail.png 300w, https:\/\/rett.ca\/wp-content\/uploads\/Awareness-Graphics-Thumbnail-150x150.png 150w\" sizes=\"(max-width: 300px) 100vw, 300px\" \/>\t\t\t\t\t\t\t\t<\/a>\n\t\t\t\t\t\t\t\t\t\t\t\t\t\t\t<\/div>\n\t\t\t\t<\/div>\n\t\t\t\t<div class=\"elementor-element elementor-element-917573f elementor-invisible elementor-widget elementor-widget-heading\" data-id=\"917573f\" data-element_type=\"widget\" data-e-type=\"widget\" data-settings=\"{&quot;_animation&quot;:&quot;fadeInUp&quot;}\" data-widget_type=\"heading.default\">\n\t\t\t\t<div class=\"elementor-widget-container\">\n\t\t\t\t\t<span class=\"elementor-heading-title elementor-size-default\">Graphiques<\/span>\t\t\t\t<\/div>\n\t\t\t\t<\/div>\n\t\t\t\t<div class=\"elementor-element elementor-element-e25f41d elementor-invisible elementor-widget elementor-widget-text-editor\" data-id=\"e25f41d\" data-element_type=\"widget\" data-e-type=\"widget\" data-settings=\"{&quot;_animation&quot;:&quot;fadeInUp&quot;,&quot;_animation_delay&quot;:100}\" data-widget_type=\"text-editor.default\">\n\t\t\t\t<div class=\"elementor-widget-container\">\n\t\t\t\t\t\t\t\t\t<p>Graphiques disponibles \u00e0 utiliser pour inspirer les autres.<\/p>\t\t\t\t\t\t\t\t<\/div>\n\t\t\t\t<\/div>\n\t\t\t\t<\/div>\n\t\t<div class=\"elementor-element elementor-element-f748b3c e-con-full e-flex e-con e-child\" data-id=\"f748b3c\" data-element_type=\"container\" data-e-type=\"container\" data-settings=\"{&quot;background_background&quot;:&quot;classic&quot;,&quot;_ha_eqh_enable&quot;:false}\">\n\t\t\t\t<div class=\"elementor-element elementor-element-65eb3c2 elementor-widget elementor-widget-image\" data-id=\"65eb3c2\" data-element_type=\"widget\" data-e-type=\"widget\" data-widget_type=\"image.default\">\n\t\t\t\t<div class=\"elementor-widget-container\">\n\t\t\t\t\t\t\t\t\t\t\t\t\t\t\t\t<a href=\"https:\/\/rett.ca\/fr\/affiches-violettes-de-sensibilisation\/\">\n\t\t\t\t\t\t\t<img loading=\"lazy\" decoding=\"async\" width=\"300\" height=\"300\" src=\"https:\/\/rett.ca\/wp-content\/uploads\/Light-Posters-Thumbnails.png\" class=\"elementor-animation-grow attachment-medium size-medium wp-image-45456\" alt=\"\" srcset=\"https:\/\/rett.ca\/wp-content\/uploads\/Light-Posters-Thumbnails.png 300w, https:\/\/rett.ca\/wp-content\/uploads\/Light-Posters-Thumbnails-150x150.png 150w\" sizes=\"(max-width: 300px) 100vw, 300px\" \/>\t\t\t\t\t\t\t\t<\/a>\n\t\t\t\t\t\t\t\t\t\t\t\t\t\t\t<\/div>\n\t\t\t\t<\/div>\n\t\t\t\t<div class=\"elementor-element elementor-element-90fbf20 elementor-invisible elementor-widget elementor-widget-heading\" data-id=\"90fbf20\" data-element_type=\"widget\" data-e-type=\"widget\" data-settings=\"{&quot;_animation&quot;:&quot;fadeInUp&quot;}\" data-widget_type=\"heading.default\">\n\t\t\t\t<div class=\"elementor-widget-container\">\n\t\t\t\t\t<span class=\"elementor-heading-title elementor-size-default\">Affiches violettes<\/span>\t\t\t\t<\/div>\n\t\t\t\t<\/div>\n\t\t\t\t<div class=\"elementor-element elementor-element-431b558 elementor-invisible elementor-widget elementor-widget-text-editor\" data-id=\"431b558\" data-element_type=\"widget\" data-e-type=\"widget\" data-settings=\"{&quot;_animation&quot;:&quot;fadeInUp&quot;,&quot;_animation_delay&quot;:100}\" data-widget_type=\"text-editor.default\">\n\t\t\t\t<div class=\"elementor-widget-container\">\n\t\t\t\t\t\t\t\t\t<p>Quelques options d&#8217;affiches pour expliquer pourquoi nous avons des lumi\u00e8res violettes. Disponibles en anglais et en fran\u00e7ais <\/p>\t\t\t\t\t\t\t\t<\/div>\n\t\t\t\t<\/div>\n\t\t\t\t<\/div>\n\t\t<div class=\"elementor-element elementor-element-b961c9c e-con-full e-flex e-con e-child\" data-id=\"b961c9c\" data-element_type=\"container\" data-e-type=\"container\" data-settings=\"{&quot;background_background&quot;:&quot;classic&quot;,&quot;_ha_eqh_enable&quot;:false}\">\n\t\t\t\t<div class=\"elementor-element elementor-element-ba7fb23 elementor-widget elementor-widget-image\" data-id=\"ba7fb23\" data-element_type=\"widget\" data-e-type=\"widget\" data-widget_type=\"image.default\">\n\t\t\t\t<div class=\"elementor-widget-container\">\n\t\t\t\t\t\t\t\t\t\t\t\t\t\t\t\t<a href=\"https:\/\/rett.ca\/fr\/proclamations\/\">\n\t\t\t\t\t\t\t<img loading=\"lazy\" decoding=\"async\" width=\"300\" height=\"300\" src=\"https:\/\/rett.ca\/wp-content\/uploads\/Proclamations-Thumbnail.webp\" class=\"elementor-animation-grow attachment-medium size-medium wp-image-45457\" alt=\"\" srcset=\"https:\/\/rett.ca\/wp-content\/uploads\/Proclamations-Thumbnail.webp 300w, https:\/\/rett.ca\/wp-content\/uploads\/Proclamations-Thumbnail-150x150.png 150w\" sizes=\"(max-width: 300px) 100vw, 300px\" \/>\t\t\t\t\t\t\t\t<\/a>\n\t\t\t\t\t\t\t\t\t\t\t\t\t\t\t<\/div>\n\t\t\t\t<\/div>\n\t\t\t\t<div class=\"elementor-element elementor-element-b52f0a5 elementor-invisible elementor-widget elementor-widget-heading\" data-id=\"b52f0a5\" data-element_type=\"widget\" data-e-type=\"widget\" data-settings=\"{&quot;_animation&quot;:&quot;fadeInUp&quot;}\" data-widget_type=\"heading.default\">\n\t\t\t\t<div class=\"elementor-widget-container\">\n\t\t\t\t\t<span class=\"elementor-heading-title elementor-size-default\">Proclamations<\/span>\t\t\t\t<\/div>\n\t\t\t\t<\/div>\n\t\t\t\t<div class=\"elementor-element elementor-element-812eba1 elementor-invisible elementor-widget elementor-widget-text-editor\" data-id=\"812eba1\" data-element_type=\"widget\" data-e-type=\"widget\" data-settings=\"{&quot;_animation&quot;:&quot;fadeInUp&quot;,&quot;_animation_delay&quot;:100}\" data-widget_type=\"text-editor.default\">\n\t\t\t\t<div class=\"elementor-widget-container\">\n\t\t\t\t\t\t\t\t\t<p>Des communaut\u00e9s \u00e0 travers l&#8217;Ontario ont \u00e9mis des proclamations pour reconna\u00eetre officiellement le mois. V\u00e9rifiez si votre communaut\u00e9 a \u00e9mis une proclamation ou comment vous pouvez aider. <\/p>\t\t\t\t\t\t\t\t<\/div>\n\t\t\t\t<\/div>\n\t\t\t\t<\/div>\n\t\t\t\t<\/div>\n\t\t<div class=\"elementor-element elementor-element-71d2a4e e-con-full e-flex e-con e-child\" data-id=\"71d2a4e\" data-element_type=\"container\" data-e-type=\"container\" data-settings=\"{&quot;_ha_eqh_enable&quot;:false}\">\n\t\t<div class=\"elementor-element elementor-element-075a1f8 e-con-full e-flex e-con e-child\" data-id=\"075a1f8\" data-element_type=\"container\" data-e-type=\"container\" data-settings=\"{&quot;background_background&quot;:&quot;classic&quot;,&quot;_ha_eqh_enable&quot;:false}\">\n\t\t\t\t<div class=\"elementor-element elementor-element-e12f326 elementor-widget elementor-widget-image\" data-id=\"e12f326\" data-element_type=\"widget\" data-e-type=\"widget\" data-widget_type=\"image.default\">\n\t\t\t\t<div class=\"elementor-widget-container\">\n\t\t\t\t\t\t\t\t\t\t\t\t\t\t\t<img loading=\"lazy\" decoding=\"async\" width=\"300\" height=\"300\" src=\"https:\/\/rett.ca\/wp-content\/uploads\/Copy-of-October-I-CAN-stickers-300x300.png\" class=\"elementor-animation-grow attachment-medium size-medium wp-image-45755\" alt=\"\" srcset=\"https:\/\/rett.ca\/wp-content\/uploads\/Copy-of-October-I-CAN-stickers-300x300.png 300w, https:\/\/rett.ca\/wp-content\/uploads\/Copy-of-October-I-CAN-stickers-1024x1024.png 1024w, https:\/\/rett.ca\/wp-content\/uploads\/Copy-of-October-I-CAN-stickers-150x150.png 150w, https:\/\/rett.ca\/wp-content\/uploads\/Copy-of-October-I-CAN-stickers-768x768.png 768w, https:\/\/rett.ca\/wp-content\/uploads\/Copy-of-October-I-CAN-stickers.png 1181w\" sizes=\"(max-width: 300px) 100vw, 300px\" \/>\t\t\t\t\t\t\t\t\t\t\t\t\t\t\t<\/div>\n\t\t\t\t<\/div>\n\t\t\t\t<div class=\"elementor-element elementor-element-9e9769a elementor-invisible elementor-widget elementor-widget-heading\" data-id=\"9e9769a\" data-element_type=\"widget\" data-e-type=\"widget\" data-settings=\"{&quot;_animation&quot;:&quot;fadeInUp&quot;}\" data-widget_type=\"heading.default\">\n\t\t\t\t<div class=\"elementor-widget-container\">\n\t\t\t\t\t<span class=\"elementor-heading-title elementor-size-default\">AUTOCOLLANTS JE PEUX<\/span>\t\t\t\t<\/div>\n\t\t\t\t<\/div>\n\t\t\t\t<div class=\"elementor-element elementor-element-b49db97 elementor-invisible elementor-widget elementor-widget-text-editor\" data-id=\"b49db97\" data-element_type=\"widget\" data-e-type=\"widget\" data-settings=\"{&quot;_animation&quot;:&quot;fadeInUp&quot;,&quot;_animation_delay&quot;:100}\" data-widget_type=\"text-editor.default\">\n\t\t\t\t<div class=\"elementor-widget-container\">\n\t\t\t\t\t\t\t\t\t<p>Rejoignez-nous pour sensibiliser au syndrome de Rett avec notre campagne \u00ab JE PEUX \u00bb ! <\/p><div style=\"text-align: initial;\">\ud83d\udce2 Comment vous pouvez aider :<\/div><div style=\"text-align: initial;\">\u2714\ufe0f Partagez nos publications<\/div><div style=\"text-align: initial;\">\u2714\ufe0f Mettez en \u00e9vidence les capacit\u00e9s d\u2019une personne atteinte du syndrome de Rett que vous connaissez<\/div><div style=\"text-align: initial;\">\ud83c\udf1f Utilisez les hashtags <a class=\"sc-jIGnZt iMqIES vk-MessageHashtag\" href=\"https:\/\/www.facebook.com\/hashtag\/ICAN\" target=\"_blank\" rel=\"noopener\">#ICAN<\/a> <a class=\"sc-jIGnZt iMqIES vk-MessageHashtag\" href=\"https:\/\/www.facebook.com\/hashtag\/MoreThanADiagnosis\" target=\"_blank\" rel=\"noopener\">#MoreThanADiagnosis<\/a> <a class=\"sc-jIGnZt iMqIES vk-MessageHashtag\" href=\"https:\/\/www.facebook.com\/hashtag\/RettSyndromeAwareness\" target=\"_blank\" rel=\"noopener\">#RettSyndromeAwareness<\/a> pour faire passer le message<\/div>\t\t\t\t\t\t\t\t<\/div>\n\t\t\t\t<\/div>\n\t\t\t\t<\/div>\n\t\t<div class=\"elementor-element elementor-element-409598f e-con-full e-flex e-con e-child\" data-id=\"409598f\" data-element_type=\"container\" data-e-type=\"container\" data-settings=\"{&quot;background_background&quot;:&quot;classic&quot;,&quot;_ha_eqh_enable&quot;:false}\">\n\t\t\t\t<div class=\"elementor-element elementor-element-b1025a6 elementor-widget elementor-widget-image\" data-id=\"b1025a6\" data-element_type=\"widget\" data-e-type=\"widget\" data-widget_type=\"image.default\">\n\t\t\t\t<div class=\"elementor-widget-container\">\n\t\t\t\t\t\t\t\t\t\t\t\t\t\t\t\t<a href=\"https:\/\/rett.ca\/fr\/a-propos-de-moi\/\">\n\t\t\t\t\t\t\t<img loading=\"lazy\" decoding=\"async\" width=\"300\" height=\"300\" src=\"https:\/\/rett.ca\/wp-content\/uploads\/Information-About-Me-Thumbnail.webp\" class=\"elementor-animation-grow attachment-medium size-medium wp-image-45458\" alt=\"\" srcset=\"https:\/\/rett.ca\/wp-content\/uploads\/Information-About-Me-Thumbnail.webp 300w, https:\/\/rett.ca\/wp-content\/uploads\/Information-About-Me-Thumbnail-150x150.png 150w\" sizes=\"(max-width: 300px) 100vw, 300px\" \/>\t\t\t\t\t\t\t\t<\/a>\n\t\t\t\t\t\t\t\t\t\t\t\t\t\t\t<\/div>\n\t\t\t\t<\/div>\n\t\t\t\t<div class=\"elementor-element elementor-element-5d3d0eb elementor-invisible elementor-widget elementor-widget-heading\" data-id=\"5d3d0eb\" data-element_type=\"widget\" data-e-type=\"widget\" data-settings=\"{&quot;_animation&quot;:&quot;fadeInUp&quot;}\" data-widget_type=\"heading.default\">\n\t\t\t\t<div class=\"elementor-widget-container\">\n\t\t\t\t\t<span class=\"elementor-heading-title elementor-size-default\">Informations me concernant<\/span>\t\t\t\t<\/div>\n\t\t\t\t<\/div>\n\t\t\t\t<div class=\"elementor-element elementor-element-25f3bb0 elementor-invisible elementor-widget elementor-widget-text-editor\" data-id=\"25f3bb0\" data-element_type=\"widget\" data-e-type=\"widget\" data-settings=\"{&quot;_animation&quot;:&quot;fadeInUp&quot;,&quot;_animation_delay&quot;:100}\" data-widget_type=\"text-editor.default\">\n\t\t\t\t<div class=\"elementor-widget-container\">\n\t\t\t\t\t\t\t\t\t<p>Les fiches \u00c0 PROPOS DE MOI sont maintenant disponibles. Parfaites pour l&#8217;\u00e9cole, les soignants, la famille et les amis ! <\/p>\t\t\t\t\t\t\t\t<\/div>\n\t\t\t\t<\/div>\n\t\t\t\t<\/div>\n\t\t<div class=\"elementor-element elementor-element-770cff8 e-con-full e-flex e-con e-child\" data-id=\"770cff8\" data-element_type=\"container\" data-e-type=\"container\" data-settings=\"{&quot;background_background&quot;:&quot;classic&quot;,&quot;_ha_eqh_enable&quot;:false}\">\n\t\t\t\t<div class=\"elementor-element elementor-element-95dc5c6 elementor-widget elementor-widget-image\" data-id=\"95dc5c6\" data-element_type=\"widget\" data-e-type=\"widget\" data-widget_type=\"image.default\">\n\t\t\t\t<div class=\"elementor-widget-container\">\n\t\t\t\t\t\t\t\t\t\t\t\t\t\t\t\t<a href=\"https:\/\/rett.ca\/fr\/ressource-scolaire\/\">\n\t\t\t\t\t\t\t<img loading=\"lazy\" decoding=\"async\" width=\"787\" height=\"557\" src=\"https:\/\/rett.ca\/wp-content\/uploads\/Screenshot-2025-09-04-154637-1.png\" class=\"elementor-animation-grow attachment-full size-full wp-image-45459\" alt=\"\" srcset=\"https:\/\/rett.ca\/wp-content\/uploads\/Screenshot-2025-09-04-154637-1.png 787w, https:\/\/rett.ca\/wp-content\/uploads\/Screenshot-2025-09-04-154637-1-300x212.png 300w, https:\/\/rett.ca\/wp-content\/uploads\/Screenshot-2025-09-04-154637-1-768x544.png 768w\" sizes=\"(max-width: 787px) 100vw, 787px\" \/>\t\t\t\t\t\t\t\t<\/a>\n\t\t\t\t\t\t\t\t\t\t\t\t\t\t\t<\/div>\n\t\t\t\t<\/div>\n\t\t\t\t<div class=\"elementor-element elementor-element-064b262 elementor-invisible elementor-widget elementor-widget-heading\" data-id=\"064b262\" data-element_type=\"widget\" data-e-type=\"widget\" data-settings=\"{&quot;_animation&quot;:&quot;fadeInUp&quot;}\" data-widget_type=\"heading.default\">\n\t\t\t\t<div class=\"elementor-widget-container\">\n\t\t\t\t\t<span class=\"elementor-heading-title elementor-size-default\">Ressource scolaire\n\n\n<\/span>\t\t\t\t<\/div>\n\t\t\t\t<\/div>\n\t\t\t\t<div class=\"elementor-element elementor-element-7afb7aa elementor-invisible elementor-widget elementor-widget-text-editor\" data-id=\"7afb7aa\" data-element_type=\"widget\" data-e-type=\"widget\" data-settings=\"{&quot;_animation&quot;:&quot;fadeInUp&quot;,&quot;_animation_delay&quot;:100}\" data-widget_type=\"text-editor.default\">\n\t\t\t\t<div class=\"elementor-widget-container\">\n\t\t\t\t\t\t\t\t\t<p>Inclusion, accessibilit\u00e9 et soutien en classe.<\/p>\t\t\t\t\t\t\t\t<\/div>\n\t\t\t\t<\/div>\n\t\t\t\t<\/div>\n\t\t\t\t<\/div>\n\t\t<div class=\"elementor-element elementor-element-80d4eb7 e-con-full elementor-hidden-desktop elementor-hidden-tablet elementor-hidden-mobile e-flex e-con e-child\" data-id=\"80d4eb7\" data-element_type=\"container\" data-e-type=\"container\" data-settings=\"{&quot;_ha_eqh_enable&quot;:false}\">\n\t\t<div class=\"elementor-element elementor-element-94bc2ad e-con-full e-flex e-con e-child\" data-id=\"94bc2ad\" data-element_type=\"container\" data-e-type=\"container\" data-settings=\"{&quot;background_background&quot;:&quot;classic&quot;,&quot;_ha_eqh_enable&quot;:false}\">\n\t\t\t\t<div class=\"elementor-element elementor-element-b4efb8b elementor-widget elementor-widget-image\" data-id=\"b4efb8b\" data-element_type=\"widget\" data-e-type=\"widget\" data-widget_type=\"image.default\">\n\t\t\t\t<div class=\"elementor-widget-container\">\n\t\t\t\t\t\t\t\t\t\t\t\t\t\t\t<img loading=\"lazy\" decoding=\"async\" width=\"300\" height=\"300\" src=\"https:\/\/rett.ca\/wp-content\/uploads\/Lawn-Signs.webp\" class=\"elementor-animation-grow attachment-medium size-medium wp-image-45460\" alt=\"\" srcset=\"https:\/\/rett.ca\/wp-content\/uploads\/Lawn-Signs.webp 300w, https:\/\/rett.ca\/wp-content\/uploads\/Lawn-Signs-150x150.png 150w\" sizes=\"(max-width: 300px) 100vw, 300px\" \/>\t\t\t\t\t\t\t\t\t\t\t\t\t\t\t<\/div>\n\t\t\t\t<\/div>\n\t\t\t\t<div class=\"elementor-element elementor-element-3bce51e elementor-invisible elementor-widget elementor-widget-heading\" data-id=\"3bce51e\" data-element_type=\"widget\" data-e-type=\"widget\" data-settings=\"{&quot;_animation&quot;:&quot;fadeInUp&quot;}\" data-widget_type=\"heading.default\">\n\t\t\t\t<div class=\"elementor-widget-container\">\n\t\t\t\t\t<span class=\"elementor-heading-title elementor-size-default\">Pancartes de pelouse<\/span>\t\t\t\t<\/div>\n\t\t\t\t<\/div>\n\t\t\t\t<div class=\"elementor-element elementor-element-663b2cd elementor-invisible elementor-widget elementor-widget-text-editor\" data-id=\"663b2cd\" data-element_type=\"widget\" data-e-type=\"widget\" data-settings=\"{&quot;_animation&quot;:&quot;fadeInUp&quot;,&quot;_animation_delay&quot;:100}\" data-widget_type=\"text-editor.default\">\n\t\t\t\t<div class=\"elementor-widget-container\">\n\t\t\t\t\t\t\t\t\t<p><span style=\"font-size: var(--go--font-size); color: var(--go--color--text); font-family: var(--go--font-family); letter-spacing: var(--go--letter-spacing,normal);\">Panneaux de pelouse pour promouvoir dans votre quartier.<\/span><\/p>\t\t\t\t\t\t\t\t<\/div>\n\t\t\t\t<\/div>\n\t\t\t\t<\/div>\n\t\t<div class=\"elementor-element elementor-element-6303bcd e-con-full e-flex e-con e-child\" data-id=\"6303bcd\" data-element_type=\"container\" data-e-type=\"container\" data-settings=\"{&quot;background_background&quot;:&quot;classic&quot;,&quot;_ha_eqh_enable&quot;:false}\">\n\t\t\t\t<div class=\"elementor-element elementor-element-be29827 elementor-widget elementor-widget-image\" data-id=\"be29827\" data-element_type=\"widget\" data-e-type=\"widget\" data-widget_type=\"image.default\">\n\t\t\t\t<div class=\"elementor-widget-container\">\n\t\t\t\t\t\t\t\t\t\t\t\t\t\t\t<img loading=\"lazy\" decoding=\"async\" width=\"300\" height=\"300\" src=\"https:\/\/rett.ca\/wp-content\/uploads\/Information-About-Me-Thumbnail.webp\" class=\"elementor-animation-grow attachment-medium size-medium wp-image-45458\" alt=\"\" srcset=\"https:\/\/rett.ca\/wp-content\/uploads\/Information-About-Me-Thumbnail.webp 300w, https:\/\/rett.ca\/wp-content\/uploads\/Information-About-Me-Thumbnail-150x150.png 150w\" sizes=\"(max-width: 300px) 100vw, 300px\" \/>\t\t\t\t\t\t\t\t\t\t\t\t\t\t\t<\/div>\n\t\t\t\t<\/div>\n\t\t\t\t<div class=\"elementor-element elementor-element-ca140db elementor-invisible elementor-widget elementor-widget-heading\" data-id=\"ca140db\" data-element_type=\"widget\" data-e-type=\"widget\" data-settings=\"{&quot;_animation&quot;:&quot;fadeInUp&quot;}\" data-widget_type=\"heading.default\">\n\t\t\t\t<div class=\"elementor-widget-container\">\n\t\t\t\t\t<span class=\"elementor-heading-title elementor-size-default\">Informations me concernant<\/span>\t\t\t\t<\/div>\n\t\t\t\t<\/div>\n\t\t\t\t<div class=\"elementor-element elementor-element-ccbe4f2 elementor-invisible elementor-widget elementor-widget-text-editor\" data-id=\"ccbe4f2\" data-element_type=\"widget\" data-e-type=\"widget\" data-settings=\"{&quot;_animation&quot;:&quot;fadeInUp&quot;,&quot;_animation_delay&quot;:100}\" data-widget_type=\"text-editor.default\">\n\t\t\t\t<div class=\"elementor-widget-container\">\n\t\t\t\t\t\t\t\t\t<p>Les fiches \u00c0 PROPOS DE MOI sont maintenant disponibles. Parfaites pour l&#8217;\u00e9cole, les soignants, la famille et les amis ! <\/p>\t\t\t\t\t\t\t\t<\/div>\n\t\t\t\t<\/div>\n\t\t\t\t<\/div>\n\t\t<div class=\"elementor-element elementor-element-f7b5de7 e-con-full elementor-hidden-desktop elementor-hidden-tablet elementor-hidden-mobile e-flex e-con e-child\" data-id=\"f7b5de7\" data-element_type=\"container\" data-e-type=\"container\" data-settings=\"{&quot;background_background&quot;:&quot;classic&quot;,&quot;_ha_eqh_enable&quot;:false}\">\n\t\t\t\t<div class=\"elementor-element elementor-element-ce69ec7 elementor-widget elementor-widget-image\" data-id=\"ce69ec7\" data-element_type=\"widget\" data-e-type=\"widget\" data-widget_type=\"image.default\">\n\t\t\t\t<div class=\"elementor-widget-container\">\n\t\t\t\t\t\t\t\t\t\t\t\t\t\t\t<img loading=\"lazy\" decoding=\"async\" width=\"300\" height=\"300\" src=\"https:\/\/rett.ca\/wp-content\/uploads\/Social-Frame-Tool-Thumbnail.png\" class=\"elementor-animation-grow attachment-medium size-medium wp-image-45461\" alt=\"\" srcset=\"https:\/\/rett.ca\/wp-content\/uploads\/Social-Frame-Tool-Thumbnail.png 300w, https:\/\/rett.ca\/wp-content\/uploads\/Social-Frame-Tool-Thumbnail-150x150.png 150w\" sizes=\"(max-width: 300px) 100vw, 300px\" \/>\t\t\t\t\t\t\t\t\t\t\t\t\t\t\t<\/div>\n\t\t\t\t<\/div>\n\t\t\t\t<div class=\"elementor-element elementor-element-344aca0 elementor-invisible elementor-widget elementor-widget-heading\" data-id=\"344aca0\" data-element_type=\"widget\" data-e-type=\"widget\" data-settings=\"{&quot;_animation&quot;:&quot;fadeInUp&quot;}\" data-widget_type=\"heading.default\">\n\t\t\t\t<div class=\"elementor-widget-container\">\n\t\t\t\t\t<span class=\"elementor-heading-title elementor-size-default\">Outil de cadre social<\/span>\t\t\t\t<\/div>\n\t\t\t\t<\/div>\n\t\t\t\t<div class=\"elementor-element elementor-element-fec552a elementor-invisible elementor-widget elementor-widget-text-editor\" data-id=\"fec552a\" data-element_type=\"widget\" data-e-type=\"widget\" data-settings=\"{&quot;_animation&quot;:&quot;fadeInUp&quot;,&quot;_animation_delay&quot;:100}\" data-widget_type=\"text-editor.default\">\n\t\t\t\t<div class=\"elementor-widget-container\">\n\t\t\t\t\t\t\t\t\t<p>Cr\u00e9er un cadre social<\/p>\t\t\t\t\t\t\t\t<\/div>\n\t\t\t\t<\/div>\n\t\t\t\t<\/div>\n\t\t\t\t<\/div>\n\t\t\t\t\t<\/div>\n\t\t\t\t<\/div>\n\t\t\t\t<\/div>\n\t\t","protected":false},"excerpt":{"rendered":"<p>Sensibilisation au syndrome de Rett Sensibilisation au syndrome de Rett Le mois d&#8217;octobre est reconnu mondialement comme le mois de sensibilisation au syndrome de Rett. ORSA Canada a d\u00e9velopp\u00e9 des outils pour vous aider \u00e0 sensibiliser et \u00e0 impliquer votre communaut\u00e9. Nous esp\u00e9rons que tous les membres, les familles, les soignants et les amis aideront [&hellip;]<\/p>\n","protected":false},"author":1,"featured_media":0,"parent":0,"menu_order":0,"comment_status":"closed","ping_status":"closed","template":"","meta":{"footnotes":""},"class_list":["post-45581","page","type-page","status-publish","hentry"],"yoast_head":"<!-- This site is optimized with the Yoast SEO plugin v27.0 - https:\/\/yoast.com\/product\/yoast-seo-wordpress\/ -->\n<title>SENSIBILISATION EN OCTOBRE - Ontario Rett Syndrome Association<\/title>\n<meta name=\"robots\" content=\"index, follow, max-snippet:-1, max-image-preview:large, max-video-preview:-1\" \/>\n<link rel=\"canonical\" href=\"https:\/\/rett.ca\/fr\/sensibilisation-en-octobre\/\" \/>\n<meta property=\"og:locale\" content=\"fr_FR\" \/>\n<meta property=\"og:type\" content=\"article\" \/>\n<meta property=\"og:title\" content=\"SENSIBILISATION EN OCTOBRE - Ontario Rett Syndrome Association\" \/>\n<meta property=\"og:description\" content=\"Sensibilisation au syndrome de Rett Sensibilisation au syndrome de Rett Le mois d&#8217;octobre est reconnu mondialement comme le mois de sensibilisation au syndrome de Rett. ORSA Canada a d\u00e9velopp\u00e9 des outils pour vous aider \u00e0 sensibiliser et \u00e0 impliquer votre communaut\u00e9. Nous esp\u00e9rons que tous les membres, les familles, les soignants et les amis aideront [&hellip;]\" \/>\n<meta property=\"og:url\" content=\"https:\/\/rett.ca\/fr\/sensibilisation-en-octobre\/\" \/>\n<meta property=\"og:site_name\" content=\"Ontario Rett Syndrome Association\" \/>\n<meta property=\"article:publisher\" content=\"https:\/\/www.facebook.com\/OntarioRettSyndromeAssociation\" \/>\n<meta property=\"article:modified_time\" content=\"2025-09-30T17:56:16+00:00\" \/>\n<meta property=\"og:image\" content=\"https:\/\/rett.ca\/wp-content\/uploads\/Awareness-History-Thumbnail.webp\" \/>\n\t<meta property=\"og:image:width\" content=\"300\" \/>\n\t<meta property=\"og:image:height\" content=\"300\" \/>\n\t<meta property=\"og:image:type\" content=\"image\/webp\" \/>\n<meta name=\"twitter:card\" content=\"summary_large_image\" \/>\n<meta name=\"twitter:site\" content=\"@OntarioRettSA\" \/>\n<meta name=\"twitter:label1\" content=\"Dur\u00e9e de lecture estim\u00e9e\" \/>\n\t<meta name=\"twitter:data1\" content=\"2 minutes\" \/>\n<script type=\"application\/ld+json\" class=\"yoast-schema-graph\">{\"@context\":\"https:\/\/schema.org\",\"@graph\":[{\"@type\":\"WebPage\",\"@id\":\"https:\/\/rett.ca\/fr\/sensibilisation-en-octobre\/\",\"url\":\"https:\/\/rett.ca\/fr\/sensibilisation-en-octobre\/\",\"name\":\"SENSIBILISATION EN OCTOBRE - Ontario Rett Syndrome Association\",\"isPartOf\":{\"@id\":\"https:\/\/rett.ca\/fr\/#website\"},\"primaryImageOfPage\":{\"@id\":\"https:\/\/rett.ca\/fr\/sensibilisation-en-octobre\/#primaryimage\"},\"image\":{\"@id\":\"https:\/\/rett.ca\/fr\/sensibilisation-en-octobre\/#primaryimage\"},\"thumbnailUrl\":\"https:\/\/rett.ca\/wp-content\/uploads\/Awareness-History-Thumbnail.webp\",\"datePublished\":\"2025-02-19T14:09:59+00:00\",\"dateModified\":\"2025-09-30T17:56:16+00:00\",\"breadcrumb\":{\"@id\":\"https:\/\/rett.ca\/fr\/sensibilisation-en-octobre\/#breadcrumb\"},\"inLanguage\":\"fr-FR\",\"potentialAction\":[{\"@type\":\"ReadAction\",\"target\":[\"https:\/\/rett.ca\/fr\/sensibilisation-en-octobre\/\"]}]},{\"@type\":\"ImageObject\",\"inLanguage\":\"fr-FR\",\"@id\":\"https:\/\/rett.ca\/fr\/sensibilisation-en-octobre\/#primaryimage\",\"url\":\"https:\/\/rett.ca\/wp-content\/uploads\/Awareness-History-Thumbnail.webp\",\"contentUrl\":\"https:\/\/rett.ca\/wp-content\/uploads\/Awareness-History-Thumbnail.webp\"},{\"@type\":\"BreadcrumbList\",\"@id\":\"https:\/\/rett.ca\/fr\/sensibilisation-en-octobre\/#breadcrumb\",\"itemListElement\":[{\"@type\":\"ListItem\",\"position\":1,\"name\":\"Home\",\"item\":\"https:\/\/rett.ca\/fr\/accueil\/\"},{\"@type\":\"ListItem\",\"position\":2,\"name\":\"SENSIBILISATION EN OCTOBRE\"}]},{\"@type\":\"WebSite\",\"@id\":\"https:\/\/rett.ca\/fr\/#website\",\"url\":\"https:\/\/rett.ca\/fr\/\",\"name\":\"Ontario Rett Syndrome Association of Canada\",\"description\":\"\",\"publisher\":{\"@id\":\"https:\/\/rett.ca\/fr\/#organization\"},\"potentialAction\":[{\"@type\":\"SearchAction\",\"target\":{\"@type\":\"EntryPoint\",\"urlTemplate\":\"https:\/\/rett.ca\/fr\/?s={search_term_string}\"},\"query-input\":{\"@type\":\"PropertyValueSpecification\",\"valueRequired\":true,\"valueName\":\"search_term_string\"}}],\"inLanguage\":\"fr-FR\"},{\"@type\":\"Organization\",\"@id\":\"https:\/\/rett.ca\/fr\/#organization\",\"name\":\"Ontario Rett Syndrome Association of Canada\",\"url\":\"https:\/\/rett.ca\/fr\/\",\"logo\":{\"@type\":\"ImageObject\",\"inLanguage\":\"fr-FR\",\"@id\":\"https:\/\/rett.ca\/fr\/#\/schema\/logo\/image\/\",\"url\":\"https:\/\/rett.ca\/wp-content\/uploads\/ORSA_35Years_Colour-scaled.png\",\"contentUrl\":\"https:\/\/rett.ca\/wp-content\/uploads\/ORSA_35Years_Colour-scaled.png\",\"width\":2560,\"height\":1340,\"caption\":\"Ontario Rett Syndrome Association of Canada\"},\"image\":{\"@id\":\"https:\/\/rett.ca\/fr\/#\/schema\/logo\/image\/\"},\"sameAs\":[\"https:\/\/www.facebook.com\/OntarioRettSyndromeAssociation\",\"https:\/\/x.com\/OntarioRettSA\",\"https:\/\/www.instagram.com\/ontrettsyndromeassociation\/\",\"https:\/\/www.linkedin.com\/company\/ontario-rett-syndrome-association\",\"http:\/\/www.youtube.com\/@ORSAofficial\"]}]}<\/script>\n<!-- \/ Yoast SEO plugin. -->","yoast_head_json":{"title":"SENSIBILISATION EN OCTOBRE - Ontario Rett Syndrome Association","robots":{"index":"index","follow":"follow","max-snippet":"max-snippet:-1","max-image-preview":"max-image-preview:large","max-video-preview":"max-video-preview:-1"},"canonical":"https:\/\/rett.ca\/fr\/sensibilisation-en-octobre\/","og_locale":"fr_FR","og_type":"article","og_title":"SENSIBILISATION EN OCTOBRE - Ontario Rett Syndrome Association","og_description":"Sensibilisation au syndrome de Rett Sensibilisation au syndrome de Rett Le mois d&#8217;octobre est reconnu mondialement comme le mois de sensibilisation au syndrome de Rett. ORSA Canada a d\u00e9velopp\u00e9 des outils pour vous aider \u00e0 sensibiliser et \u00e0 impliquer votre communaut\u00e9. Nous esp\u00e9rons que tous les membres, les familles, les soignants et les amis aideront [&hellip;]","og_url":"https:\/\/rett.ca\/fr\/sensibilisation-en-octobre\/","og_site_name":"Ontario Rett Syndrome Association","article_publisher":"https:\/\/www.facebook.com\/OntarioRettSyndromeAssociation","article_modified_time":"2025-09-30T17:56:16+00:00","og_image":[{"width":300,"height":300,"url":"https:\/\/rett.ca\/wp-content\/uploads\/Awareness-History-Thumbnail.webp","type":"image\/webp"}],"twitter_card":"summary_large_image","twitter_site":"@OntarioRettSA","twitter_misc":{"Dur\u00e9e de lecture estim\u00e9e":"2 minutes"},"schema":{"@context":"https:\/\/schema.org","@graph":[{"@type":"WebPage","@id":"https:\/\/rett.ca\/fr\/sensibilisation-en-octobre\/","url":"https:\/\/rett.ca\/fr\/sensibilisation-en-octobre\/","name":"SENSIBILISATION EN OCTOBRE - Ontario Rett Syndrome Association","isPartOf":{"@id":"https:\/\/rett.ca\/fr\/#website"},"primaryImageOfPage":{"@id":"https:\/\/rett.ca\/fr\/sensibilisation-en-octobre\/#primaryimage"},"image":{"@id":"https:\/\/rett.ca\/fr\/sensibilisation-en-octobre\/#primaryimage"},"thumbnailUrl":"https:\/\/rett.ca\/wp-content\/uploads\/Awareness-History-Thumbnail.webp","datePublished":"2025-02-19T14:09:59+00:00","dateModified":"2025-09-30T17:56:16+00:00","breadcrumb":{"@id":"https:\/\/rett.ca\/fr\/sensibilisation-en-octobre\/#breadcrumb"},"inLanguage":"fr-FR","potentialAction":[{"@type":"ReadAction","target":["https:\/\/rett.ca\/fr\/sensibilisation-en-octobre\/"]}]},{"@type":"ImageObject","inLanguage":"fr-FR","@id":"https:\/\/rett.ca\/fr\/sensibilisation-en-octobre\/#primaryimage","url":"https:\/\/rett.ca\/wp-content\/uploads\/Awareness-History-Thumbnail.webp","contentUrl":"https:\/\/rett.ca\/wp-content\/uploads\/Awareness-History-Thumbnail.webp"},{"@type":"BreadcrumbList","@id":"https:\/\/rett.ca\/fr\/sensibilisation-en-octobre\/#breadcrumb","itemListElement":[{"@type":"ListItem","position":1,"name":"Home","item":"https:\/\/rett.ca\/fr\/accueil\/"},{"@type":"ListItem","position":2,"name":"SENSIBILISATION EN OCTOBRE"}]},{"@type":"WebSite","@id":"https:\/\/rett.ca\/fr\/#website","url":"https:\/\/rett.ca\/fr\/","name":"Ontario Rett Syndrome Association of Canada","description":"","publisher":{"@id":"https:\/\/rett.ca\/fr\/#organization"},"potentialAction":[{"@type":"SearchAction","target":{"@type":"EntryPoint","urlTemplate":"https:\/\/rett.ca\/fr\/?s={search_term_string}"},"query-input":{"@type":"PropertyValueSpecification","valueRequired":true,"valueName":"search_term_string"}}],"inLanguage":"fr-FR"},{"@type":"Organization","@id":"https:\/\/rett.ca\/fr\/#organization","name":"Ontario Rett Syndrome Association of Canada","url":"https:\/\/rett.ca\/fr\/","logo":{"@type":"ImageObject","inLanguage":"fr-FR","@id":"https:\/\/rett.ca\/fr\/#\/schema\/logo\/image\/","url":"https:\/\/rett.ca\/wp-content\/uploads\/ORSA_35Years_Colour-scaled.png","contentUrl":"https:\/\/rett.ca\/wp-content\/uploads\/ORSA_35Years_Colour-scaled.png","width":2560,"height":1340,"caption":"Ontario Rett Syndrome Association of Canada"},"image":{"@id":"https:\/\/rett.ca\/fr\/#\/schema\/logo\/image\/"},"sameAs":["https:\/\/www.facebook.com\/OntarioRettSyndromeAssociation","https:\/\/x.com\/OntarioRettSA","https:\/\/www.instagram.com\/ontrettsyndromeassociation\/","https:\/\/www.linkedin.com\/company\/ontario-rett-syndrome-association","http:\/\/www.youtube.com\/@ORSAofficial"]}]}},"jetpack_sharing_enabled":true,"publishpress_future_action":{"enabled":false,"date":"2026-03-16 23:59:05","action":"change-status","newStatus":"draft","terms":[],"taxonomy":"translation_priority","extraData":[]},"publishpress_future_workflow_manual_trigger":{"enabledWorkflows":[]},"_links":{"self":[{"href":"https:\/\/rett.ca\/fr\/wp-json\/wp\/v2\/pages\/45581","targetHints":{"allow":["GET"]}}],"collection":[{"href":"https:\/\/rett.ca\/fr\/wp-json\/wp\/v2\/pages"}],"about":[{"href":"https:\/\/rett.ca\/fr\/wp-json\/wp\/v2\/types\/page"}],"author":[{"embeddable":true,"href":"https:\/\/rett.ca\/fr\/wp-json\/wp\/v2\/users\/1"}],"replies":[{"embeddable":true,"href":"https:\/\/rett.ca\/fr\/wp-json\/wp\/v2\/comments?post=45581"}],"version-history":[{"count":6,"href":"https:\/\/rett.ca\/fr\/wp-json\/wp\/v2\/pages\/45581\/revisions"}],"predecessor-version":[{"id":45772,"href":"https:\/\/rett.ca\/fr\/wp-json\/wp\/v2\/pages\/45581\/revisions\/45772"}],"wp:attachment":[{"href":"https:\/\/rett.ca\/fr\/wp-json\/wp\/v2\/media?parent=45581"}],"curies":[{"name":"wp","href":"https:\/\/api.w.org\/{rel}","templated":true}]}}