{"id":45569,"date":"2025-02-12T17:55:19","date_gmt":"2025-02-12T22:55:19","guid":{"rendered":"https:\/\/rett.ca\/rapports-des-comites-2024\/"},"modified":"2025-09-18T21:34:24","modified_gmt":"2025-09-19T01:34:24","slug":"rapports-des-comites-2024","status":"publish","type":"page","link":"https:\/\/rett.ca\/fr\/rapports-des-comites-2024\/","title":{"rendered":"RAPPORTS DES COMIT\u00c9S 2024"},"content":{"rendered":"\t\t<div data-elementor-type=\"wp-page\" data-elementor-id=\"45569\" class=\"elementor elementor-45569 elementor-15822\" data-elementor-settings=\"{&quot;ha_cmc_init_switcher&quot;:&quot;no&quot;}\" data-elementor-post-type=\"page\">\n\t\t\t\t<div class=\"elementor-element elementor-element-462614a e-flex e-con-boxed e-con e-parent\" data-id=\"462614a\" data-element_type=\"container\" data-e-type=\"container\" data-settings=\"{&quot;_ha_eqh_enable&quot;:false}\">\n\t\t\t\t\t<div class=\"e-con-inner\">\n\t\t\t\t<div class=\"elementor-element elementor-element-14e3a98 elementor-widget-mobile__width-inherit elementor-hidden-mobile elementor-invisible elementor-widget elementor-widget-heading\" data-id=\"14e3a98\" data-element_type=\"widget\" data-e-type=\"widget\" data-settings=\"{&quot;_animation&quot;:&quot;fadeInUp&quot;,&quot;_animation_mobile&quot;:&quot;fadeInLeft&quot;}\" data-widget_type=\"heading.default\">\n\t\t\t\t<div class=\"elementor-widget-container\">\n\t\t\t\t\t<span class=\"elementor-heading-title elementor-size-default\">RAPPORTS DES COMIT\u00c9S 2024<\/span>\t\t\t\t<\/div>\n\t\t\t\t<\/div>\n\t\t\t\t<div class=\"elementor-element elementor-element-bf0841b elementor-widget-mobile__width-inherit elementor-hidden-desktop elementor-hidden-tablet elementor-invisible elementor-widget elementor-widget-heading\" data-id=\"bf0841b\" data-element_type=\"widget\" data-e-type=\"widget\" data-settings=\"{&quot;_animation&quot;:&quot;fadeInUp&quot;,&quot;_animation_mobile&quot;:&quot;fadeInLeft&quot;}\" data-widget_type=\"heading.default\">\n\t\t\t\t<div class=\"elementor-widget-container\">\n\t\t\t\t\t<span class=\"elementor-heading-title elementor-size-default\">RAPPORTS DES COMIT\u00c9S<\/span>\t\t\t\t<\/div>\n\t\t\t\t<\/div>\n\t\t<div class=\"elementor-element elementor-element-bcb61f5 e-con-full e-flex e-con e-child\" data-id=\"bcb61f5\" data-element_type=\"container\" data-e-type=\"container\" data-settings=\"{&quot;_ha_eqh_enable&quot;:false}\">\n\t\t\t\t<div class=\"elementor-element elementor-element-f7d7261 elementor-widget elementor-widget-heading\" data-id=\"f7d7261\" data-element_type=\"widget\" data-e-type=\"widget\" data-settings=\"{&quot;_animation_mobile&quot;:&quot;fadeInRight&quot;}\" data-widget_type=\"heading.default\">\n\t\t\t\t<div class=\"elementor-widget-container\">\n\t\t\t\t\t<span class=\"elementor-heading-title elementor-size-default\">AGA 11 SEPT. 2024<\/span>\t\t\t\t<\/div>\n\t\t\t\t<\/div>\n\t\t<div class=\"elementor-element elementor-element-a5b1573 e-con-full e-flex e-con e-child\" data-id=\"a5b1573\" data-element_type=\"container\" data-e-type=\"container\" data-settings=\"{&quot;_ha_eqh_enable&quot;:false}\">\n\t\t\t\t<div class=\"elementor-element elementor-element-ce47970 elementor-widget elementor-widget-heading\" data-id=\"ce47970\" data-element_type=\"widget\" data-e-type=\"widget\" data-widget_type=\"heading.default\">\n\t\t\t\t<div class=\"elementor-widget-container\">\n\t\t\t\t\t<h2 class=\"elementor-heading-title elementor-size-default\">RAPPORT DU PR\u00c9SIDENT <\/h2>\t\t\t\t<\/div>\n\t\t\t\t<\/div>\n\t\t\t\t<div class=\"elementor-element elementor-element-3428dfe elementor-invisible elementor-widget elementor-widget-text-editor\" data-id=\"3428dfe\" data-element_type=\"widget\" data-e-type=\"widget\" data-settings=\"{&quot;_animation&quot;:&quot;fadeInUp&quot;}\" data-widget_type=\"text-editor.default\">\n\t\t\t\t<div class=\"elementor-widget-container\">\n\t\t\t\t\t\t\t\t\t<p class=\"cvGsUA direction-ltr align-start para-style-body\"><span class=\"a_GcMg font-feature-liga-off font-feature-clig-off font-feature-calt-off text-decoration-none text-strikethrough-none\">1 ao\u00fbt 2024<\/span><\/p><p class=\"cvGsUA direction-ltr align-start para-style-body\"><span class=\"a_GcMg font-feature-liga-off font-feature-clig-off font-feature-calt-off text-decoration-none text-strikethrough-none\">Chers membres,<\/span><\/p><p class=\"cvGsUA direction-ltr align-start para-style-body\"><span class=\"a_GcMg font-feature-liga-off font-feature-clig-off font-feature-calt-off text-decoration-none text-strikethrough-none\">L&#8217;\u00e9nergie au sein de notre communaut\u00e9 a \u00e9t\u00e9 incroyablement positive, et je suis continuellement inspir\u00e9e par le soutien ind\u00e9fectible et l&#8217;engagement de chacun d&#8217;entre vous. Ensemble, nous faisons des progr\u00e8s vers un avenir meilleur pour les personnes touch\u00e9es par le syndrome de Rett. <\/span><\/p><p class=\"cvGsUA direction-ltr align-start para-style-body\"><span class=\"a_GcMg font-feature-liga-off font-feature-clig-off font-feature-calt-off text-decoration-none text-strikethrough-none\">Nous avons des nouvelles prometteuses \u00e0 l&#8217;horizon. Sant\u00e9 Canada est en voie d&#8217;approuver le premier m\u00e9dicament pour le syndrome de Rett d&#8217;Acadia Pharmaceutical d&#8217;ici la fin de cette ann\u00e9e. Cette \u00e9tape repr\u00e9sente un pas important vers la r\u00e9alisation de notre mission d&#8217;am\u00e9liorer la vie de ceux que nous soutenons.  <\/span><\/p><p class=\"cvGsUA direction-ltr align-start para-style-body\"><span class=\"a_GcMg font-feature-liga-off font-feature-clig-off font-feature-calt-off text-decoration-none text-strikethrough-none\">Les rapports positifs \u00e9manant de Taysha Gene Therapies au Canada sont particuli\u00e8rement encourageants. Comme vous le savez peut-\u00eatre, le Canada a \u00e9t\u00e9 le premier pays \u00e0 adopter un programme de th\u00e9rapie g\u00e9nique pour les adultes, et nous sommes ravis que Sant\u00e9 Canada ait approuv\u00e9 la demande d&#8217;essai clinique de th\u00e9rapie g\u00e9nique de Taysha pour la p\u00e9diatrie, qui d\u00e9butera \u00e0 Montr\u00e9al, au Canada, sous la direction du Dr Rossignol. Ces progr\u00e8s apportent de l&#8217;espoir \u00e0 toute notre communaut\u00e9.  <\/span><\/p><p class=\"cvGsUA direction-ltr align-start para-style-body\"><span class=\"a_GcMg font-feature-liga-off font-feature-clig-off font-feature-calt-off text-decoration-none text-strikethrough-none\">Malheureusement, le r\u00e9cent essai d&#8217;Anavex impliquant nos membres canadiens n&#8217;a pas donn\u00e9 de r\u00e9sultats statistiquement significatifs. Cependant, Anavex reste d\u00e9vou\u00e9 \u00e0 notre cause et r\u00e9\u00e9valuera son approche. Ils pr\u00e9voient de d\u00e9velopper une nouvelle strat\u00e9gie et d&#8217;initier des essais suppl\u00e9mentaires. Nous gardons espoir que ces efforts m\u00e8neront \u00e0 des perc\u00e9es qui b\u00e9n\u00e9ficieront \u00e0 nos membres.   <\/span><\/p><p class=\"cvGsUA direction-ltr align-start para-style-body\"><span class=\"a_GcMg font-feature-liga-off font-feature-clig-off font-feature-calt-off text-decoration-none text-strikethrough-none\">offre des opportunit\u00e9s \u00e0 de nouvelles personnes de rejoindre notre conseil d&#8217;administration. Si vous avez la passion de faire un impact positif et le d\u00e9sir de contribuer \u00e0 notre mission, nous vous encourageons \u00e0 envisager de postuler pour ces postes. <\/span><\/p><p class=\"cvGsUA direction-ltr align-start para-style-body\"><span class=\"a_GcMg font-feature-liga-off font-feature-clig-off font-feature-calt-off text-decoration-none text-strikethrough-none\">\u00c0 l&#8217;Association du syndrome de Rett de l&#8217;Ontario, nous restons engag\u00e9s et d\u00e9termin\u00e9s dans nos efforts pour am\u00e9liorer la qualit\u00e9 de vie de toutes les personnes touch\u00e9es par le syndrome de Rett. Notre mission est claire : veiller \u00e0 ce que les personnes atteintes du syndrome de Rett puissent atteindre leur plein potentiel et jouir de la meilleure qualit\u00e9 de vie possible au sein de leur communaut\u00e9. <\/span><\/p><p class=\"cvGsUA direction-ltr align-start para-style-body\"><span class=\"a_GcMg font-feature-liga-off font-feature-clig-off font-feature-calt-off text-decoration-none text-strikethrough-none\">Merci pour votre soutien et votre d\u00e9vouement continus. Ensemble, nous continuerons \u00e0 faire la diff\u00e9rence. <\/span><\/p><p class=\"cvGsUA direction-ltr align-start para-style-body\"><span class=\"a_GcMg font-feature-liga-off font-feature-clig-off font-feature-calt-off text-decoration-none text-strikethrough-none\">Cordialement,<\/span><\/p><p class=\"cvGsUA direction-ltr align-start para-style-body\"><span class=\"a_GcMg font-feature-liga-off font-feature-clig-off font-feature-calt-off text-decoration-none text-strikethrough-none\">Sabrina Millson, Pr\u00e9sidente<\/span><\/p><p class=\"cvGsUA direction-ltr align-start para-style-body\"><span class=\"a_GcMg font-feature-liga-off font-feature-clig-off font-feature-calt-off text-decoration-none text-strikethrough-none\">Association du syndrome de Rett de l&#8217;Ontario<\/span><\/p><p class=\"cvGsUA direction-ltr align-start para-style-body\"><span class=\"a_GcMg font-feature-liga-off font-feature-clig-off font-feature-calt-off text-decoration-none text-strikethrough-none\">Alors que l&#8217;O.R.S.A. continue de suivre notre plan strat\u00e9gique, nous avons mis en \u00e9vidence ci-dessous les activit\u00e9s accomplies qui s&#8217;alignent sur nos valeurs et notre mission.<\/span><\/p><p class=\"cvGsUA direction-ltr align-start para-style-body\"><span class=\"a_GcMg font-feature-liga-off font-feature-clig-off font-feature-calt-off text-decoration-none text-strikethrough-none\">Pilier n\u00b01<\/span><\/p><p class=\"cvGsUA direction-ltr align-start para-style-body\"><span class=\"a_GcMg font-feature-liga-off font-feature-clig-off font-feature-calt-off text-decoration-none text-strikethrough-none\">Accro\u00eetre le r\u00e9seautage et le soutien aux familles<\/span><\/p><p class=\"cvGsUA direction-ltr align-start para-style-body\"><span class=\"a_GcMg font-feature-liga-off font-feature-clig-off font-feature-calt-off text-decoration-none text-strikethrough-none\">Apporter de la clart\u00e9 \u00e0 l&#8217;organisation pour autonomiser et soutenir les soignants et leurs proches atteints du syndrome de Rett.<\/span><\/p><p class=\"cvGsUA direction-ltr align-start para-style-body\"><span class=\"a_GcMg font-feature-liga-off font-feature-clig-off font-feature-calt-off text-decoration-none text-strikethrough-none\">R\u00e9alisations :<\/span><\/p><ul><li><span class=\"a_GcMg font-feature-liga-off font-feature-clig-off font-feature-calt-off text-decoration-none text-strikethrough-none\">Organisation de la conf\u00e9rence &#8220;Plus forts ensemble&#8221; pour les parents et les soignants, destin\u00e9e aux familles, aux professionnels et \u00e0 l&#8217;industrie<\/span><\/li><li><span class=\"a_GcMg font-feature-liga-off font-feature-clig-off font-feature-calt-off text-decoration-none text-strikethrough-none\">Fourniture d&#8217;un soutien en temps r\u00e9el aux familles, aux cliniciens et aux sponsors<\/span><\/li><li><span class=\"a_GcMg font-feature-liga-off font-feature-clig-off font-feature-calt-off text-decoration-none text-strikethrough-none\">Am\u00e9lioration du contenu et de la s\u00e9curit\u00e9 du site web<\/span><\/li><li><span class=\"a_GcMg font-feature-liga-off font-feature-clig-off font-feature-calt-off text-decoration-none text-strikethrough-none\">Assurance que tous les membres re\u00e7oivent des mises \u00e0 jour par e-mail et sur les r\u00e9seaux sociaux<\/span><\/li><li><span class=\"a_GcMg font-feature-liga-off font-feature-clig-off font-feature-calt-off text-decoration-none text-strikethrough-none\">Cr\u00e9ation d&#8217;un ensemble &#8220;Id\u00e9es de cadeaux quotidiens&#8221; pour les familles<\/span><\/li><li><span class=\"a_GcMg font-feature-liga-off font-feature-clig-off font-feature-calt-off text-decoration-none text-strikethrough-none\">Soutien au 2e camp annuel de soutien pour la CAA Flash<\/span><\/li><li><span class=\"a_GcMg font-feature-liga-off font-feature-clig-off font-feature-calt-off text-decoration-none text-strikethrough-none\">C\u00e9l\u00e9bration des 10 ans du Registre canadien du syndrome de Rett<\/span><\/li><\/ul><p class=\"cvGsUA direction-ltr align-start para-style-body\"><span class=\"a_GcMg font-feature-liga-off font-feature-clig-off font-feature-calt-off text-decoration-none text-strikethrough-none\">Pilier n\u00b02<\/span><\/p><p class=\"cvGsUA direction-ltr align-start para-style-body\"><span class=\"a_GcMg font-feature-liga-off font-feature-clig-off font-feature-calt-off text-decoration-none text-strikethrough-none\">Am\u00e9liorer les relations avec le syst\u00e8me de sant\u00e9<\/span><\/p><p class=\"cvGsUA direction-ltr align-start para-style-body\"><span class=\"a_GcMg font-feature-liga-off font-feature-clig-off font-feature-calt-off text-decoration-none text-strikethrough-none\">En veillant \u00e0 ce que nos familles soient soutenues par le syst\u00e8me de sant\u00e9.<\/span><\/p><p class=\"cvGsUA direction-ltr align-start para-style-body\"><span class=\"a_GcMg font-feature-liga-off font-feature-clig-off font-feature-calt-off text-decoration-none text-strikethrough-none\">R\u00e9alisations :<\/span><\/p><ul><li><span class=\"a_GcMg font-feature-liga-off font-feature-clig-off font-feature-calt-off text-decoration-none text-strikethrough-none\">Facilitation des exigences d&#8217;\u00e9tude pour ANAVEX2-73, une \u00e9tude chez les patients p\u00e9diatriques atteints du syndrome de Rett<\/span><\/li><li><span class=\"a_GcMg font-feature-liga-off font-feature-clig-off font-feature-calt-off text-decoration-none text-strikethrough-none\">Assistance \u00e0 Taysha Gene Therapies dans les efforts de recrutement et l&#8217;approbation de Sant\u00e9 Canada pour les programmes de th\u00e9rapie g\u00e9nique au Canada<\/span><\/li><li><span class=\"a_GcMg font-feature-liga-off font-feature-clig-off font-feature-calt-off text-decoration-none text-strikethrough-none\">Plaidoyer pour l&#8217;acc\u00e8s \u00e0 Daybue, le premier traitement approuv\u00e9 commercialement pour le syndrome de Rett par Acadia Pharmaceuticals<\/span><\/li><li><span class=\"a_GcMg font-feature-liga-off font-feature-clig-off font-feature-calt-off text-decoration-none text-strikethrough-none\">Assistance \u00e0 Acadia pour l&#8217;examen prioritaire de Sant\u00e9 Canada<\/span><\/li><li><span class=\"a_GcMg font-feature-liga-off font-feature-clig-off font-feature-calt-off text-decoration-none text-strikethrough-none\">Fourniture \u00e0 l&#8217;Agence canadienne des m\u00e9dicaments ACMTS d&#8217;une demande pour plaider en faveur de Daybue au Canada<\/span><\/li><li><span class=\"a_GcMg font-feature-liga-off font-feature-clig-off font-feature-calt-off text-decoration-none text-strikethrough-none\">Engagement aupr\u00e8s d&#8217;autres soci\u00e9t\u00e9s pharmaceutiques concernant l&#8217;opportunit\u00e9 d&#8217;essais cliniques suppl\u00e9mentaires au Canada<\/span><\/li><li><span class=\"a_GcMg font-feature-liga-off font-feature-clig-off font-feature-calt-off text-decoration-none text-strikethrough-none\">Attribution au chercheur canadien, Dr Wright, de 50 000 dollars du Fonds d&#8217;espoir, cycle 2024-2025<\/span><\/li><li><span class=\"a_GcMg font-feature-liga-off font-feature-clig-off font-feature-calt-off text-decoration-none text-strikethrough-none\">Octroi aux chercheurs canadiens Dr Rossignol et Dr LeRoux de 50 000 dollars du Fonds d&#8217;espoir, cycle 2024-2025<\/span><\/li><\/ul><p class=\"cvGsUA direction-ltr align-start para-style-body\"><span class=\"a_GcMg font-feature-liga-off font-feature-clig-off font-feature-calt-off text-decoration-none text-strikethrough-none\">Pilier n\u00b03<\/span><\/p><p class=\"cvGsUA direction-ltr align-start para-style-body\"><span class=\"a_GcMg font-feature-liga-off font-feature-clig-off font-feature-calt-off text-decoration-none text-strikethrough-none\">Cr\u00e9er des strat\u00e9gies de sensibilisation<\/span><\/p><p class=\"cvGsUA direction-ltr align-start para-style-body\"><span class=\"a_GcMg font-feature-liga-off font-feature-clig-off font-feature-calt-off text-decoration-none text-strikethrough-none\">Continuer \u00e0 \u00e9lever le profil et la visibilit\u00e9 de l&#8217;O.R.S.A. au niveau national.<\/span><\/p><p class=\"cvGsUA direction-ltr align-start para-style-body\"><span class=\"a_GcMg font-feature-liga-off font-feature-clig-off font-feature-calt-off text-decoration-none text-strikethrough-none\">R\u00e9alisations :<\/span><\/p><p class=\"cvGsUA direction-ltr align-start para-style-body\"><span class=\"a_GcMg font-feature-liga-off font-feature-clig-off font-feature-calt-off text-decoration-none text-strikethrough-none\">Collaboration avec nos associations canadiennes enregistr\u00e9es et plusieurs organisations hors du Canada (IRSF, RSAA)<\/span><\/p><ul><li><span class=\"a_GcMg font-feature-liga-off font-feature-clig-off font-feature-calt-off text-decoration-none text-strikethrough-none\">Coordination de la campagne de sensibilisation d&#8217;octobre #lightCANADApurple le 29 octobre, y compris des proclamations en Ontario<\/span><\/li><li><span class=\"a_GcMg font-feature-liga-off font-feature-clig-off font-feature-calt-off text-decoration-none text-strikethrough-none\">Assurance d&#8217;une plus grande visibilit\u00e9 de l&#8217;O.R.S.A. sur les r\u00e9seaux sociaux<\/span><\/li><li><span class=\"a_GcMg font-feature-liga-off font-feature-clig-off font-feature-calt-off text-decoration-none text-strikethrough-none\">Annonce de notre calendrier annuel d&#8217;\u0153uvres d&#8217;art O.R.S.A.<\/span><\/li><li><span class=\"a_GcMg font-feature-liga-off font-feature-clig-off font-feature-calt-off text-decoration-none text-strikethrough-none\">Promotion de la visibilit\u00e9 et du contenu de sensibilisation au syndrome de Rett masculin avec des liens vers la participation \u00e0 la recherche<\/span><\/li><li><span class=\"a_GcMg font-feature-liga-off font-feature-clig-off font-feature-calt-off text-decoration-none text-strikethrough-none\">Participation \u00e0 la conf\u00e9rence IRSF Ascend pour les soignants et \u00e0 la r\u00e9union des scientifiques<\/span><\/li><\/ul><p class=\"cvGsUA direction-ltr align-start para-style-body\"><span class=\"a_GcMg font-feature-liga-off font-feature-clig-off font-feature-calt-off text-decoration-none text-strikethrough-none\">Pilier n\u00b04<\/span><\/p><p class=\"cvGsUA direction-ltr align-start para-style-body\"><span class=\"a_GcMg font-feature-liga-off font-feature-clig-off font-feature-calt-off text-decoration-none text-strikethrough-none\">Soutenir la transition et la stabilit\u00e9 organisationnelles<\/span><\/p><p class=\"cvGsUA direction-ltr align-start para-style-body\"><span class=\"a_GcMg font-feature-liga-off font-feature-clig-off font-feature-calt-off text-decoration-none text-strikethrough-none\">En veillant \u00e0 ce que l&#8217;organisation, le soutien et la supervision de toutes les activit\u00e9s et pratiques de l&#8217;O.R.S.A. soient en place et examin\u00e9s r\u00e9guli\u00e8rement.<\/span><\/p><p class=\"cvGsUA direction-ltr align-start para-style-body\"><span class=\"a_GcMg font-feature-liga-off font-feature-clig-off font-feature-calt-off text-decoration-none text-strikethrough-none\">R\u00e9alisations :<\/span><\/p><ul><li><span class=\"a_GcMg font-feature-liga-off font-feature-clig-off font-feature-calt-off text-decoration-none text-strikethrough-none\">Organisation r\u00e9ussie d&#8217;\u00e9v\u00e9nements de collecte de fonds, \u00e0 la fois des \u00e9v\u00e9nements phares et des \u00e9v\u00e9nements tiers<\/span><\/li><li><span class=\"a_GcMg font-feature-liga-off font-feature-clig-off font-feature-calt-off text-decoration-none text-strikethrough-none\">Obtention de plus de sponsors pour soutenir la mission de l&#8217;O.R.S.A.<\/span><\/li><li><span class=\"a_GcMg font-feature-liga-off font-feature-clig-off font-feature-calt-off text-decoration-none text-strikethrough-none\">Restructuration des membres des comit\u00e9s et des postes vacants en interne<\/span><\/li><li><span class=\"a_GcMg font-feature-liga-off font-feature-clig-off font-feature-calt-off text-decoration-none text-strikethrough-none\">Ach\u00e8vement de la r\u00e9vision des statuts, politiques et proc\u00e9dures de l&#8217;O.R.S.A.<\/span><\/li><li><span class=\"a_GcMg font-feature-liga-off font-feature-clig-off font-feature-calt-off text-decoration-none text-strikethrough-none\">Introduction de lignes directrices et d&#8217;une politique de code de conduite pour les discussions en personne et en ligne<\/span><\/li><\/ul>\t\t\t\t\t\t\t\t<\/div>\n\t\t\t\t<\/div>\n\t\t\t\t<\/div>\n\t\t<div class=\"elementor-element elementor-element-c9d4bd5 e-con-full e-flex e-con e-child\" data-id=\"c9d4bd5\" data-element_type=\"container\" data-e-type=\"container\" data-settings=\"{&quot;_ha_eqh_enable&quot;:false}\">\n\t\t\t\t<div class=\"elementor-element elementor-element-03df705 elementor-widget__width-inherit elementor-widget elementor-widget-heading\" data-id=\"03df705\" data-element_type=\"widget\" data-e-type=\"widget\" data-settings=\"{&quot;_animation&quot;:&quot;none&quot;,&quot;_animation_mobile&quot;:&quot;fadeInUp&quot;}\" data-widget_type=\"heading.default\">\n\t\t\t\t<div class=\"elementor-widget-container\">\n\t\t\t\t\t<span class=\"elementor-heading-title elementor-size-default\">COMIT\u00c9 DES COMMUNICATIONS<\/span>\t\t\t\t<\/div>\n\t\t\t\t<\/div>\n\t\t\t\t<div class=\"elementor-element elementor-element-9912031 elementor-invisible elementor-widget elementor-widget-text-editor\" data-id=\"9912031\" data-element_type=\"widget\" data-e-type=\"widget\" data-settings=\"{&quot;_animation&quot;:&quot;fadeInUp&quot;,&quot;_animation_mobile&quot;:&quot;fadeInUp&quot;,&quot;_animation_delay&quot;:50}\" data-widget_type=\"text-editor.default\">\n\t\t\t\t<div class=\"elementor-widget-container\">\n\t\t\t\t\t\t\t\t\t<ul><li><span style=\"font-size: var(--go--font-size); text-align: var(--text-align); color: var(--go--color--text); font-family: var(--go--font-family); letter-spacing: var(--go--letter-spacing,normal); background-color: var( --e-global-color-c696dce );\" data-contrast=\"auto\">Nouveau site web am\u00e9lior\u00e9 \u00e0 lancer en 2025<\/span><\/li><li>Utilisation am\u00e9lior\u00e9e des m\u00e9dias sociaux et des envois \u00e9lectroniques aux membres<\/li><li>Repr\u00e9sentation nationale r\u00e9ussie pour le Mois de sensibilisation au syndrome de Rett en octobre avec #LightCanadaPurple<\/li><li>Retours positifs des familles sur les nouvelles activit\u00e9s du kit de sensibilisation<\/li><li>Le calendrier annuel avec des \u0153uvres d&#8217;art de nos membres de la communaut\u00e9 en 2023 a \u00e9t\u00e9 un grand succ\u00e8s, et en 2024, nous finalisons le prochain calendrier \u00e0 publier<\/li><li>Des demandes sont en place pour mettre en \u0153uvre de futures campagnes vid\u00e9o<span style=\"text-align: var(--text-align); background-color: var( --e-global-color-c696dce ); color: var(--go--color--text); font-family: var(--go--font-family); font-size: var(--go--font-size); letter-spacing: var(--go--letter-spacing,normal);\" data-ccp-props=\"{}\"> <\/span><\/li><\/ul>\t\t\t\t\t\t\t\t<\/div>\n\t\t\t\t<\/div>\n\t\t\t\t<\/div>\n\t\t<div class=\"elementor-element elementor-element-384862a e-con-full e-flex e-con e-child\" data-id=\"384862a\" data-element_type=\"container\" data-e-type=\"container\" data-settings=\"{&quot;_ha_eqh_enable&quot;:false}\">\n\t\t\t\t<div class=\"elementor-element elementor-element-1a13941 elementor-widget__width-inherit elementor-widget elementor-widget-heading\" data-id=\"1a13941\" data-element_type=\"widget\" data-e-type=\"widget\" data-settings=\"{&quot;_animation&quot;:&quot;none&quot;,&quot;_animation_mobile&quot;:&quot;fadeInUp&quot;}\" data-widget_type=\"heading.default\">\n\t\t\t\t<div class=\"elementor-widget-container\">\n\t\t\t\t\t<span class=\"elementor-heading-title elementor-size-default\">COMIT\u00c9 DE COLLECTE DE FONDS<\/span>\t\t\t\t<\/div>\n\t\t\t\t<\/div>\n\t\t\t\t<div class=\"elementor-element elementor-element-1b9c167 elementor-invisible elementor-widget elementor-widget-text-editor\" data-id=\"1b9c167\" data-element_type=\"widget\" data-e-type=\"widget\" data-settings=\"{&quot;_animation&quot;:&quot;fadeInUp&quot;,&quot;_animation_delay&quot;:50}\" data-widget_type=\"text-editor.default\">\n\t\t\t\t<div class=\"elementor-widget-container\">\n\t\t\t\t\t\t\t\t\t<p><span data-contrast=\"auto\">Les collectes de fonds suivantes ont \u00e9t\u00e9 organis\u00e9es :<\/span><span data-ccp-props=\"{}\"> <\/span><\/p><p><b><span data-contrast=\"auto\">\u00c9v\u00e9nements phares d&#8217;ORSA Canada :<\/span><\/b><span data-ccp-props=\"{\"134233117\":false,\"134233118\":false,\"201341983\":0,\"335559738\":0,\"335559739\":0,\"335559740\":240}\"> <\/span><\/p><ul><li><span style=\"text-align: var(--text-align); background-color: var( --e-global-color-c696dce ); color: var(--go--color--text); font-family: var(--go--font-family); font-size: var(--go--font-size); font-weight: var(--go--font-weight,400); letter-spacing: var(--go--letter-spacing,normal);\" data-contrast=\"auto\">Run4Rett 2023 <\/span><\/li><li><span style=\"text-align: var(--text-align); background-color: var( --e-global-color-c696dce ); color: var(--go--color--text); font-family: var(--go--font-family); font-size: var(--go--font-size); font-weight: var(--go--font-weight,400); letter-spacing: var(--go--letter-spacing,normal);\" data-contrast=\"auto\">Calendrier annuel 2023<\/span><\/li><li><span style=\"text-align: var(--text-align); background-color: var( --e-global-color-c696dce ); color: var(--go--color--text); font-family: var(--go--font-family); font-size: var(--go--font-size); font-weight: var(--go--font-weight,400); letter-spacing: var(--go--letter-spacing,normal);\" data-contrast=\"auto\">Classique <\/span><span style=\"text-align: var(--text-align); background-color: var( --e-global-color-c696dce ); color: var(--go--color--text); font-family: var(--go--font-family); font-size: var(--go--font-size); font-weight: var(--go--font-weight,400); letter-spacing: var(--go--letter-spacing,normal);\" data-contrast=\"auto\">rett annuelle 2023<\/span><\/li><\/ul><p><b><span data-contrast=\"auto\">3<\/span><\/b><b><span data-contrast=\"auto\">rd<\/span><\/b><b><span data-contrast=\"auto\"> <\/span><\/b>\u00c9v\u00e9nements organis\u00e9s par des tiers :<span data-ccp-props=\"{\"134233117\":false,\"134233118\":false,\"201341983\":0,\"335559738\":0,\"335559739\":0,\"335559740\":240}\"> <\/span><\/p><ul><li><span style=\"text-align: var(--text-align); background-color: var( --e-global-color-c696dce ); color: var(--go--color--text); font-family: var(--go--font-family); font-size: var(--go--font-size); font-weight: var(--go--font-weight,400); letter-spacing: var(--go--letter-spacing,normal);\" data-contrast=\"auto\">Revs4Rett \u2013 organis\u00e9 annuellement par la famille Millson <\/span><span style=\"text-align: var(--text-align); background-color: var( --e-global-color-c696dce ); color: var(--go--color--text); font-family: var(--go--font-family); font-size: var(--go--font-size); font-weight: var(--go--font-weight,400); letter-spacing: var(--go--letter-spacing,normal);\" data-ccp-props=\"{\"134233117\":false,\"134233118\":false,\"201341983\":0,\"335559685\":360,\"335559731\":360,\"335559738\":0,\"335559739\":0,\"335559740\":240}\"> <\/span><\/li><li><span style=\"text-align: var(--text-align); background-color: var( --e-global-color-c696dce ); color: var(--go--color--text); font-family: var(--go--font-family); font-size: var(--go--font-size); font-weight: var(--go--font-weight,400); letter-spacing: var(--go--letter-spacing,normal);\" data-contrast=\"auto\">&#8220;36 Exposures&#8221; \u2013 organis\u00e9 annuellement par Michelle Quance <\/span><span style=\"text-align: var(--text-align); background-color: var( --e-global-color-c696dce ); color: var(--go--color--text); font-family: var(--go--font-family); font-size: var(--go--font-size); font-weight: var(--go--font-weight,400); letter-spacing: var(--go--letter-spacing,normal);\" data-ccp-props=\"{\"134233117\":false,\"134233118\":false,\"201341983\":0,\"335559685\":360,\"335559731\":360,\"335559738\":0,\"335559739\":0,\"335559740\":240}\"> <\/span><\/li><li><span style=\"text-align: var(--text-align); background-color: var( --e-global-color-c696dce ); color: var(--go--color--text); font-family: var(--go--font-family); font-size: var(--go--font-size); font-weight: var(--go--font-weight,400); letter-spacing: var(--go--letter-spacing,normal);\" data-contrast=\"auto\">AdBands mai 2024 &#8211; organis\u00e9 annuellement par Michelle Quance<\/span><span style=\"text-align: var(--text-align); background-color: var( --e-global-color-c696dce ); color: var(--go--color--text); font-family: var(--go--font-family); font-size: var(--go--font-size); font-weight: var(--go--font-weight,400); letter-spacing: var(--go--letter-spacing,normal);\" data-ccp-props=\"{\"134233117\":false,\"134233118\":false,\"201341983\":0,\"335559685\":360,\"335559731\":360,\"335559738\":0,\"335559739\":0,\"335559740\":240}\"> <\/span><\/li><\/ul><p><b><span data-contrast=\"auto\">Prochains \u00e9v\u00e9nements ORSA :<\/span><\/b><span data-contrast=\"auto\"> <\/span><span data-ccp-props=\"{\"134233117\":false,\"134233118\":false,\"201341983\":0,\"335559738\":0,\"335559739\":0,\"335559740\":240}\"> <\/span><\/p><ul><li><span style=\"text-align: var(--text-align); background-color: var( --e-global-color-c696dce ); color: var(--go--color--text); font-family: var(--go--font-family); font-size: var(--go--font-size); font-weight: var(--go--font-weight,400); letter-spacing: var(--go--letter-spacing,normal);\" data-contrast=\"auto\">Run4Rett 2024 se d\u00e9roulera en personne le dimanche 22 septembre 2024 au Centre communautaire Richvale, Richmond Hill<\/span><span style=\"text-align: var(--text-align); background-color: var( --e-global-color-c696dce ); color: var(--go--color--text); font-family: var(--go--font-family); font-size: var(--go--font-size); font-weight: var(--go--font-weight,400); letter-spacing: var(--go--letter-spacing,normal);\" data-ccp-props=\"{\"134233117\":false,\"134233118\":false,\"201341983\":0,\"335559685\":360,\"335559731\":360,\"335559738\":0,\"335559739\":0,\"335559740\":240}\"> <\/span><\/li><li><span style=\"text-align: var(--text-align); background-color: var( --e-global-color-c696dce ); color: var(--go--color--text); font-family: var(--go--font-family); font-size: var(--go--font-size); font-weight: var(--go--font-weight,400); letter-spacing: var(--go--letter-spacing,normal);\" data-contrast=\"auto\">20<\/span><span style=\"text-align: var(--text-align); background-color: var( --e-global-color-c696dce ); color: var(--go--color--text); font-family: var(--go--font-family); font-size: var(--go--font-size); font-weight: var(--go--font-weight,400); letter-spacing: var(--go--letter-spacing,normal);\" data-contrast=\"auto\">e<\/span><span style=\"text-align: var(--text-align); background-color: var( --e-global-color-c696dce ); color: var(--go--color--text); font-family: var(--go--font-family); font-size: var(--go--font-size); font-weight: var(--go--font-weight,400); letter-spacing: var(--go--letter-spacing,normal);\" data-contrast=\"auto\"> Rett Classic annuel est provisoirement pr\u00e9vu pour le dimanche 8 juin 2025<\/span><span style=\"text-align: var(--text-align); background-color: var( --e-global-color-c696dce ); color: var(--go--color--text); font-family: var(--go--font-family); font-size: var(--go--font-size); font-weight: var(--go--font-weight,400); letter-spacing: var(--go--letter-spacing,normal);\" data-contrast=\"auto\"> <\/span><span style=\"text-align: var(--text-align); background-color: var( --e-global-color-c696dce ); color: var(--go--color--text); font-family: var(--go--font-family); font-size: var(--go--font-size); font-weight: var(--go--font-weight,400); letter-spacing: var(--go--letter-spacing,normal);\" data-contrast=\"auto\"> <\/span><span style=\"text-align: var(--text-align); background-color: var( --e-global-color-c696dce ); color: var(--go--color--text); font-family: var(--go--font-family); font-size: var(--go--font-size); font-weight: var(--go--font-weight,400); letter-spacing: var(--go--letter-spacing,normal);\" data-contrast=\"auto\"> <\/span><span style=\"text-align: var(--text-align); background-color: var( --e-global-color-c696dce ); color: var(--go--color--text); font-family: var(--go--font-family); font-size: var(--go--font-size); font-weight: var(--go--font-weight,400); letter-spacing: var(--go--letter-spacing,normal);\" data-ccp-props=\"{\"134233117\":false,\"134233118\":false,\"201341983\":0,\"335559685\":360,\"335559731\":360,\"335559738\":0,\"335559739\":0,\"335559740\":240}\"> <\/span><\/li><\/ul>\t\t\t\t\t\t\t\t<\/div>\n\t\t\t\t<\/div>\n\t\t\t\t<\/div>\n\t\t<div class=\"elementor-element elementor-element-9e36dee e-con-full e-flex e-con e-child\" data-id=\"9e36dee\" data-element_type=\"container\" data-e-type=\"container\" data-settings=\"{&quot;_ha_eqh_enable&quot;:false}\">\n\t\t\t\t<div class=\"elementor-element elementor-element-7646384 elementor-widget__width-inherit elementor-widget elementor-widget-heading\" data-id=\"7646384\" data-element_type=\"widget\" data-e-type=\"widget\" data-settings=\"{&quot;_animation&quot;:&quot;none&quot;,&quot;_animation_mobile&quot;:&quot;fadeInUp&quot;}\" data-widget_type=\"heading.default\">\n\t\t\t\t<div class=\"elementor-widget-container\">\n\t\t\t\t\t<span class=\"elementor-heading-title elementor-size-default\">COMIT\u00c9 D'\u00c9DUCATION<\/span>\t\t\t\t<\/div>\n\t\t\t\t<\/div>\n\t\t\t\t<div class=\"elementor-element elementor-element-fd1f622 elementor-invisible elementor-widget elementor-widget-text-editor\" data-id=\"fd1f622\" data-element_type=\"widget\" data-e-type=\"widget\" data-settings=\"{&quot;_animation&quot;:&quot;fadeInUp&quot;,&quot;_animation_delay&quot;:50}\" data-widget_type=\"text-editor.default\">\n\t\t\t\t<div class=\"elementor-widget-container\">\n\t\t\t\t\t\t\t\t\t<ul><li><span data-contrast=\"auto\">En mai, le camp FLASH (Litt\u00e9ratie familiale et CAA sur les rives du Huron) s&#8217;est tenu dans le sud-ouest de l&#8217;Ontario au Camp Kintail enti\u00e8rement accessible. Quatre professionnels dynamiques ont dirig\u00e9 et planifi\u00e9 le camp, enseignant les comp\u00e9tences en litt\u00e9ratie et en communication aux personnes qui utilisent la communication augmentative et alternative (CAA), aux c\u00f4t\u00e9s de leurs familles et des travailleurs de soutien. ORSA Canada a de nouveau fourni des fonds pour le 2  <\/span><span data-contrast=\"auto\">e <\/span><span data-contrast=\"auto\">ann\u00e9e, un soutien administratif pour traiter les subventions et les frais des campeurs, ainsi que du temps de liaison et de planification de l&#8217;un de nos membres du conseil d&#8217;administration. Le camp est r\u00e9serv\u00e9 pour fonctionner \u00e0 nouveau en 2025, restez \u00e0 l&#8217;\u00e9coute pour plus de d\u00e9tails. <\/span><span data-contrast=\"auto\">\u202f<\/span><span data-ccp-props=\"{\"201341983\":0,\"335559739\":0,\"335559740\":240}\"> <\/span><\/li><li><span data-contrast=\"auto\">\u202f<\/span><span style=\"font-size: var(--go--font-size); text-align: var(--text-align); background-color: var( --e-global-color-c696dce ); color: var(--go--color--text); font-family: var(--go--font-family); font-weight: var(--go--font-weight,400); letter-spacing: var(--go--letter-spacing,normal);\" data-contrast=\"auto\">Une conf\u00e9rence pour les soignants, &#8220;Stronger Together&#8221;, s&#8217;est tenue \u00e0 Ottawa les 21 et 22 octobre 2023, parrain\u00e9e par Taysha Gene Therapies, Acadia Pharmaceuticals et Anavex Life Sciences. Ce fut une merveilleuse occasion pour les familles de se r\u00e9unir, d&#8217;apprendre et de parler avec des professionnels de la sant\u00e9 et des leaders de l&#8217;industrie. <\/span><\/li><\/ul>\t\t\t\t\t\t\t\t<\/div>\n\t\t\t\t<\/div>\n\t\t\t\t<\/div>\n\t\t<div class=\"elementor-element elementor-element-99de72d e-con-full e-flex e-con e-child\" data-id=\"99de72d\" data-element_type=\"container\" data-e-type=\"container\" data-settings=\"{&quot;_ha_eqh_enable&quot;:false}\">\n\t\t\t\t<div class=\"elementor-element elementor-element-48f628c elementor-widget__width-inherit elementor-widget elementor-widget-heading\" data-id=\"48f628c\" data-element_type=\"widget\" data-e-type=\"widget\" data-settings=\"{&quot;_animation&quot;:&quot;none&quot;,&quot;_animation_mobile&quot;:&quot;fadeInUp&quot;}\" data-widget_type=\"heading.default\">\n\t\t\t\t<div class=\"elementor-widget-container\">\n\t\t\t\t\t<span class=\"elementor-heading-title elementor-size-default\">COMIT\u00c9 SCIENTIFIQUE<\/span>\t\t\t\t<\/div>\n\t\t\t\t<\/div>\n\t\t\t\t<div class=\"elementor-element elementor-element-6191376 elementor-invisible elementor-widget elementor-widget-text-editor\" data-id=\"6191376\" data-element_type=\"widget\" data-e-type=\"widget\" data-settings=\"{&quot;_animation&quot;:&quot;fadeInUp&quot;,&quot;_animation_delay&quot;:50}\" data-widget_type=\"text-editor.default\">\n\t\t\t\t<div class=\"elementor-widget-container\">\n\t\t\t\t\t\t\t\t\t<ul>\n<li>\n<p><span style=\"text-align: var(--text-align); background-color: var( --e-global-color-c696dce ); color: var(--go--color--text); font-family: var(--go--font-family); font-size: var(--go--font-size); font-weight: var(--go--font-weight,400); letter-spacing: var(--go--letter-spacing,normal);\" data-contrast=\"none\">Participation \u00e0 la conf\u00e9rence scientifique IRSF et \u00e0 la conf\u00e9rence Ascend pour les soignants<\/span><span style=\"text-align: var(--text-align); background-color: var( --e-global-color-c696dce ); color: var(--go--color--text); font-family: var(--go--font-family); font-size: var(--go--font-size); font-weight: var(--go--font-weight,400); letter-spacing: var(--go--letter-spacing,normal);\" data-contrast=\"none\"> <\/span><span style=\"text-align: var(--text-align); background-color: var( --e-global-color-c696dce ); color: var(--go--color--text); font-family: var(--go--font-family); font-size: var(--go--font-size); font-weight: var(--go--font-weight,400); letter-spacing: var(--go--letter-spacing,normal);\" data-ccp-props=\"{\"134233117\":false,\"134233118\":false,\"201341983\":0,\"335559685\":360,\"335559731\":0,\"335559738\":0,\"335559739\":0,\"335559740\":240}\">&nbsp;<\/span><\/p>\n<\/li>\n<li>\n<p><span style=\"text-align: var(--text-align); background-color: var( --e-global-color-c696dce ); color: var(--go--color--text); font-family: var(--go--font-family); font-size: var(--go--font-size); font-weight: var(--go--font-weight,400); letter-spacing: var(--go--letter-spacing,normal);\" data-contrast=\"none\">Aider Anavex Life Sciences dans le domaine de la d\u00e9fense des patients<\/span><span style=\"text-align: var(--text-align); background-color: var( --e-global-color-c696dce ); color: var(--go--color--text); font-family: var(--go--font-family); font-size: var(--go--font-size); font-weight: var(--go--font-weight,400); letter-spacing: var(--go--letter-spacing,normal);\" data-contrast=\"none\"> <\/span><\/p>\n<\/li>\n<li>\n<p><span style=\"text-align: var(--text-align); background-color: var( --e-global-color-c696dce ); color: var(--go--color--text); font-family: var(--go--font-family); font-size: var(--go--font-size); font-weight: var(--go--font-weight,400); letter-spacing: var(--go--letter-spacing,normal);\" data-contrast=\"none\">Travailler avec Acadia Pharmaceuticals pour aider \u00e0 fournir des informations sur l&#8217;acc\u00e8s \u00e0 Daybue au Canada<\/span><span style=\"text-align: var(--text-align); background-color: var( --e-global-color-c696dce ); color: var(--go--color--text); font-family: var(--go--font-family); font-size: var(--go--font-size); font-weight: var(--go--font-weight,400); letter-spacing: var(--go--letter-spacing,normal);\" data-contrast=\"none\"> <\/span><span style=\"text-align: var(--text-align); background-color: var( --e-global-color-c696dce ); color: var(--go--color--text); font-family: var(--go--font-family); font-size: var(--go--font-size); font-weight: var(--go--font-weight,400); letter-spacing: var(--go--letter-spacing,normal);\" data-ccp-props=\"{\"134233117\":false,\"134233118\":false,\"201341983\":0,\"335559685\":360,\"335559731\":0,\"335559738\":0,\"335559739\":0,\"335559740\":240}\">&nbsp;<\/span><\/p>\n<\/li>\n<li>\n<p><span style=\"text-align: var(--text-align); background-color: var( --e-global-color-c696dce ); color: var(--go--color--text); font-family: var(--go--font-family); font-size: var(--go--font-size); font-weight: var(--go--font-weight,400); letter-spacing: var(--go--letter-spacing,normal);\" data-contrast=\"none\">Soumettre une demande ACMTS au nom de toutes les associations canadiennes<\/span><span style=\"text-align: var(--text-align); background-color: var( --e-global-color-c696dce ); color: var(--go--color--text); font-family: var(--go--font-family); font-size: var(--go--font-size); font-weight: var(--go--font-weight,400); letter-spacing: var(--go--letter-spacing,normal);\" data-contrast=\"none\"> <\/span><span style=\"text-align: var(--text-align); background-color: var( --e-global-color-c696dce ); color: var(--go--color--text); font-family: var(--go--font-family); font-size: var(--go--font-size); font-weight: var(--go--font-weight,400); letter-spacing: var(--go--letter-spacing,normal);\" data-ccp-props=\"{\"134233117\":false,\"134233118\":false,\"201341983\":0,\"335559685\":360,\"335559731\":0,\"335559738\":0,\"335559739\":0,\"335559740\":240}\">&nbsp;<\/span><\/p>\n<\/li>\n<li>\n<p><span style=\"text-align: var(--text-align); background-color: var( --e-global-color-c696dce ); color: var(--go--color--text); font-family: var(--go--font-family); font-size: var(--go--font-size); font-weight: var(--go--font-weight,400); letter-spacing: var(--go--letter-spacing,normal);\" data-contrast=\"none\">Mettre \u00e0 jour les mesures de s\u00e9curit\u00e9 et l&#8217;acc\u00e8s au Registre canadien du syndrome de Rett<\/span><span style=\"text-align: var(--text-align); background-color: var( --e-global-color-c696dce ); color: var(--go--color--text); font-family: var(--go--font-family); font-size: var(--go--font-size); font-weight: var(--go--font-weight,400); letter-spacing: var(--go--letter-spacing,normal);\" data-contrast=\"none\"> <\/span><\/p>\n<\/li>\n<li>\n<p><span style=\"text-align: var(--text-align); background-color: var( --e-global-color-c696dce ); color: var(--go--color--text); font-family: var(--go--font-family); font-size: var(--go--font-size); font-weight: var(--go--font-weight,400); letter-spacing: var(--go--letter-spacing,normal);\" data-contrast=\"none\">Assistance \u00e0 Taysha Gene Therapies pour l&#8217;activation d&#8217;un programme de th\u00e9rapie g\u00e9nique p\u00e9diatrique \u00e0 Montr\u00e9al<\/span><span style=\"text-align: var(--text-align); background-color: var( --e-global-color-c696dce ); color: var(--go--color--text); font-family: var(--go--font-family); font-size: var(--go--font-size); font-weight: var(--go--font-weight,400); letter-spacing: var(--go--letter-spacing,normal);\" data-contrast=\"none\"> <\/span><\/p>\n<\/li>\n<li>\n<p><span style=\"text-align: var(--text-align); background-color: var( --e-global-color-c696dce ); color: var(--go--color--text); font-family: var(--go--font-family); font-size: var(--go--font-size); font-weight: var(--go--font-weight,400); letter-spacing: var(--go--letter-spacing,normal);\" data-contrast=\"none\">Du fonds d&#8217;espoir pour la recherche, nous avons accord\u00e9 2 grandes subventions totalisant 100 000 $ aux chercheurs canadiens Dr Wright, Dr LeRouex et Dr Rossignol<\/span><span style=\"text-align: var(--text-align); background-color: var( --e-global-color-c696dce ); color: var(--go--color--text); font-family: var(--go--font-family); font-size: var(--go--font-size); font-weight: var(--go--font-weight,400); letter-spacing: var(--go--letter-spacing,normal);\" data-contrast=\"none\"> <\/span><span style=\"text-align: var(--text-align); background-color: var( --e-global-color-c696dce ); color: var(--go--color--text); font-family: var(--go--font-family); font-size: var(--go--font-size); font-weight: var(--go--font-weight,400); letter-spacing: var(--go--letter-spacing,normal);\" data-ccp-props=\"{\"134233117\":false,\"134233118\":false,\"201341983\":0,\"335559685\":360,\"335559731\":0,\"335559738\":0,\"335559739\":0,\"335559740\":240}\">&nbsp;<\/span><\/p>\n<\/li>\n<\/ul>\t\t\t\t\t\t\t\t<\/div>\n\t\t\t\t<\/div>\n\t\t\t\t<\/div>\n\t\t<div class=\"elementor-element elementor-element-ca0282a e-con-full e-flex e-con e-child\" data-id=\"ca0282a\" data-element_type=\"container\" data-e-type=\"container\" data-settings=\"{&quot;_ha_eqh_enable&quot;:false}\">\n\t\t\t\t<div class=\"elementor-element elementor-element-8cdc595 elementor-widget__width-inherit elementor-widget elementor-widget-heading\" data-id=\"8cdc595\" data-element_type=\"widget\" data-e-type=\"widget\" data-settings=\"{&quot;_animation&quot;:&quot;none&quot;,&quot;_animation_mobile&quot;:&quot;fadeInUp&quot;}\" data-widget_type=\"heading.default\">\n\t\t\t\t<div class=\"elementor-widget-container\">\n\t\t\t\t\t<span class=\"elementor-heading-title elementor-size-default\">COMIT\u00c9 DE SENSIBILISATION<\/span>\t\t\t\t<\/div>\n\t\t\t\t<\/div>\n\t\t\t\t<div class=\"elementor-element elementor-element-a48a8fc elementor-invisible elementor-widget elementor-widget-text-editor\" data-id=\"a48a8fc\" data-element_type=\"widget\" data-e-type=\"widget\" data-settings=\"{&quot;_animation&quot;:&quot;fadeInUp&quot;,&quot;_animation_delay&quot;:50}\" data-widget_type=\"text-editor.default\">\n\t\t\t\t<div class=\"elementor-widget-container\">\n\t\t\t\t\t\t\t\t\t<ul><li><p><span style=\"text-align: var(--text-align); background-color: var( --e-global-color-c696dce ); color: var(--go--color--text); font-family: var(--go--font-family); font-size: var(--go--font-size); font-weight: var(--go--font-weight,400); letter-spacing: var(--go--letter-spacing,normal);\" data-contrast=\"auto\">Nomination d&#8217;une nouvelle coordinatrice de sensibilisation, Amy Whittard<\/span><span style=\"text-align: var(--text-align); background-color: var( --e-global-color-c696dce ); color: var(--go--color--text); font-family: var(--go--font-family); font-size: var(--go--font-size); font-weight: var(--go--font-weight,400); letter-spacing: var(--go--letter-spacing,normal);\" data-ccp-props=\"{\"134233117\":false,\"134233118\":false,\"201341983\":0,\"335557856\":16777215,\"335559738\":0,\"335559739\":0,\"335559740\":240}\"> <\/span><\/p><\/li><li><p><span style=\"text-align: var(--text-align); background-color: var( --e-global-color-c696dce ); color: var(--go--color--text); font-family: var(--go--font-family); font-size: var(--go--font-size); font-weight: var(--go--font-weight,400); letter-spacing: var(--go--letter-spacing,normal);\" data-contrast=\"auto\">Poursuite du contact avec les nouvelles familles lorsqu&#8217;elles s&#8217;inscrivent pour une adh\u00e9sion \u00e0 vie<\/span><span style=\"text-align: var(--text-align); background-color: var( --e-global-color-c696dce ); color: var(--go--color--text); font-family: var(--go--font-family); font-size: var(--go--font-size); font-weight: var(--go--font-weight,400); letter-spacing: var(--go--letter-spacing,normal);\" data-ccp-props=\"{\"134233117\":false,\"134233118\":false,\"201341983\":0,\"335557856\":16777215,\"335559685\":360,\"335559731\":0,\"335559738\":0,\"335559739\":0,\"335559740\":240}\"> <\/span><\/p><\/li><li><p><span style=\"text-align: var(--text-align); background-color: var( --e-global-color-c696dce ); color: var(--go--color--text); font-family: var(--go--font-family); font-size: var(--go--font-size); font-weight: var(--go--font-weight,400); letter-spacing: var(--go--letter-spacing,normal);\" data-contrast=\"auto\">R\u00e9ponse \u00e0 environ 20-28 e-mails ainsi qu&#8217;\u00e0 des messages vocaux li\u00e9s \u00e0 de nouvelles familles demandant des informations, et questions de suivi pour les membres existants <\/span><\/p><\/li><\/ul>\t\t\t\t\t\t\t\t<\/div>\n\t\t\t\t<\/div>\n\t\t\t\t<\/div>\n\t\t\t\t<\/div>\n\t\t\t\t\t<\/div>\n\t\t\t\t<\/div>\n\t\t<div class=\"elementor-element elementor-element-be22c93 e-flex e-con-boxed e-con e-parent\" data-id=\"be22c93\" data-element_type=\"container\" data-e-type=\"container\" data-settings=\"{&quot;_ha_eqh_enable&quot;:false}\">\n\t\t\t\t\t<div class=\"e-con-inner\">\n\t\t\t\t<div class=\"elementor-element elementor-element-66bc8f6 elementor-widget elementor-widget-spacer\" data-id=\"66bc8f6\" data-element_type=\"widget\" data-e-type=\"widget\" data-widget_type=\"spacer.default\">\n\t\t\t\t<div class=\"elementor-widget-container\">\n\t\t\t\t\t\t\t<div class=\"elementor-spacer\">\n\t\t\t<div class=\"elementor-spacer-inner\"><\/div>\n\t\t<\/div>\n\t\t\t\t\t\t<\/div>\n\t\t\t\t<\/div>\n\t\t\t\t\t<\/div>\n\t\t\t\t<\/div>\n\t\t\t\t<\/div>\n\t\t","protected":false},"excerpt":{"rendered":"<p>RAPPORTS DES COMIT\u00c9S 2024 RAPPORTS DES COMIT\u00c9S AGA 11 SEPT. 2024 RAPPORT DU PR\u00c9SIDENT 1 ao\u00fbt 2024 Chers membres, L&#8217;\u00e9nergie au sein de notre communaut\u00e9 a \u00e9t\u00e9 incroyablement positive, et je suis continuellement inspir\u00e9e par le soutien ind\u00e9fectible et l&#8217;engagement de chacun d&#8217;entre vous. Ensemble, nous faisons des progr\u00e8s vers un avenir meilleur pour les [&hellip;]<\/p>\n","protected":false},"author":1,"featured_media":0,"parent":0,"menu_order":0,"comment_status":"closed","ping_status":"closed","template":"","meta":{"footnotes":""},"class_list":["post-45569","page","type-page","status-publish","hentry"],"yoast_head":"<!-- This site is optimized with the Yoast SEO plugin v27.0 - https:\/\/yoast.com\/product\/yoast-seo-wordpress\/ -->\n<title>RAPPORTS DES COMIT\u00c9S 2024 - Ontario Rett Syndrome Association<\/title>\n<meta name=\"robots\" content=\"index, follow, max-snippet:-1, max-image-preview:large, max-video-preview:-1\" \/>\n<link rel=\"canonical\" href=\"https:\/\/rett.ca\/fr\/rapports-des-comites-2024\/\" \/>\n<meta property=\"og:locale\" content=\"fr_FR\" \/>\n<meta property=\"og:type\" content=\"article\" \/>\n<meta property=\"og:title\" content=\"RAPPORTS DES COMIT\u00c9S 2024 - Ontario Rett Syndrome Association\" \/>\n<meta property=\"og:description\" content=\"RAPPORTS DES COMIT\u00c9S 2024 RAPPORTS DES COMIT\u00c9S AGA 11 SEPT. 2024 RAPPORT DU PR\u00c9SIDENT 1 ao\u00fbt 2024 Chers membres, L&#8217;\u00e9nergie au sein de notre communaut\u00e9 a \u00e9t\u00e9 incroyablement positive, et je suis continuellement inspir\u00e9e par le soutien ind\u00e9fectible et l&#8217;engagement de chacun d&#8217;entre vous. Ensemble, nous faisons des progr\u00e8s vers un avenir meilleur pour les [&hellip;]\" \/>\n<meta property=\"og:url\" content=\"https:\/\/rett.ca\/fr\/rapports-des-comites-2024\/\" \/>\n<meta property=\"og:site_name\" content=\"Ontario Rett Syndrome Association\" \/>\n<meta property=\"article:publisher\" content=\"https:\/\/www.facebook.com\/OntarioRettSyndromeAssociation\" \/>\n<meta property=\"article:modified_time\" content=\"2025-09-19T01:34:24+00:00\" \/>\n<meta name=\"twitter:card\" content=\"summary_large_image\" \/>\n<meta name=\"twitter:site\" content=\"@OntarioRettSA\" \/>\n<meta name=\"twitter:label1\" content=\"Dur\u00e9e de lecture estim\u00e9e\" \/>\n\t<meta name=\"twitter:data1\" content=\"7 minutes\" \/>\n<script type=\"application\/ld+json\" class=\"yoast-schema-graph\">{\"@context\":\"https:\/\/schema.org\",\"@graph\":[{\"@type\":\"WebPage\",\"@id\":\"https:\/\/rett.ca\/fr\/rapports-des-comites-2024\/\",\"url\":\"https:\/\/rett.ca\/fr\/rapports-des-comites-2024\/\",\"name\":\"RAPPORTS DES COMIT\u00c9S 2024 - Ontario Rett Syndrome Association\",\"isPartOf\":{\"@id\":\"https:\/\/rett.ca\/fr\/#website\"},\"datePublished\":\"2025-02-12T22:55:19+00:00\",\"dateModified\":\"2025-09-19T01:34:24+00:00\",\"breadcrumb\":{\"@id\":\"https:\/\/rett.ca\/fr\/rapports-des-comites-2024\/#breadcrumb\"},\"inLanguage\":\"fr-FR\",\"potentialAction\":[{\"@type\":\"ReadAction\",\"target\":[\"https:\/\/rett.ca\/fr\/rapports-des-comites-2024\/\"]}]},{\"@type\":\"BreadcrumbList\",\"@id\":\"https:\/\/rett.ca\/fr\/rapports-des-comites-2024\/#breadcrumb\",\"itemListElement\":[{\"@type\":\"ListItem\",\"position\":1,\"name\":\"Home\",\"item\":\"https:\/\/rett.ca\/fr\/accueil\/\"},{\"@type\":\"ListItem\",\"position\":2,\"name\":\"RAPPORTS DES COMIT\u00c9S 2024\"}]},{\"@type\":\"WebSite\",\"@id\":\"https:\/\/rett.ca\/fr\/#website\",\"url\":\"https:\/\/rett.ca\/fr\/\",\"name\":\"Ontario Rett Syndrome Association of Canada\",\"description\":\"\",\"publisher\":{\"@id\":\"https:\/\/rett.ca\/fr\/#organization\"},\"potentialAction\":[{\"@type\":\"SearchAction\",\"target\":{\"@type\":\"EntryPoint\",\"urlTemplate\":\"https:\/\/rett.ca\/fr\/?s={search_term_string}\"},\"query-input\":{\"@type\":\"PropertyValueSpecification\",\"valueRequired\":true,\"valueName\":\"search_term_string\"}}],\"inLanguage\":\"fr-FR\"},{\"@type\":\"Organization\",\"@id\":\"https:\/\/rett.ca\/fr\/#organization\",\"name\":\"Ontario Rett Syndrome Association of Canada\",\"url\":\"https:\/\/rett.ca\/fr\/\",\"logo\":{\"@type\":\"ImageObject\",\"inLanguage\":\"fr-FR\",\"@id\":\"https:\/\/rett.ca\/fr\/#\/schema\/logo\/image\/\",\"url\":\"https:\/\/rett.ca\/wp-content\/uploads\/ORSA_35Years_Colour-scaled.png\",\"contentUrl\":\"https:\/\/rett.ca\/wp-content\/uploads\/ORSA_35Years_Colour-scaled.png\",\"width\":2560,\"height\":1340,\"caption\":\"Ontario Rett Syndrome Association of Canada\"},\"image\":{\"@id\":\"https:\/\/rett.ca\/fr\/#\/schema\/logo\/image\/\"},\"sameAs\":[\"https:\/\/www.facebook.com\/OntarioRettSyndromeAssociation\",\"https:\/\/x.com\/OntarioRettSA\",\"https:\/\/www.instagram.com\/ontrettsyndromeassociation\/\",\"https:\/\/www.linkedin.com\/company\/ontario-rett-syndrome-association\",\"http:\/\/www.youtube.com\/@ORSAofficial\"]}]}<\/script>\n<!-- \/ Yoast SEO plugin. -->","yoast_head_json":{"title":"RAPPORTS DES COMIT\u00c9S 2024 - Ontario Rett Syndrome Association","robots":{"index":"index","follow":"follow","max-snippet":"max-snippet:-1","max-image-preview":"max-image-preview:large","max-video-preview":"max-video-preview:-1"},"canonical":"https:\/\/rett.ca\/fr\/rapports-des-comites-2024\/","og_locale":"fr_FR","og_type":"article","og_title":"RAPPORTS DES COMIT\u00c9S 2024 - Ontario Rett Syndrome Association","og_description":"RAPPORTS DES COMIT\u00c9S 2024 RAPPORTS DES COMIT\u00c9S AGA 11 SEPT. 2024 RAPPORT DU PR\u00c9SIDENT 1 ao\u00fbt 2024 Chers membres, L&#8217;\u00e9nergie au sein de notre communaut\u00e9 a \u00e9t\u00e9 incroyablement positive, et je suis continuellement inspir\u00e9e par le soutien ind\u00e9fectible et l&#8217;engagement de chacun d&#8217;entre vous. Ensemble, nous faisons des progr\u00e8s vers un avenir meilleur pour les [&hellip;]","og_url":"https:\/\/rett.ca\/fr\/rapports-des-comites-2024\/","og_site_name":"Ontario Rett Syndrome Association","article_publisher":"https:\/\/www.facebook.com\/OntarioRettSyndromeAssociation","article_modified_time":"2025-09-19T01:34:24+00:00","twitter_card":"summary_large_image","twitter_site":"@OntarioRettSA","twitter_misc":{"Dur\u00e9e de lecture estim\u00e9e":"7 minutes"},"schema":{"@context":"https:\/\/schema.org","@graph":[{"@type":"WebPage","@id":"https:\/\/rett.ca\/fr\/rapports-des-comites-2024\/","url":"https:\/\/rett.ca\/fr\/rapports-des-comites-2024\/","name":"RAPPORTS DES COMIT\u00c9S 2024 - Ontario Rett Syndrome Association","isPartOf":{"@id":"https:\/\/rett.ca\/fr\/#website"},"datePublished":"2025-02-12T22:55:19+00:00","dateModified":"2025-09-19T01:34:24+00:00","breadcrumb":{"@id":"https:\/\/rett.ca\/fr\/rapports-des-comites-2024\/#breadcrumb"},"inLanguage":"fr-FR","potentialAction":[{"@type":"ReadAction","target":["https:\/\/rett.ca\/fr\/rapports-des-comites-2024\/"]}]},{"@type":"BreadcrumbList","@id":"https:\/\/rett.ca\/fr\/rapports-des-comites-2024\/#breadcrumb","itemListElement":[{"@type":"ListItem","position":1,"name":"Home","item":"https:\/\/rett.ca\/fr\/accueil\/"},{"@type":"ListItem","position":2,"name":"RAPPORTS DES COMIT\u00c9S 2024"}]},{"@type":"WebSite","@id":"https:\/\/rett.ca\/fr\/#website","url":"https:\/\/rett.ca\/fr\/","name":"Ontario Rett Syndrome Association of Canada","description":"","publisher":{"@id":"https:\/\/rett.ca\/fr\/#organization"},"potentialAction":[{"@type":"SearchAction","target":{"@type":"EntryPoint","urlTemplate":"https:\/\/rett.ca\/fr\/?s={search_term_string}"},"query-input":{"@type":"PropertyValueSpecification","valueRequired":true,"valueName":"search_term_string"}}],"inLanguage":"fr-FR"},{"@type":"Organization","@id":"https:\/\/rett.ca\/fr\/#organization","name":"Ontario Rett Syndrome Association of Canada","url":"https:\/\/rett.ca\/fr\/","logo":{"@type":"ImageObject","inLanguage":"fr-FR","@id":"https:\/\/rett.ca\/fr\/#\/schema\/logo\/image\/","url":"https:\/\/rett.ca\/wp-content\/uploads\/ORSA_35Years_Colour-scaled.png","contentUrl":"https:\/\/rett.ca\/wp-content\/uploads\/ORSA_35Years_Colour-scaled.png","width":2560,"height":1340,"caption":"Ontario Rett Syndrome Association of Canada"},"image":{"@id":"https:\/\/rett.ca\/fr\/#\/schema\/logo\/image\/"},"sameAs":["https:\/\/www.facebook.com\/OntarioRettSyndromeAssociation","https:\/\/x.com\/OntarioRettSA","https:\/\/www.instagram.com\/ontrettsyndromeassociation\/","https:\/\/www.linkedin.com\/company\/ontario-rett-syndrome-association","http:\/\/www.youtube.com\/@ORSAofficial"]}]}},"jetpack_sharing_enabled":true,"publishpress_future_action":{"enabled":false,"date":"2026-03-16 22:20:04","action":"change-status","newStatus":"draft","terms":[],"taxonomy":"translation_priority","extraData":[]},"publishpress_future_workflow_manual_trigger":{"enabledWorkflows":[]},"_links":{"self":[{"href":"https:\/\/rett.ca\/fr\/wp-json\/wp\/v2\/pages\/45569","targetHints":{"allow":["GET"]}}],"collection":[{"href":"https:\/\/rett.ca\/fr\/wp-json\/wp\/v2\/pages"}],"about":[{"href":"https:\/\/rett.ca\/fr\/wp-json\/wp\/v2\/types\/page"}],"author":[{"embeddable":true,"href":"https:\/\/rett.ca\/fr\/wp-json\/wp\/v2\/users\/1"}],"replies":[{"embeddable":true,"href":"https:\/\/rett.ca\/fr\/wp-json\/wp\/v2\/comments?post=45569"}],"version-history":[{"count":1,"href":"https:\/\/rett.ca\/fr\/wp-json\/wp\/v2\/pages\/45569\/revisions"}],"predecessor-version":[{"id":45570,"href":"https:\/\/rett.ca\/fr\/wp-json\/wp\/v2\/pages\/45569\/revisions\/45570"}],"wp:attachment":[{"href":"https:\/\/rett.ca\/fr\/wp-json\/wp\/v2\/media?parent=45569"}],"curies":[{"name":"wp","href":"https:\/\/api.w.org\/{rel}","templated":true}]}}