{"id":45558,"date":"2025-02-12T18:04:46","date_gmt":"2025-02-12T23:04:46","guid":{"rendered":"https:\/\/rett.ca\/qualite-de-vie\/"},"modified":"2025-09-18T21:34:24","modified_gmt":"2025-09-19T01:34:24","slug":"qualite-de-vie","status":"publish","type":"page","link":"https:\/\/rett.ca\/fr\/qualite-de-vie\/","title":{"rendered":"QUALIT\u00c9 DE VIE"},"content":{"rendered":"\t\t<div data-elementor-type=\"wp-page\" data-elementor-id=\"45558\" class=\"elementor elementor-45558 elementor-15842\" data-elementor-settings=\"{&quot;ha_cmc_init_switcher&quot;:&quot;no&quot;}\" data-elementor-post-type=\"page\">\n\t\t\t\t<div class=\"elementor-element elementor-element-8845065 e-flex e-con-boxed e-con e-parent\" data-id=\"8845065\" data-element_type=\"container\" data-e-type=\"container\" data-settings=\"{&quot;_ha_eqh_enable&quot;:false}\">\n\t\t\t\t\t<div class=\"e-con-inner\">\n\t\t\t\t<div class=\"elementor-element elementor-element-87ba07f elementor-invisible elementor-widget elementor-widget-heading\" data-id=\"87ba07f\" data-element_type=\"widget\" data-e-type=\"widget\" data-settings=\"{&quot;_animation&quot;:&quot;fadeInLeft&quot;}\" data-widget_type=\"heading.default\">\n\t\t\t\t<div class=\"elementor-widget-container\">\n\t\t\t\t\t<span class=\"elementor-heading-title elementor-size-default\">QUALIT\u00c9 DE VIE<\/span>\t\t\t\t<\/div>\n\t\t\t\t<\/div>\n\t\t\t\t\t<\/div>\n\t\t\t\t<\/div>\n\t\t<div class=\"elementor-element elementor-element-77905b2 e-flex e-con-boxed e-con e-parent\" data-id=\"77905b2\" data-element_type=\"container\" data-e-type=\"container\" data-settings=\"{&quot;_ha_eqh_enable&quot;:false}\">\n\t\t\t\t\t<div class=\"e-con-inner\">\n\t\t\t\t<div class=\"elementor-element elementor-element-10d3466 elementor-invisible elementor-widget elementor-widget-heading\" data-id=\"10d3466\" data-element_type=\"widget\" data-e-type=\"widget\" data-settings=\"{&quot;_animation&quot;:&quot;fadeInRight&quot;}\" data-widget_type=\"heading.default\">\n\t\t\t\t<div class=\"elementor-widget-container\">\n\t\t\t\t\t<span class=\"elementor-heading-title elementor-size-default\">R\u00e9pit \/ soutien aux aidants<\/span>\t\t\t\t<\/div>\n\t\t\t\t<\/div>\n\t\t\t\t<div class=\"elementor-element elementor-element-5fe5092 elementor-position-left elementor-vertical-align-middle elementor-invisible elementor-widget elementor-widget-image-box\" data-id=\"5fe5092\" data-element_type=\"widget\" data-e-type=\"widget\" data-settings=\"{&quot;_animation&quot;:&quot;fadeInLeft&quot;,&quot;_animation_delay&quot;:200}\" data-widget_type=\"image-box.default\">\n\t\t\t\t<div class=\"elementor-widget-container\">\n\t\t\t\t\t<div class=\"elementor-image-box-wrapper\"><figure class=\"elementor-image-box-img\"><img fetchpriority=\"high\" decoding=\"async\" width=\"3600\" height=\"1440\" src=\"https:\/\/rett.ca\/wp-content\/uploads\/ON_POS_LOGO_RGB.png\" class=\"attachment-full size-full wp-image-45411\" alt=\"\" srcset=\"https:\/\/rett.ca\/wp-content\/uploads\/ON_POS_LOGO_RGB.png 3600w, https:\/\/rett.ca\/wp-content\/uploads\/ON_POS_LOGO_RGB-300x120.png 300w, https:\/\/rett.ca\/wp-content\/uploads\/ON_POS_LOGO_RGB-1024x410.png 1024w, https:\/\/rett.ca\/wp-content\/uploads\/ON_POS_LOGO_RGB-768x307.png 768w, https:\/\/rett.ca\/wp-content\/uploads\/ON_POS_LOGO_RGB-1536x614.png 1536w, https:\/\/rett.ca\/wp-content\/uploads\/ON_POS_LOGO_RGB-2048x819.png 2048w\" sizes=\"(max-width: 3600px) 100vw, 3600px\" \/><\/figure><div class=\"elementor-image-box-content\"><span class=\"elementor-image-box-title\">Soutien familial et r\u00e9pit pour les enfants et les jeunes ayant des besoins particuliers<\/span><p class=\"elementor-image-box-description\">Informez-vous sur le financement et les programmes destin\u00e9s aux aidants d'un enfant ou d'un jeune ayant des besoins particuliers.<\/p><\/div><\/div>\t\t\t\t<\/div>\n\t\t\t\t<\/div>\n\t\t\t\t<div class=\"elementor-element elementor-element-884e9cc elementor-invisible elementor-widget elementor-widget-heading\" data-id=\"884e9cc\" data-element_type=\"widget\" data-e-type=\"widget\" data-settings=\"{&quot;_animation&quot;:&quot;fadeInRight&quot;}\" data-widget_type=\"heading.default\">\n\t\t\t\t<div class=\"elementor-widget-container\">\n\t\t\t\t\t<span class=\"elementor-heading-title elementor-size-default\">Discussions sur les objectifs de soins<\/span>\t\t\t\t<\/div>\n\t\t\t\t<\/div>\n\t\t\t\t<div class=\"elementor-element elementor-element-80b93f1 elementor-position-left elementor-vertical-align-middle elementor-invisible elementor-widget elementor-widget-image-box\" data-id=\"80b93f1\" data-element_type=\"widget\" data-e-type=\"widget\" data-settings=\"{&quot;_animation&quot;:&quot;fadeInLeft&quot;,&quot;_animation_delay&quot;:200}\" data-widget_type=\"image-box.default\">\n\t\t\t\t<div class=\"elementor-widget-container\">\n\t\t\t\t\t<div class=\"elementor-image-box-wrapper\"><figure class=\"elementor-image-box-img\"><a href=\"https:\/\/publications.aap.org\/pediatrics\/article\/145\/3\/e20192241\/36889\/Toward-an-Understanding-of-Advance-Care-Planning\" tabindex=\"-1\"><img decoding=\"async\" width=\"1340\" height=\"900\" src=\"https:\/\/rett.ca\/wp-content\/uploads\/Pediatrics_Cover29993476-e1741618103754.jpg\" class=\"attachment-full size-full wp-image-45412\" alt=\"\" srcset=\"https:\/\/rett.ca\/wp-content\/uploads\/Pediatrics_Cover29993476-e1741618103754.jpg 1340w, https:\/\/rett.ca\/wp-content\/uploads\/Pediatrics_Cover29993476-e1741618103754-300x201.jpg 300w, https:\/\/rett.ca\/wp-content\/uploads\/Pediatrics_Cover29993476-e1741618103754-1024x688.jpg 1024w, https:\/\/rett.ca\/wp-content\/uploads\/Pediatrics_Cover29993476-e1741618103754-768x516.jpg 768w\" sizes=\"(max-width: 1340px) 100vw, 1340px\" \/><\/a><\/figure><div class=\"elementor-image-box-content\"><p class=\"elementor-image-box-description\">Les enfants ayant des probl\u00e8mes m\u00e9dicaux complexes (EMC) pr\u00e9sentent souvent de multiples conditions limitant leur esp\u00e9rance de vie, sans diagnostic unifiant et avec un pronostic incertain, et sont expos\u00e9s \u00e0 un risque \u00e9lev\u00e9 de morbidit\u00e9 et de mortalit\u00e9. Les conversations sur la planification pr\u00e9alable des soins (PPS) doivent \u00eatre sp\u00e9cifiquement adapt\u00e9es \u00e0 cette population. <\/p><\/div><\/div>\t\t\t\t<\/div>\n\t\t\t\t<\/div>\n\t\t\t\t<div class=\"elementor-element elementor-element-591c01b elementor-invisible elementor-widget elementor-widget-heading\" data-id=\"591c01b\" data-element_type=\"widget\" data-e-type=\"widget\" data-settings=\"{&quot;_animation&quot;:&quot;fadeInRight&quot;}\" data-widget_type=\"heading.default\">\n\t\t\t\t<div class=\"elementor-widget-container\">\n\t\t\t\t\t<span class=\"elementor-heading-title elementor-size-default\">\u00c9quipes de soutien pour les soins avanc\u00e9s\/\u00e9tapes difficiles de la vie<\/span>\t\t\t\t<\/div>\n\t\t\t\t<\/div>\n\t\t\t\t<div class=\"elementor-element elementor-element-6527c03 elementor-position-left elementor-vertical-align-middle elementor-invisible elementor-widget elementor-widget-image-box\" data-id=\"6527c03\" data-element_type=\"widget\" data-e-type=\"widget\" data-settings=\"{&quot;_animation&quot;:&quot;fadeInLeft&quot;,&quot;_animation_delay&quot;:200}\" data-widget_type=\"image-box.default\">\n\t\t\t\t<div class=\"elementor-widget-container\">\n\t\t\t\t\t<div class=\"elementor-image-box-wrapper\"><figure class=\"elementor-image-box-img\"><a href=\"https:\/\/www.cheo.on.ca\/en\/clinics-services-programs\/palliative-care.aspx\" tabindex=\"-1\"><img decoding=\"async\" width=\"200\" height=\"188\" src=\"https:\/\/rett.ca\/wp-content\/uploads\/CHEO_Logo.jpeg\" class=\"attachment-full size-full wp-image-45413\" alt=\"\" \/><\/a><\/figure><div class=\"elementor-image-box-content\"><span class=\"elementor-image-box-title\"><a href=\"https:\/\/www.cheo.on.ca\/en\/clinics-services-programs\/palliative-care.aspx\">Soins palliatifs<\/a><\/span><p class=\"elementor-image-box-description\">Le programme fournit des services de consultation et des services cliniques aux enfants atteints de maladies limitant l'esp\u00e9rance de vie et dont l'\u00e9tat de sant\u00e9 se d\u00e9grade progressivement. L'\u00e9quipe de soins palliatifs travaille en \u00e9troite collaboration avec d'autres services du CHEO et des partenaires communautaires, notamment l'hospice pour enfants Roger Neilson, l'hospice p\u00e9diatrique situ\u00e9 sur le site du CHEO. <\/p><\/div><\/div>\t\t\t\t<\/div>\n\t\t\t\t<\/div>\n\t\t\t\t<div class=\"elementor-element elementor-element-004f53d elementor-position-left elementor-vertical-align-middle elementor-invisible elementor-widget elementor-widget-image-box\" data-id=\"004f53d\" data-element_type=\"widget\" data-e-type=\"widget\" data-settings=\"{&quot;_animation&quot;:&quot;fadeInLeft&quot;,&quot;_animation_delay&quot;:200}\" data-widget_type=\"image-box.default\">\n\t\t\t\t<div class=\"elementor-widget-container\">\n\t\t\t\t\t<div class=\"elementor-image-box-wrapper\"><figure class=\"elementor-image-box-img\"><a href=\"https:\/\/www.hamiltonhealthsciences.ca\/mcmaster-childrens-hospital\/areas-of-care\/services\/quality-of-life-advanced-care-program\/\" tabindex=\"-1\"><img loading=\"lazy\" decoding=\"async\" width=\"211\" height=\"74\" src=\"https:\/\/rett.ca\/wp-content\/uploads\/mcmaster_logo.png\" class=\"attachment-full size-full wp-image-45414\" alt=\"\" \/><\/a><\/figure><div class=\"elementor-image-box-content\"><span class=\"elementor-image-box-title\"><a href=\"https:\/\/www.hamiltonhealthsciences.ca\/mcmaster-childrens-hospital\/areas-of-care\/services\/quality-of-life-advanced-care-program\/\">Programme de qualit\u00e9 de vie et de soins avanc\u00e9s<\/a><\/span><p class=\"elementor-image-box-description\">Le programme de Qualit\u00e9 de Vie et Soins Avanc\u00e9s (QoLA Care) de l'H\u00f4pital pour enfants McMaster s'adresse aux familles touch\u00e9es par des probl\u00e8mes de sant\u00e9 p\u00e9diatriques graves qui affectent la qualit\u00e9 de vie. Les patients peuvent \u00eatre un f\u0153tus, un nourrisson, un enfant, un adolescent ou un jeune adulte. Notre objectif est d'optimiser la qualit\u00e9 de vie de nos patients et de leurs familles, maintenant et \u00e0 l'avenir.  \n<\/p><\/div><\/div>\t\t\t\t<\/div>\n\t\t\t\t<\/div>\n\t\t\t\t<div class=\"elementor-element elementor-element-beac321 elementor-position-left elementor-vertical-align-middle elementor-invisible elementor-widget elementor-widget-image-box\" data-id=\"beac321\" data-element_type=\"widget\" data-e-type=\"widget\" data-settings=\"{&quot;_animation&quot;:&quot;fadeInLeft&quot;,&quot;_animation_delay&quot;:200}\" data-widget_type=\"image-box.default\">\n\t\t\t\t<div class=\"elementor-widget-container\">\n\t\t\t\t\t<div class=\"elementor-image-box-wrapper\"><figure class=\"elementor-image-box-img\"><a href=\"https:\/\/www.sickkids.ca\/en\/care-services\/support-services\/paediatric-advance-care-team\/\" tabindex=\"-1\"><img loading=\"lazy\" decoding=\"async\" width=\"456\" height=\"147\" src=\"https:\/\/rett.ca\/wp-content\/uploads\/The_Hospital_for_Sickkids_Logo.png\" class=\"attachment-full size-full wp-image-45415\" alt=\"\" srcset=\"https:\/\/rett.ca\/wp-content\/uploads\/The_Hospital_for_Sickkids_Logo.png 456w, https:\/\/rett.ca\/wp-content\/uploads\/The_Hospital_for_Sickkids_Logo-300x97.png 300w\" sizes=\"(max-width: 456px) 100vw, 456px\" \/><\/a><\/figure><div class=\"elementor-image-box-content\"><span class=\"elementor-image-box-title\"><a href=\"https:\/\/www.sickkids.ca\/en\/care-services\/support-services\/paediatric-advance-care-team\/\"> \u00c9quipe de soins avanc\u00e9s en p\u00e9diatrie<\/a><\/span><p class=\"elementor-image-box-description\">L'\u00e9quipe de soins avanc\u00e9s en p\u00e9diatrie (PACT) rencontre les enfants et leurs familles lorsqu'un enfant est confront\u00e9 \u00e0 une maladie grave pour fournir une couche suppl\u00e9mentaire de soutien.\n<\/p><\/div><\/div>\t\t\t\t<\/div>\n\t\t\t\t<\/div>\n\t\t\t\t\t<\/div>\n\t\t\t\t<\/div>\n\t\t\t\t<\/div>\n\t\t","protected":false},"excerpt":{"rendered":"<p>QUALIT\u00c9 DE VIE R\u00e9pit \/ soutien aux aidants Soutien familial et r\u00e9pit pour les enfants et les jeunes ayant des besoins particuliers Informez-vous sur le financement et les programmes destin\u00e9s aux aidants d&#8217;un enfant ou d&#8217;un jeune ayant des besoins particuliers. Discussions sur les objectifs de soins Les enfants ayant des probl\u00e8mes m\u00e9dicaux complexes (EMC) [&hellip;]<\/p>\n","protected":false},"author":1,"featured_media":0,"parent":0,"menu_order":0,"comment_status":"closed","ping_status":"closed","template":"","meta":{"footnotes":""},"class_list":["post-45558","page","type-page","status-publish","hentry"],"yoast_head":"<!-- This site is optimized with the Yoast SEO plugin v27.2 - https:\/\/yoast.com\/product\/yoast-seo-wordpress\/ -->\n<title>QUALIT\u00c9 DE VIE - Ontario Rett Syndrome Association<\/title>\n<meta name=\"robots\" content=\"index, follow, max-snippet:-1, max-image-preview:large, max-video-preview:-1\" \/>\n<link rel=\"canonical\" href=\"https:\/\/rett.ca\/fr\/qualite-de-vie\/\" \/>\n<meta property=\"og:locale\" content=\"fr_FR\" \/>\n<meta property=\"og:type\" content=\"article\" \/>\n<meta property=\"og:title\" content=\"QUALIT\u00c9 DE VIE - Ontario Rett Syndrome Association\" \/>\n<meta property=\"og:description\" content=\"QUALIT\u00c9 DE VIE R\u00e9pit \/ soutien aux aidants Soutien familial et r\u00e9pit pour les enfants et les jeunes ayant des besoins particuliers Informez-vous sur le financement et les programmes destin\u00e9s aux aidants d&#8217;un enfant ou d&#8217;un jeune ayant des besoins particuliers. Discussions sur les objectifs de soins Les enfants ayant des probl\u00e8mes m\u00e9dicaux complexes (EMC) [&hellip;]\" \/>\n<meta property=\"og:url\" content=\"https:\/\/rett.ca\/fr\/qualite-de-vie\/\" \/>\n<meta property=\"og:site_name\" content=\"Ontario Rett Syndrome Association\" \/>\n<meta property=\"article:publisher\" content=\"https:\/\/www.facebook.com\/OntarioRettSyndromeAssociation\" \/>\n<meta property=\"article:modified_time\" content=\"2025-09-19T01:34:24+00:00\" \/>\n<meta property=\"og:image\" content=\"https:\/\/rett.ca\/wp-content\/uploads\/ON_POS_LOGO_RGB.png\" \/>\n\t<meta property=\"og:image:width\" content=\"3600\" \/>\n\t<meta property=\"og:image:height\" content=\"1440\" \/>\n\t<meta property=\"og:image:type\" content=\"image\/png\" \/>\n<meta name=\"twitter:card\" content=\"summary_large_image\" \/>\n<meta name=\"twitter:site\" content=\"@OntarioRettSA\" \/>\n<meta name=\"twitter:label1\" content=\"Dur\u00e9e de lecture estim\u00e9e\" \/>\n\t<meta name=\"twitter:data1\" content=\"2 minutes\" \/>\n<script type=\"application\/ld+json\" class=\"yoast-schema-graph\">{\"@context\":\"https:\/\/schema.org\",\"@graph\":[{\"@type\":\"WebPage\",\"@id\":\"https:\/\/rett.ca\/fr\/qualite-de-vie\/\",\"url\":\"https:\/\/rett.ca\/fr\/qualite-de-vie\/\",\"name\":\"QUALIT\u00c9 DE VIE - Ontario Rett Syndrome Association\",\"isPartOf\":{\"@id\":\"https:\/\/rett.ca\/fr\/#website\"},\"primaryImageOfPage\":{\"@id\":\"https:\/\/rett.ca\/fr\/qualite-de-vie\/#primaryimage\"},\"image\":{\"@id\":\"https:\/\/rett.ca\/fr\/qualite-de-vie\/#primaryimage\"},\"thumbnailUrl\":\"https:\/\/rett.ca\/wp-content\/uploads\/ON_POS_LOGO_RGB.png\",\"datePublished\":\"2025-02-12T23:04:46+00:00\",\"dateModified\":\"2025-09-19T01:34:24+00:00\",\"breadcrumb\":{\"@id\":\"https:\/\/rett.ca\/fr\/qualite-de-vie\/#breadcrumb\"},\"inLanguage\":\"fr-FR\",\"potentialAction\":[{\"@type\":\"ReadAction\",\"target\":[\"https:\/\/rett.ca\/fr\/qualite-de-vie\/\"]}]},{\"@type\":\"ImageObject\",\"inLanguage\":\"fr-FR\",\"@id\":\"https:\/\/rett.ca\/fr\/qualite-de-vie\/#primaryimage\",\"url\":\"https:\/\/rett.ca\/wp-content\/uploads\/ON_POS_LOGO_RGB.png\",\"contentUrl\":\"https:\/\/rett.ca\/wp-content\/uploads\/ON_POS_LOGO_RGB.png\"},{\"@type\":\"BreadcrumbList\",\"@id\":\"https:\/\/rett.ca\/fr\/qualite-de-vie\/#breadcrumb\",\"itemListElement\":[{\"@type\":\"ListItem\",\"position\":1,\"name\":\"Home\",\"item\":\"https:\/\/rett.ca\/fr\/accueil\/\"},{\"@type\":\"ListItem\",\"position\":2,\"name\":\"QUALIT\u00c9 DE VIE\"}]},{\"@type\":\"WebSite\",\"@id\":\"https:\/\/rett.ca\/fr\/#website\",\"url\":\"https:\/\/rett.ca\/fr\/\",\"name\":\"Ontario Rett Syndrome Association of Canada\",\"description\":\"\",\"publisher\":{\"@id\":\"https:\/\/rett.ca\/fr\/#organization\"},\"potentialAction\":[{\"@type\":\"SearchAction\",\"target\":{\"@type\":\"EntryPoint\",\"urlTemplate\":\"https:\/\/rett.ca\/fr\/?s={search_term_string}\"},\"query-input\":{\"@type\":\"PropertyValueSpecification\",\"valueRequired\":true,\"valueName\":\"search_term_string\"}}],\"inLanguage\":\"fr-FR\"},{\"@type\":\"Organization\",\"@id\":\"https:\/\/rett.ca\/fr\/#organization\",\"name\":\"Ontario Rett Syndrome Association of Canada\",\"url\":\"https:\/\/rett.ca\/fr\/\",\"logo\":{\"@type\":\"ImageObject\",\"inLanguage\":\"fr-FR\",\"@id\":\"https:\/\/rett.ca\/fr\/#\/schema\/logo\/image\/\",\"url\":\"https:\/\/rett.ca\/wp-content\/uploads\/ORSA_35Years_Colour-scaled.png\",\"contentUrl\":\"https:\/\/rett.ca\/wp-content\/uploads\/ORSA_35Years_Colour-scaled.png\",\"width\":2560,\"height\":1340,\"caption\":\"Ontario Rett Syndrome Association of Canada\"},\"image\":{\"@id\":\"https:\/\/rett.ca\/fr\/#\/schema\/logo\/image\/\"},\"sameAs\":[\"https:\/\/www.facebook.com\/OntarioRettSyndromeAssociation\",\"https:\/\/x.com\/OntarioRettSA\",\"https:\/\/www.instagram.com\/ontrettsyndromeassociation\/\",\"https:\/\/www.linkedin.com\/company\/ontario-rett-syndrome-association\",\"http:\/\/www.youtube.com\/@ORSAofficial\"]}]}<\/script>\n<!-- \/ Yoast SEO plugin. -->","yoast_head_json":{"title":"QUALIT\u00c9 DE VIE - Ontario Rett Syndrome Association","robots":{"index":"index","follow":"follow","max-snippet":"max-snippet:-1","max-image-preview":"max-image-preview:large","max-video-preview":"max-video-preview:-1"},"canonical":"https:\/\/rett.ca\/fr\/qualite-de-vie\/","og_locale":"fr_FR","og_type":"article","og_title":"QUALIT\u00c9 DE VIE - Ontario Rett Syndrome Association","og_description":"QUALIT\u00c9 DE VIE R\u00e9pit \/ soutien aux aidants Soutien familial et r\u00e9pit pour les enfants et les jeunes ayant des besoins particuliers Informez-vous sur le financement et les programmes destin\u00e9s aux aidants d&#8217;un enfant ou d&#8217;un jeune ayant des besoins particuliers. Discussions sur les objectifs de soins Les enfants ayant des probl\u00e8mes m\u00e9dicaux complexes (EMC) [&hellip;]","og_url":"https:\/\/rett.ca\/fr\/qualite-de-vie\/","og_site_name":"Ontario Rett Syndrome Association","article_publisher":"https:\/\/www.facebook.com\/OntarioRettSyndromeAssociation","article_modified_time":"2025-09-19T01:34:24+00:00","og_image":[{"width":3600,"height":1440,"url":"https:\/\/rett.ca\/wp-content\/uploads\/ON_POS_LOGO_RGB.png","type":"image\/png"}],"twitter_card":"summary_large_image","twitter_site":"@OntarioRettSA","twitter_misc":{"Dur\u00e9e de lecture estim\u00e9e":"2 minutes"},"schema":{"@context":"https:\/\/schema.org","@graph":[{"@type":"WebPage","@id":"https:\/\/rett.ca\/fr\/qualite-de-vie\/","url":"https:\/\/rett.ca\/fr\/qualite-de-vie\/","name":"QUALIT\u00c9 DE VIE - Ontario Rett Syndrome Association","isPartOf":{"@id":"https:\/\/rett.ca\/fr\/#website"},"primaryImageOfPage":{"@id":"https:\/\/rett.ca\/fr\/qualite-de-vie\/#primaryimage"},"image":{"@id":"https:\/\/rett.ca\/fr\/qualite-de-vie\/#primaryimage"},"thumbnailUrl":"https:\/\/rett.ca\/wp-content\/uploads\/ON_POS_LOGO_RGB.png","datePublished":"2025-02-12T23:04:46+00:00","dateModified":"2025-09-19T01:34:24+00:00","breadcrumb":{"@id":"https:\/\/rett.ca\/fr\/qualite-de-vie\/#breadcrumb"},"inLanguage":"fr-FR","potentialAction":[{"@type":"ReadAction","target":["https:\/\/rett.ca\/fr\/qualite-de-vie\/"]}]},{"@type":"ImageObject","inLanguage":"fr-FR","@id":"https:\/\/rett.ca\/fr\/qualite-de-vie\/#primaryimage","url":"https:\/\/rett.ca\/wp-content\/uploads\/ON_POS_LOGO_RGB.png","contentUrl":"https:\/\/rett.ca\/wp-content\/uploads\/ON_POS_LOGO_RGB.png"},{"@type":"BreadcrumbList","@id":"https:\/\/rett.ca\/fr\/qualite-de-vie\/#breadcrumb","itemListElement":[{"@type":"ListItem","position":1,"name":"Home","item":"https:\/\/rett.ca\/fr\/accueil\/"},{"@type":"ListItem","position":2,"name":"QUALIT\u00c9 DE VIE"}]},{"@type":"WebSite","@id":"https:\/\/rett.ca\/fr\/#website","url":"https:\/\/rett.ca\/fr\/","name":"Ontario Rett Syndrome Association of Canada","description":"","publisher":{"@id":"https:\/\/rett.ca\/fr\/#organization"},"potentialAction":[{"@type":"SearchAction","target":{"@type":"EntryPoint","urlTemplate":"https:\/\/rett.ca\/fr\/?s={search_term_string}"},"query-input":{"@type":"PropertyValueSpecification","valueRequired":true,"valueName":"search_term_string"}}],"inLanguage":"fr-FR"},{"@type":"Organization","@id":"https:\/\/rett.ca\/fr\/#organization","name":"Ontario Rett Syndrome Association of Canada","url":"https:\/\/rett.ca\/fr\/","logo":{"@type":"ImageObject","inLanguage":"fr-FR","@id":"https:\/\/rett.ca\/fr\/#\/schema\/logo\/image\/","url":"https:\/\/rett.ca\/wp-content\/uploads\/ORSA_35Years_Colour-scaled.png","contentUrl":"https:\/\/rett.ca\/wp-content\/uploads\/ORSA_35Years_Colour-scaled.png","width":2560,"height":1340,"caption":"Ontario Rett Syndrome Association of Canada"},"image":{"@id":"https:\/\/rett.ca\/fr\/#\/schema\/logo\/image\/"},"sameAs":["https:\/\/www.facebook.com\/OntarioRettSyndromeAssociation","https:\/\/x.com\/OntarioRettSA","https:\/\/www.instagram.com\/ontrettsyndromeassociation\/","https:\/\/www.linkedin.com\/company\/ontario-rett-syndrome-association","http:\/\/www.youtube.com\/@ORSAofficial"]}]}},"jetpack_sharing_enabled":true,"publishpress_future_action":{"enabled":false,"date":"2026-05-09 05:07:38","action":"change-status","newStatus":"draft","terms":[],"taxonomy":"translation_priority","extraData":[]},"publishpress_future_workflow_manual_trigger":{"enabledWorkflows":[]},"_links":{"self":[{"href":"https:\/\/rett.ca\/fr\/wp-json\/wp\/v2\/pages\/45558","targetHints":{"allow":["GET"]}}],"collection":[{"href":"https:\/\/rett.ca\/fr\/wp-json\/wp\/v2\/pages"}],"about":[{"href":"https:\/\/rett.ca\/fr\/wp-json\/wp\/v2\/types\/page"}],"author":[{"embeddable":true,"href":"https:\/\/rett.ca\/fr\/wp-json\/wp\/v2\/users\/1"}],"replies":[{"embeddable":true,"href":"https:\/\/rett.ca\/fr\/wp-json\/wp\/v2\/comments?post=45558"}],"version-history":[{"count":1,"href":"https:\/\/rett.ca\/fr\/wp-json\/wp\/v2\/pages\/45558\/revisions"}],"predecessor-version":[{"id":45559,"href":"https:\/\/rett.ca\/fr\/wp-json\/wp\/v2\/pages\/45558\/revisions\/45559"}],"wp:attachment":[{"href":"https:\/\/rett.ca\/fr\/wp-json\/wp\/v2\/media?parent=45558"}],"curies":[{"name":"wp","href":"https:\/\/api.w.org\/{rel}","templated":true}]}}