{"id":45510,"date":"2025-02-21T13:13:51","date_gmt":"2025-02-21T18:13:51","guid":{"rendered":"https:\/\/rett.ca\/sensibilisation-illumination\/"},"modified":"2025-09-18T21:37:00","modified_gmt":"2025-09-19T01:37:00","slug":"sensibilisation-illumination","status":"publish","type":"page","link":"https:\/\/rett.ca\/fr\/sensibilisation-illumination\/","title":{"rendered":"Sensibilisation &#8211; illumination"},"content":{"rendered":"\t\t<div data-elementor-type=\"wp-page\" data-elementor-id=\"45510\" class=\"elementor elementor-45510 elementor-41373\" data-elementor-settings=\"{&quot;ha_cmc_init_switcher&quot;:&quot;no&quot;}\" data-elementor-post-type=\"page\">\n\t\t\t\t<div class=\"elementor-element elementor-element-751f8dd e-flex e-con-boxed e-con e-parent\" data-id=\"751f8dd\" data-element_type=\"container\" data-e-type=\"container\" data-settings=\"{&quot;_ha_eqh_enable&quot;:false}\">\n\t\t\t\t\t<div class=\"e-con-inner\">\n\t\t\t\t<div class=\"elementor-element elementor-element-81dea66 elementor-hidden-mobile elementor-invisible elementor-widget elementor-widget-heading\" data-id=\"81dea66\" data-element_type=\"widget\" data-e-type=\"widget\" data-settings=\"{&quot;_animation&quot;:&quot;fadeInLeft&quot;}\" data-widget_type=\"heading.default\">\n\t\t\t\t<div class=\"elementor-widget-container\">\n\t\t\t\t\t<h1 class=\"elementor-heading-title elementor-size-default\">Illuminer le Canada en violet <\/h1>\t\t\t\t<\/div>\n\t\t\t\t<\/div>\n\t\t\t\t<div class=\"elementor-element elementor-element-aee82da elementor-hidden-desktop elementor-hidden-tablet elementor-invisible elementor-widget elementor-widget-heading\" data-id=\"aee82da\" data-element_type=\"widget\" data-e-type=\"widget\" data-settings=\"{&quot;_animation&quot;:&quot;fadeInLeft&quot;}\" data-widget_type=\"heading.default\">\n\t\t\t\t<div class=\"elementor-widget-container\">\n\t\t\t\t\t<span class=\"elementor-heading-title elementor-size-default\">Illuminer le Canada en violet <\/span>\t\t\t\t<\/div>\n\t\t\t\t<\/div>\n\t\t\t\t\t<\/div>\n\t\t\t\t<\/div>\n\t\t<div class=\"elementor-element elementor-element-cb85b49 e-flex e-con-boxed e-con e-parent\" data-id=\"cb85b49\" data-element_type=\"container\" data-e-type=\"container\" data-settings=\"{&quot;_ha_eqh_enable&quot;:false}\">\n\t\t\t\t\t<div class=\"e-con-inner\">\n\t\t\t\t<div class=\"elementor-element elementor-element-bedad34 elementor-widget elementor-widget-video\" data-id=\"bedad34\" data-element_type=\"widget\" data-e-type=\"widget\" data-settings=\"{&quot;youtube_url&quot;:&quot;https:\\\/\\\/youtu.be\\\/978erbtiuKk&quot;,&quot;video_type&quot;:&quot;youtube&quot;,&quot;controls&quot;:&quot;yes&quot;}\" data-widget_type=\"video.default\">\n\t\t\t\t<div class=\"elementor-widget-container\">\n\t\t\t\t\t\t\t<div class=\"elementor-wrapper elementor-open-inline\">\n\t\t\t<div class=\"elementor-video\"><\/div>\t\t<\/div>\n\t\t\t\t\t\t<\/div>\n\t\t\t\t<\/div>\n\t\t\t\t\t<\/div>\n\t\t\t\t<\/div>\n\t\t<div class=\"elementor-element elementor-element-4ffbf49 e-flex e-con-boxed e-con e-parent\" data-id=\"4ffbf49\" data-element_type=\"container\" data-e-type=\"container\" data-settings=\"{&quot;_ha_eqh_enable&quot;:false}\">\n\t\t\t\t\t<div class=\"e-con-inner\">\n\t\t\t\t<div class=\"elementor-element elementor-element-1713dc4 elementor-widget elementor-widget-spacer\" data-id=\"1713dc4\" data-element_type=\"widget\" data-e-type=\"widget\" data-widget_type=\"spacer.default\">\n\t\t\t\t<div class=\"elementor-widget-container\">\n\t\t\t\t\t\t\t<div class=\"elementor-spacer\">\n\t\t\t<div class=\"elementor-spacer-inner\"><\/div>\n\t\t<\/div>\n\t\t\t\t\t\t<\/div>\n\t\t\t\t<\/div>\n\t\t\t\t\t<\/div>\n\t\t\t\t<\/div>\n\t\t<div class=\"elementor-element elementor-element-176b527 e-flex e-con-boxed e-con e-parent\" data-id=\"176b527\" data-element_type=\"container\" data-e-type=\"container\" data-settings=\"{&quot;_ha_eqh_enable&quot;:false}\">\n\t\t\t\t\t<div class=\"e-con-inner\">\n\t\t\t\t<div class=\"elementor-element elementor-element-bda4d68 elementor-widget elementor-widget-heading\" data-id=\"bda4d68\" data-element_type=\"widget\" data-e-type=\"widget\" data-widget_type=\"heading.default\">\n\t\t\t\t<div class=\"elementor-widget-container\">\n\t\t\t\t\t<h2 class=\"elementor-heading-title elementor-size-default\">Illuminer le Canada en violet<\/h2>\t\t\t\t<\/div>\n\t\t\t\t<\/div>\n\t\t\t\t<div class=\"elementor-element elementor-element-153aeb2 elementor-widget elementor-widget-text-editor\" data-id=\"153aeb2\" data-element_type=\"widget\" data-e-type=\"widget\" data-widget_type=\"text-editor.default\">\n\t\t\t\t<div class=\"elementor-widget-container\">\n\t\t\t\t\t\t\t\t\t<p>Chaque ann\u00e9e, nous travaillons dur pour contacter des lieux et des monuments embl\u00e9matiques \u00e0 travers l&#8217;Ontario afin qu&#8217;ils s&#8217;illuminent en violet pour montrer leur soutien au syndrome de Rett le 29 octobre. Voici une liste de nos emplacements en Ontario.<\/p>\n<p>Nous appr\u00e9cions que notre communaut\u00e9 illumine leurs maisons en violet en solidarit\u00e9 pour la cause. Avec l&#8217;introduction des ampoules LED intelligentes, les gens ont trouv\u00e9 plus facile de changer la couleur lorsque n\u00e9cessaire.<\/p>\n\n\n\nEnvoyez un courriel \u00e0 <a href=\"mailto:info@rett.ca\">info@rett.ca<\/a> si vous souhaitez nous aider \u00e0 obtenir une lettre pour proposer \u00e0 votre ville de s&#8217;illuminer en violet.\t\t\t\t\t\t\t\t<\/div>\n\t\t\t\t<\/div>\n\t\t\t\t\t<\/div>\n\t\t\t\t<\/div>\n\t\t<div class=\"elementor-element elementor-element-073a8f3 e-flex e-con-boxed e-con e-parent\" data-id=\"073a8f3\" data-element_type=\"container\" data-e-type=\"container\" data-settings=\"{&quot;_ha_eqh_enable&quot;:false}\">\n\t\t\t\t\t<div class=\"e-con-inner\">\n\t\t\t\t<div class=\"elementor-element elementor-element-b70f498 elementor-widget elementor-widget-heading\" data-id=\"b70f498\" data-element_type=\"widget\" data-e-type=\"widget\" data-widget_type=\"heading.default\">\n\t\t\t\t<div class=\"elementor-widget-container\">\n\t\t\t\t\t<h2 class=\"elementor-heading-title elementor-size-default\">Emplacements de l'ann\u00e9e en cours<\/h2>\t\t\t\t<\/div>\n\t\t\t\t<\/div>\n\t\t<div class=\"elementor-element elementor-element-6252000 e-con-full e-flex e-con e-child\" data-id=\"6252000\" data-element_type=\"container\" data-e-type=\"container\" data-settings=\"{&quot;_ha_eqh_enable&quot;:false}\">\n\t\t\t\t<div class=\"elementor-element elementor-element-8e4491b e-transform e-transform elementor-widget elementor-widget-text-editor\" data-id=\"8e4491b\" data-element_type=\"widget\" data-e-type=\"widget\" data-settings=\"{&quot;motion_fx_motion_fx_mouse&quot;:&quot;yes&quot;,&quot;_transform_scale_effect_hover&quot;:{&quot;unit&quot;:&quot;px&quot;,&quot;size&quot;:1.5,&quot;sizes&quot;:[]},&quot;_transform_scaleX_effect&quot;:{&quot;unit&quot;:&quot;px&quot;,&quot;size&quot;:&quot;&quot;,&quot;sizes&quot;:[]},&quot;_transform_scaleX_effect_tablet&quot;:{&quot;unit&quot;:&quot;px&quot;,&quot;size&quot;:&quot;&quot;,&quot;sizes&quot;:[]},&quot;_transform_scaleX_effect_mobile&quot;:{&quot;unit&quot;:&quot;px&quot;,&quot;size&quot;:&quot;&quot;,&quot;sizes&quot;:[]},&quot;_transform_scaleY_effect&quot;:{&quot;unit&quot;:&quot;px&quot;,&quot;size&quot;:&quot;&quot;,&quot;sizes&quot;:[]},&quot;_transform_scaleY_effect_tablet&quot;:{&quot;unit&quot;:&quot;px&quot;,&quot;size&quot;:&quot;&quot;,&quot;sizes&quot;:[]},&quot;_transform_scaleY_effect_mobile&quot;:{&quot;unit&quot;:&quot;px&quot;,&quot;size&quot;:&quot;&quot;,&quot;sizes&quot;:[]},&quot;_transform_scale_effect_hover_tablet&quot;:{&quot;unit&quot;:&quot;px&quot;,&quot;size&quot;:&quot;&quot;,&quot;sizes&quot;:[]},&quot;_transform_scale_effect_hover_mobile&quot;:{&quot;unit&quot;:&quot;px&quot;,&quot;size&quot;:&quot;&quot;,&quot;sizes&quot;:[]}}\" data-widget_type=\"text-editor.default\">\n\t\t\t\t<div class=\"elementor-widget-container\">\n\t\t\t\t\t\t\t\t\t<p><a href=\"https:\/\/rett.ca\/fr\/sensibilisation-illumination\/emplacements-dillumination-en-ontario-pour-2025\/\">Emplacements d&#8217;illumination en Ontario pour 2025<\/a><\/p>\t\t\t\t\t\t\t\t<\/div>\n\t\t\t\t<\/div>\n\t\t\t\t<\/div>\n\t\t\t\t\t<\/div>\n\t\t\t\t<\/div>\n\t\t<div class=\"elementor-element elementor-element-44c8572 e-flex e-con-boxed e-con e-parent\" data-id=\"44c8572\" data-element_type=\"container\" data-e-type=\"container\" data-settings=\"{&quot;_ha_eqh_enable&quot;:false}\">\n\t\t\t\t\t<div class=\"e-con-inner\">\n\t\t\t\t<div class=\"elementor-element elementor-element-b691a94 elementor-widget elementor-widget-heading\" data-id=\"b691a94\" data-element_type=\"widget\" data-e-type=\"widget\" data-widget_type=\"heading.default\">\n\t\t\t\t<div class=\"elementor-widget-container\">\n\t\t\t\t\t<h2 class=\"elementor-heading-title elementor-size-default\">Emplacements pass\u00e9s<\/h2>\t\t\t\t<\/div>\n\t\t\t\t<\/div>\n\t\t\t\t<div class=\"elementor-element elementor-element-fc8a2a1 elementor-widget__width-initial elementor-widget elementor-widget-text-editor\" data-id=\"fc8a2a1\" data-element_type=\"widget\" data-e-type=\"widget\" data-widget_type=\"text-editor.default\">\n\t\t\t\t<div class=\"elementor-widget-container\">\n\t\t\t\t\t\t\t\t\t<ul><li><a href=\"https:\/\/rett.ca\/fr\/sensibilisation-illumination\/emplacements-dillumination-en-ontario-en-2024\/\">Emplacements en Ontario pour 2024<\/a><\/li><li><a href=\"https:\/\/rett.ca\/fr\/sensibilisation-illumination\/emplacements-dillumination-en-ontario-2023\/\">Emplacements en Ontario pour 2023<\/a><\/li><li><a href=\"https:\/\/rett.ca\/fr\/sensibilisation-illumination\/emplacements-dillumination-en-ontario-en-2022\/\">Emplacements en Ontario pour 2022<\/a><\/li><li><a href=\"https:\/\/rett.ca\/fr\/sensibilisation-illumination\/lieux-dillumination-en-ontario-en-2021\/\">Emplacements en Ontario pour 2021<\/a><\/li><li><a href=\"https:\/\/rett.ca\/fr\/sensibilisation-illumination\/emplacements-dillumination-en-ontario-en-2020\/\">Emplacements en Ontario pour 2020<\/a><\/li><\/ul>\t\t\t\t\t\t\t\t<\/div>\n\t\t\t\t<\/div>\n\t\t\t\t\t<\/div>\n\t\t\t\t<\/div>\n\t\t\t\t<\/div>\n\t\t","protected":false},"excerpt":{"rendered":"<p>Illuminer le Canada en violet Illuminer le Canada en violet Illuminer le Canada en violet Chaque ann\u00e9e, nous travaillons dur pour contacter des lieux et des monuments embl\u00e9matiques \u00e0 travers l&#8217;Ontario afin qu&#8217;ils s&#8217;illuminent en violet pour montrer leur soutien au syndrome de Rett le 29 octobre. Voici une liste de nos emplacements en Ontario. [&hellip;]<\/p>\n","protected":false},"author":1,"featured_media":0,"parent":0,"menu_order":0,"comment_status":"closed","ping_status":"closed","template":"","meta":{"footnotes":""},"class_list":["post-45510","page","type-page","status-publish","hentry"],"yoast_head":"<!-- This site is optimized with the Yoast SEO plugin v27.2 - https:\/\/yoast.com\/product\/yoast-seo-wordpress\/ -->\n<title>Sensibilisation - illumination - Ontario Rett Syndrome Association<\/title>\n<meta name=\"robots\" content=\"index, follow, max-snippet:-1, max-image-preview:large, max-video-preview:-1\" \/>\n<link rel=\"canonical\" href=\"https:\/\/rett.ca\/fr\/sensibilisation-illumination\/\" \/>\n<meta property=\"og:locale\" content=\"fr_FR\" \/>\n<meta property=\"og:type\" content=\"article\" \/>\n<meta property=\"og:title\" content=\"Sensibilisation - illumination - Ontario Rett Syndrome Association\" \/>\n<meta property=\"og:description\" content=\"Illuminer le Canada en violet Illuminer le Canada en violet Illuminer le Canada en violet Chaque ann\u00e9e, nous travaillons dur pour contacter des lieux et des monuments embl\u00e9matiques \u00e0 travers l&#8217;Ontario afin qu&#8217;ils s&#8217;illuminent en violet pour montrer leur soutien au syndrome de Rett le 29 octobre. Voici une liste de nos emplacements en Ontario. [&hellip;]\" \/>\n<meta property=\"og:url\" content=\"https:\/\/rett.ca\/fr\/sensibilisation-illumination\/\" \/>\n<meta property=\"og:site_name\" content=\"Ontario Rett Syndrome Association\" \/>\n<meta property=\"article:publisher\" content=\"https:\/\/www.facebook.com\/OntarioRettSyndromeAssociation\" \/>\n<meta property=\"article:modified_time\" content=\"2025-09-19T01:37:00+00:00\" \/>\n<meta name=\"twitter:card\" content=\"summary_large_image\" \/>\n<meta name=\"twitter:site\" content=\"@OntarioRettSA\" \/>\n<meta name=\"twitter:label1\" content=\"Dur\u00e9e de lecture estim\u00e9e\" \/>\n\t<meta name=\"twitter:data1\" content=\"1 minute\" \/>\n<script type=\"application\/ld+json\" class=\"yoast-schema-graph\">{\"@context\":\"https:\/\/schema.org\",\"@graph\":[{\"@type\":\"WebPage\",\"@id\":\"https:\/\/rett.ca\/fr\/sensibilisation-illumination\/\",\"url\":\"https:\/\/rett.ca\/fr\/sensibilisation-illumination\/\",\"name\":\"Sensibilisation - illumination - Ontario Rett Syndrome Association\",\"isPartOf\":{\"@id\":\"https:\/\/rett.ca\/fr\/#website\"},\"datePublished\":\"2025-02-21T18:13:51+00:00\",\"dateModified\":\"2025-09-19T01:37:00+00:00\",\"breadcrumb\":{\"@id\":\"https:\/\/rett.ca\/fr\/sensibilisation-illumination\/#breadcrumb\"},\"inLanguage\":\"fr-FR\",\"potentialAction\":[{\"@type\":\"ReadAction\",\"target\":[\"https:\/\/rett.ca\/fr\/sensibilisation-illumination\/\"]}]},{\"@type\":\"BreadcrumbList\",\"@id\":\"https:\/\/rett.ca\/fr\/sensibilisation-illumination\/#breadcrumb\",\"itemListElement\":[{\"@type\":\"ListItem\",\"position\":1,\"name\":\"Home\",\"item\":\"https:\/\/rett.ca\/fr\/accueil\/\"},{\"@type\":\"ListItem\",\"position\":2,\"name\":\"Sensibilisation &#8211; illumination\"}]},{\"@type\":\"WebSite\",\"@id\":\"https:\/\/rett.ca\/fr\/#website\",\"url\":\"https:\/\/rett.ca\/fr\/\",\"name\":\"Ontario Rett Syndrome Association of Canada\",\"description\":\"\",\"publisher\":{\"@id\":\"https:\/\/rett.ca\/fr\/#organization\"},\"potentialAction\":[{\"@type\":\"SearchAction\",\"target\":{\"@type\":\"EntryPoint\",\"urlTemplate\":\"https:\/\/rett.ca\/fr\/?s={search_term_string}\"},\"query-input\":{\"@type\":\"PropertyValueSpecification\",\"valueRequired\":true,\"valueName\":\"search_term_string\"}}],\"inLanguage\":\"fr-FR\"},{\"@type\":\"Organization\",\"@id\":\"https:\/\/rett.ca\/fr\/#organization\",\"name\":\"Ontario Rett Syndrome Association of Canada\",\"url\":\"https:\/\/rett.ca\/fr\/\",\"logo\":{\"@type\":\"ImageObject\",\"inLanguage\":\"fr-FR\",\"@id\":\"https:\/\/rett.ca\/fr\/#\/schema\/logo\/image\/\",\"url\":\"https:\/\/rett.ca\/wp-content\/uploads\/ORSA_35Years_Colour-scaled.png\",\"contentUrl\":\"https:\/\/rett.ca\/wp-content\/uploads\/ORSA_35Years_Colour-scaled.png\",\"width\":2560,\"height\":1340,\"caption\":\"Ontario Rett Syndrome Association of Canada\"},\"image\":{\"@id\":\"https:\/\/rett.ca\/fr\/#\/schema\/logo\/image\/\"},\"sameAs\":[\"https:\/\/www.facebook.com\/OntarioRettSyndromeAssociation\",\"https:\/\/x.com\/OntarioRettSA\",\"https:\/\/www.instagram.com\/ontrettsyndromeassociation\/\",\"https:\/\/www.linkedin.com\/company\/ontario-rett-syndrome-association\",\"http:\/\/www.youtube.com\/@ORSAofficial\"]}]}<\/script>\n<!-- \/ Yoast SEO plugin. -->","yoast_head_json":{"title":"Sensibilisation - illumination - Ontario Rett Syndrome Association","robots":{"index":"index","follow":"follow","max-snippet":"max-snippet:-1","max-image-preview":"max-image-preview:large","max-video-preview":"max-video-preview:-1"},"canonical":"https:\/\/rett.ca\/fr\/sensibilisation-illumination\/","og_locale":"fr_FR","og_type":"article","og_title":"Sensibilisation - illumination - Ontario Rett Syndrome Association","og_description":"Illuminer le Canada en violet Illuminer le Canada en violet Illuminer le Canada en violet Chaque ann\u00e9e, nous travaillons dur pour contacter des lieux et des monuments embl\u00e9matiques \u00e0 travers l&#8217;Ontario afin qu&#8217;ils s&#8217;illuminent en violet pour montrer leur soutien au syndrome de Rett le 29 octobre. Voici une liste de nos emplacements en Ontario. [&hellip;]","og_url":"https:\/\/rett.ca\/fr\/sensibilisation-illumination\/","og_site_name":"Ontario Rett Syndrome Association","article_publisher":"https:\/\/www.facebook.com\/OntarioRettSyndromeAssociation","article_modified_time":"2025-09-19T01:37:00+00:00","twitter_card":"summary_large_image","twitter_site":"@OntarioRettSA","twitter_misc":{"Dur\u00e9e de lecture estim\u00e9e":"1 minute"},"schema":{"@context":"https:\/\/schema.org","@graph":[{"@type":"WebPage","@id":"https:\/\/rett.ca\/fr\/sensibilisation-illumination\/","url":"https:\/\/rett.ca\/fr\/sensibilisation-illumination\/","name":"Sensibilisation - illumination - Ontario Rett Syndrome Association","isPartOf":{"@id":"https:\/\/rett.ca\/fr\/#website"},"datePublished":"2025-02-21T18:13:51+00:00","dateModified":"2025-09-19T01:37:00+00:00","breadcrumb":{"@id":"https:\/\/rett.ca\/fr\/sensibilisation-illumination\/#breadcrumb"},"inLanguage":"fr-FR","potentialAction":[{"@type":"ReadAction","target":["https:\/\/rett.ca\/fr\/sensibilisation-illumination\/"]}]},{"@type":"BreadcrumbList","@id":"https:\/\/rett.ca\/fr\/sensibilisation-illumination\/#breadcrumb","itemListElement":[{"@type":"ListItem","position":1,"name":"Home","item":"https:\/\/rett.ca\/fr\/accueil\/"},{"@type":"ListItem","position":2,"name":"Sensibilisation &#8211; illumination"}]},{"@type":"WebSite","@id":"https:\/\/rett.ca\/fr\/#website","url":"https:\/\/rett.ca\/fr\/","name":"Ontario Rett Syndrome Association of Canada","description":"","publisher":{"@id":"https:\/\/rett.ca\/fr\/#organization"},"potentialAction":[{"@type":"SearchAction","target":{"@type":"EntryPoint","urlTemplate":"https:\/\/rett.ca\/fr\/?s={search_term_string}"},"query-input":{"@type":"PropertyValueSpecification","valueRequired":true,"valueName":"search_term_string"}}],"inLanguage":"fr-FR"},{"@type":"Organization","@id":"https:\/\/rett.ca\/fr\/#organization","name":"Ontario Rett Syndrome Association of Canada","url":"https:\/\/rett.ca\/fr\/","logo":{"@type":"ImageObject","inLanguage":"fr-FR","@id":"https:\/\/rett.ca\/fr\/#\/schema\/logo\/image\/","url":"https:\/\/rett.ca\/wp-content\/uploads\/ORSA_35Years_Colour-scaled.png","contentUrl":"https:\/\/rett.ca\/wp-content\/uploads\/ORSA_35Years_Colour-scaled.png","width":2560,"height":1340,"caption":"Ontario Rett Syndrome Association of Canada"},"image":{"@id":"https:\/\/rett.ca\/fr\/#\/schema\/logo\/image\/"},"sameAs":["https:\/\/www.facebook.com\/OntarioRettSyndromeAssociation","https:\/\/x.com\/OntarioRettSA","https:\/\/www.instagram.com\/ontrettsyndromeassociation\/","https:\/\/www.linkedin.com\/company\/ontario-rett-syndrome-association","http:\/\/www.youtube.com\/@ORSAofficial"]}]}},"jetpack_sharing_enabled":true,"publishpress_future_action":{"enabled":false,"date":"2026-05-07 06:50:09","action":"change-status","newStatus":"draft","terms":[],"taxonomy":"translation_priority","extraData":[]},"publishpress_future_workflow_manual_trigger":{"enabledWorkflows":[]},"_links":{"self":[{"href":"https:\/\/rett.ca\/fr\/wp-json\/wp\/v2\/pages\/45510","targetHints":{"allow":["GET"]}}],"collection":[{"href":"https:\/\/rett.ca\/fr\/wp-json\/wp\/v2\/pages"}],"about":[{"href":"https:\/\/rett.ca\/fr\/wp-json\/wp\/v2\/types\/page"}],"author":[{"embeddable":true,"href":"https:\/\/rett.ca\/fr\/wp-json\/wp\/v2\/users\/1"}],"replies":[{"embeddable":true,"href":"https:\/\/rett.ca\/fr\/wp-json\/wp\/v2\/comments?post=45510"}],"version-history":[{"count":5,"href":"https:\/\/rett.ca\/fr\/wp-json\/wp\/v2\/pages\/45510\/revisions"}],"predecessor-version":[{"id":45721,"href":"https:\/\/rett.ca\/fr\/wp-json\/wp\/v2\/pages\/45510\/revisions\/45721"}],"wp:attachment":[{"href":"https:\/\/rett.ca\/fr\/wp-json\/wp\/v2\/media?parent=45510"}],"curies":[{"name":"wp","href":"https:\/\/api.w.org\/{rel}","templated":true}]}}